{"id":742,"date":"2024-10-24T19:20:48","date_gmt":"2024-10-24T19:20:48","guid":{"rendered":"https:\/\/lafabriek.fr\/?page_id=742"},"modified":"2026-02-27T16:19:55","modified_gmt":"2026-02-27T16:19:55","slug":"patisserie-workshops","status":"publish","type":"page","link":"https:\/\/lafabriek.fr\/nl\/patisserie-workshops\/","title":{"rendered":"Patisserie workshops"},"content":{"rendered":"\n<div class=\"wp-block-columns alignwide is-layout-flex wp-container-core-columns-is-layout-e96ea5bf wp-block-columns-is-layout-flex\" style=\"padding-top:0;padding-right:0;padding-bottom:0;padding-left:0\">\n<div class=\"wp-block-column is-vertically-aligned-center is-layout-flow wp-block-column-is-layout-flow\" style=\"padding-top:var(--wp--preset--spacing--20);padding-right:var(--wp--preset--spacing--30);padding-bottom:var(--wp--preset--spacing--20);padding-left:var(--wp--preset--spacing--30);flex-basis:50%\">\n<figure class=\"wp-block-image aligncenter size-full is-resized has-custom-border\"><img loading=\"lazy\" decoding=\"async\" width=\"1000\" height=\"1000\" src=\"https:\/\/lafabriek.fr\/wp-content\/uploads\/2024\/10\/LaFabriek-Atelier-patisserie.jpg\" alt=\"\" class=\"wp-image-439\" style=\"border-radius:10px;width:364px;height:auto\" srcset=\"https:\/\/lafabriek.fr\/wp-content\/uploads\/2024\/10\/LaFabriek-Atelier-patisserie.jpg 1000w, https:\/\/lafabriek.fr\/wp-content\/uploads\/2024\/10\/LaFabriek-Atelier-patisserie-300x300.jpg 300w, https:\/\/lafabriek.fr\/wp-content\/uploads\/2024\/10\/LaFabriek-Atelier-patisserie-150x150.jpg 150w, https:\/\/lafabriek.fr\/wp-content\/uploads\/2024\/10\/LaFabriek-Atelier-patisserie-768x768.jpg 768w\" sizes=\"auto, (max-width: 1000px) 100vw, 1000px\" \/><\/figure>\n<\/div>\n\n\n\n<div class=\"wp-block-column is-vertically-aligned-center is-layout-flow wp-block-column-is-layout-flow\" style=\"flex-basis:50%\">\n<p>Zin om te leren hoe je taarten bakt als een professional? Of ben je op zoek naar een eerste kennismaking met de klassieke Franse patisserie?&nbsp;<br><br>Kom en ontdek tijdens onze patisserie workshops hoe je heerlijke macarons, \u00e9clairs, taarten, millefeuilles, madeleines, de beste cookies, &#8230; maakt.<br><br>Tijdens de praktische workshop&nbsp;<strong>maak je de recepten zelf<\/strong>. Je kan&nbsp;<strong>kiezen uit het aanbod van workshops of ons doorgeven wat je graag zou willen leren<\/strong>. Neem contact met ons op voor meer informatie of om een workshop te boeken.<\/p>\n<\/div>\n<\/div>\n\n\n\n<div class=\"wp-block-group alignfull has-background has-global-padding is-layout-constrained wp-block-group-is-layout-constrained\" style=\"background-color:#e2e7f1\">\n<div class=\"wp-block-group alignwide has-background has-global-padding is-content-justification-left is-layout-constrained wp-container-core-group-is-layout-6c41aec3 wp-block-group-is-layout-constrained\" style=\"background-color:#e2e7f1;margin-top:var(--wp--preset--spacing--50);margin-bottom:var(--wp--preset--spacing--50);padding-top:var(--wp--preset--spacing--50);padding-bottom:var(--wp--preset--spacing--50)\">\n<h2 class=\"wp-block-heading\">Enkele voorbeelden van onze patisserie workshops <\/h2>\n\n\n\n<div class=\"wp-block-group alignwide is-layout-grid wp-container-core-group-is-layout-ff3d376b wp-block-group-is-layout-grid\">\n<div class=\"wp-block-group has-global-padding is-layout-constrained wp-container-core-group-is-layout-5a30f31b wp-block-group-is-layout-constrained\">\n<figure class=\"wp-block-image size-full has-custom-border\"><img loading=\"lazy\" decoding=\"async\" width=\"1000\" height=\"1000\" src=\"https:\/\/lafabriek.fr\/wp-content\/uploads\/2024\/10\/LaFabriek-Atelier-patisserie-tarte-tartelettes.jpg\" alt=\"\" class=\"wp-image-426\" style=\"border-style:none;border-width:0px;border-radius:10px\" srcset=\"https:\/\/lafabriek.fr\/wp-content\/uploads\/2024\/10\/LaFabriek-Atelier-patisserie-tarte-tartelettes.jpg 1000w, https:\/\/lafabriek.fr\/wp-content\/uploads\/2024\/10\/LaFabriek-Atelier-patisserie-tarte-tartelettes-300x300.jpg 300w, https:\/\/lafabriek.fr\/wp-content\/uploads\/2024\/10\/LaFabriek-Atelier-patisserie-tarte-tartelettes-150x150.jpg 150w, https:\/\/lafabriek.fr\/wp-content\/uploads\/2024\/10\/LaFabriek-Atelier-patisserie-tarte-tartelettes-768x768.jpg 768w\" sizes=\"auto, (max-width: 1000px) 100vw, 1000px\" \/><\/figure>\n\n\n\n<h3 class=\"wp-block-heading has-text-align-center\">Taarten &amp; taartjes<\/h3>\n\n\n\n<p class=\"has-text-align-center\">Een lekker zoet taartje met room en seizoensfruit van onze lokale producenten.<br><br><\/p>\n\n\n\n<p class=\"has-text-align-center\"><br><strong>Prijs: 55\u20ac (incl. btw) per persoon<\/strong><\/p>\n<\/div>\n\n\n\n<div class=\"wp-block-group has-global-padding is-layout-constrained wp-container-core-group-is-layout-5a30f31b wp-block-group-is-layout-constrained\">\n<figure class=\"wp-block-image size-full has-custom-border\"><img loading=\"lazy\" decoding=\"async\" width=\"1000\" height=\"1000\" src=\"https:\/\/lafabriek.fr\/wp-content\/uploads\/2025\/01\/fabriek-macarons-1.png\" alt=\"\" class=\"wp-image-891\" style=\"border-radius:10px\" srcset=\"https:\/\/lafabriek.fr\/wp-content\/uploads\/2025\/01\/fabriek-macarons-1.png 1000w, https:\/\/lafabriek.fr\/wp-content\/uploads\/2025\/01\/fabriek-macarons-1-300x300.png 300w, https:\/\/lafabriek.fr\/wp-content\/uploads\/2025\/01\/fabriek-macarons-1-150x150.png 150w, https:\/\/lafabriek.fr\/wp-content\/uploads\/2025\/01\/fabriek-macarons-1-768x768.png 768w\" sizes=\"auto, (max-width: 1000px) 100vw, 1000px\" \/><\/figure>\n\n\n\n<h3 class=\"wp-block-heading has-text-align-center\">Macarons<\/h3>\n\n\n\n<p class=\"has-text-align-center\">Krokante meringue koekjes aan de buitenkant een lekkere amandelsmaak en gevuld met een romige ganache.<\/p>\n\n\n\n<p class=\"has-text-align-center\"><br><strong>Prijs: 65\u20ac (incl. btw) per persoon<\/strong><\/p>\n<\/div>\n\n\n\n<div class=\"wp-block-group has-global-padding is-layout-constrained wp-container-core-group-is-layout-5a30f31b wp-block-group-is-layout-constrained\">\n<figure class=\"wp-block-image size-full has-custom-border\"><img loading=\"lazy\" decoding=\"async\" width=\"1000\" height=\"1000\" src=\"https:\/\/lafabriek.fr\/wp-content\/uploads\/2025\/01\/fabriek-spritz-1.png\" alt=\"\" class=\"wp-image-895\" style=\"border-radius:10px\" srcset=\"https:\/\/lafabriek.fr\/wp-content\/uploads\/2025\/01\/fabriek-spritz-1.png 1000w, https:\/\/lafabriek.fr\/wp-content\/uploads\/2025\/01\/fabriek-spritz-1-300x300.png 300w, https:\/\/lafabriek.fr\/wp-content\/uploads\/2025\/01\/fabriek-spritz-1-150x150.png 150w, https:\/\/lafabriek.fr\/wp-content\/uploads\/2025\/01\/fabriek-spritz-1-768x768.png 768w\" sizes=\"auto, (max-width: 1000px) 100vw, 1000px\" \/><\/figure>\n\n\n\n<h3 class=\"wp-block-heading has-text-align-center\">Koekjes petits fours &amp; cookies<\/h3>\n\n\n\n<p class=\"has-text-align-center\">Roomboter sprits koeken met amandel, natuur of omhuld met chocolade. Cookies met chocoladedrops of pralin\u00e9 &amp; witte chocolade.<\/p>\n\n\n\n<p class=\"has-text-align-center\"><strong><br>Prijs: 55\u20ac (incl. btw) per persoon <\/strong><\/p>\n<\/div>\n<\/div>\n\n\n\n<div class=\"wp-block-buttons alignwide is-content-justification-center is-layout-flex wp-container-core-buttons-is-layout-a89b3969 wp-block-buttons-is-layout-flex\">\n<div class=\"wp-block-button\"><a class=\"wp-block-button__link has-color-2-color has-light-background-color has-text-color has-background has-link-color has-small-font-size has-custom-font-size wp-element-button\" href=\"mailto:els@lafabriek.fr\">Reserveer een workshop<\/a><\/div>\n<\/div>\n<\/div>\n<\/div>\n\n\n\n<div class=\"wp-block-group has-global-padding is-layout-constrained wp-block-group-is-layout-constrained\">\n<h2 class=\"wp-block-heading\">Praktische informatie<\/h2>\n\n\n\n<p><strong>Hoeveel deelnemers? <\/strong>Minimaal 3 personen, maximaal 6.<br><strong>Hoelang duurt een workshop?<\/strong> Onze workshops duren gemiddeld 2 tot 3 uur.<br><strong>Wanneer vinden de workshops plaats?<\/strong> Wij organiseren deze op aanvraag.<br><strong>Waar gaan de workshops door?<\/strong> De workshops vinden plaats in onze Chambre d&#8217;h\u00f4tes. Het adres: 11 route de Ventenac in Canet (11200). Er is een gratis parking tegenover het huis.<br><strong>Hoeveel kost een workshop?<\/strong> Dat hangt af van het type. De prijs bevat ingredi\u00ebnten, koffie of thee en een paar lekkernijen&#8230;\u00a0<br><strong>Bonus<\/strong>: je gaat naar huis met de recepten en gebakjes die je hebt gemaakt.<br><br><a href=\"https:\/\/www.economie.gouv.fr\/dgccrf\/hygiene-alimentaire-plan-maitrise-sanitaire-prerequis-et-lhaccp#:~:text=La%20m\u00e9thode%20HACCP%20a%20\u00e9t\u00e9,la%20s\u00e9curit\u00e9%20sanitaire%20des%20denr\u00e9es.\" target=\"_blank\" rel=\"noreferrer noopener\">LaFabriek is HACCP gecertificeerd (voedselhygi\u00ebne).<\/a><\/p>\n<\/div>\n","protected":false},"excerpt":{"rendered":"<p>Zin om te leren hoe je taarten bakt als een professional? Of ben je op zoek naar een eerste kennismaking met de klassieke Franse patisserie?&nbsp; Kom en ontdek tijdens onze patisserie workshops hoe je heerlijke macarons, \u00e9clairs, taarten, millefeuilles, madeleines, de beste cookies, &#8230; maakt. Tijdens de praktische workshop&nbsp;maak je de recepten zelf. Je kan&nbsp;kiezen [&hellip;]<\/p>\n","protected":false},"author":1,"featured_media":0,"parent":0,"menu_order":0,"comment_status":"closed","ping_status":"closed","template":"","meta":{"footnotes":""},"class_list":["post-742","page","type-page","status-publish","hentry"],"yoast_head":"<!-- This site is optimized with the Yoast SEO plugin v27.0 - https:\/\/yoast.com\/product\/yoast-seo-wordpress\/ -->\n<title>Patisserie workshops - LaFabriek<\/title>\n<meta name=\"description\" content=\"Wil je taarten leren maken als een echte professional? Kom dan een patisserie workshop volgen bij LaFabriek (Canet d&#039;Aude)!\" \/>\n<meta name=\"robots\" content=\"index, follow, max-snippet:-1, max-image-preview:large, max-video-preview:-1\" \/>\n<link rel=\"canonical\" href=\"https:\/\/lafabriek.fr\/nl\/patisserie-workshops\/\" \/>\n<meta property=\"og:locale\" content=\"nl_NL\" \/>\n<meta property=\"og:type\" content=\"article\" \/>\n<meta property=\"og:title\" content=\"Patisserie workshops - LaFabriek\" \/>\n<meta property=\"og:description\" content=\"Wil je taarten leren maken als een echte professional? Kom dan een patisserie workshop volgen bij LaFabriek (Canet d&#039;Aude)!\" \/>\n<meta property=\"og:url\" content=\"https:\/\/lafabriek.fr\/nl\/patisserie-workshops\/\" \/>\n<meta property=\"og:site_name\" content=\"LaFabriek\" \/>\n<meta property=\"article:publisher\" content=\"https:\/\/www.facebook.com\/LaFabriekCanet\/\" \/>\n<meta property=\"article:modified_time\" content=\"2026-02-27T16:19:55+00:00\" \/>\n<meta property=\"og:image\" content=\"https:\/\/lafabriek.fr\/wp-content\/uploads\/2024\/10\/LaFabriek-Atelier-patisserie.jpg\" \/>\n\t<meta property=\"og:image:width\" content=\"1000\" \/>\n\t<meta property=\"og:image:height\" content=\"1000\" \/>\n\t<meta property=\"og:image:type\" content=\"image\/jpeg\" \/>\n<meta name=\"twitter:card\" content=\"summary_large_image\" \/>\n<meta name=\"twitter:label1\" content=\"Geschatte leestijd\" \/>\n\t<meta name=\"twitter:data1\" content=\"1 minuut\" \/>\n<script type=\"application\/ld+json\" class=\"yoast-schema-graph\">{\"@context\":\"https:\/\/schema.org\",\"@graph\":[{\"@type\":\"WebPage\",\"@id\":\"https:\/\/lafabriek.fr\/nl\/patisserie-workshops\/\",\"url\":\"https:\/\/lafabriek.fr\/nl\/patisserie-workshops\/\",\"name\":\"Patisserie workshops - LaFabriek\",\"isPartOf\":{\"@id\":\"https:\/\/lafabriek.fr\/nl\/#website\"},\"primaryImageOfPage\":{\"@id\":\"https:\/\/lafabriek.fr\/nl\/patisserie-workshops\/#primaryimage\"},\"image\":{\"@id\":\"https:\/\/lafabriek.fr\/nl\/patisserie-workshops\/#primaryimage\"},\"thumbnailUrl\":\"https:\/\/lafabriek.fr\/wp-content\/uploads\/2024\/10\/LaFabriek-Atelier-patisserie.jpg\",\"datePublished\":\"2024-10-24T19:20:48+00:00\",\"dateModified\":\"2026-02-27T16:19:55+00:00\",\"description\":\"Wil je taarten leren maken als een echte professional? Kom dan een patisserie workshop volgen bij LaFabriek (Canet d'Aude)!\",\"breadcrumb\":{\"@id\":\"https:\/\/lafabriek.fr\/nl\/patisserie-workshops\/#breadcrumb\"},\"inLanguage\":\"nl-NL\",\"potentialAction\":[{\"@type\":\"ReadAction\",\"target\":[\"https:\/\/lafabriek.fr\/nl\/patisserie-workshops\/\"]}]},{\"@type\":\"ImageObject\",\"inLanguage\":\"nl-NL\",\"@id\":\"https:\/\/lafabriek.fr\/nl\/patisserie-workshops\/#primaryimage\",\"url\":\"https:\/\/lafabriek.fr\/wp-content\/uploads\/2024\/10\/LaFabriek-Atelier-patisserie.jpg\",\"contentUrl\":\"https:\/\/lafabriek.fr\/wp-content\/uploads\/2024\/10\/LaFabriek-Atelier-patisserie.jpg\"},{\"@type\":\"BreadcrumbList\",\"@id\":\"https:\/\/lafabriek.fr\/nl\/patisserie-workshops\/#breadcrumb\",\"itemListElement\":[{\"@type\":\"ListItem\",\"position\":1,\"name\":\"Accueil\",\"item\":\"https:\/\/lafabriek.fr\/nl\/\"},{\"@type\":\"ListItem\",\"position\":2,\"name\":\"Patisserie workshops\"}]},{\"@type\":\"WebSite\",\"@id\":\"https:\/\/lafabriek.fr\/nl\/#website\",\"url\":\"https:\/\/lafabriek.fr\/nl\/\",\"name\":\"LaFabriek\",\"description\":\"\",\"publisher\":{\"@id\":\"https:\/\/lafabriek.fr\/nl\/#organization\"},\"potentialAction\":[{\"@type\":\"SearchAction\",\"target\":{\"@type\":\"EntryPoint\",\"urlTemplate\":\"https:\/\/lafabriek.fr\/nl\/?s={search_term_string}\"},\"query-input\":{\"@type\":\"PropertyValueSpecification\",\"valueRequired\":true,\"valueName\":\"search_term_string\"}}],\"inLanguage\":\"nl-NL\"},{\"@type\":\"Organization\",\"@id\":\"https:\/\/lafabriek.fr\/nl\/#organization\",\"name\":\"LaFabriek\",\"url\":\"https:\/\/lafabriek.fr\/nl\/\",\"logo\":{\"@type\":\"ImageObject\",\"inLanguage\":\"nl-NL\",\"@id\":\"https:\/\/lafabriek.fr\/nl\/#\/schema\/logo\/image\/\",\"url\":\"https:\/\/lafabriek.fr\/wp-content\/uploads\/2024\/10\/Color-logo-with-background.png\",\"contentUrl\":\"https:\/\/lafabriek.fr\/wp-content\/uploads\/2024\/10\/Color-logo-with-background.png\",\"width\":3180,\"height\":950,\"caption\":\"LaFabriek\"},\"image\":{\"@id\":\"https:\/\/lafabriek.fr\/nl\/#\/schema\/logo\/image\/\"},\"sameAs\":[\"https:\/\/www.facebook.com\/LaFabriekCanet\/\",\"https:\/\/instagram.com\/lafabriek_canet\"]}]}<\/script>\n<!-- \/ Yoast SEO plugin. -->","yoast_head_json":{"title":"Patisserie workshops - LaFabriek","description":"Wil je taarten leren maken als een echte professional? Kom dan een patisserie workshop volgen bij LaFabriek (Canet d'Aude)!","robots":{"index":"index","follow":"follow","max-snippet":"max-snippet:-1","max-image-preview":"max-image-preview:large","max-video-preview":"max-video-preview:-1"},"canonical":"https:\/\/lafabriek.fr\/nl\/patisserie-workshops\/","og_locale":"nl_NL","og_type":"article","og_title":"Patisserie workshops - LaFabriek","og_description":"Wil je taarten leren maken als een echte professional? Kom dan een patisserie workshop volgen bij LaFabriek (Canet d'Aude)!","og_url":"https:\/\/lafabriek.fr\/nl\/patisserie-workshops\/","og_site_name":"LaFabriek","article_publisher":"https:\/\/www.facebook.com\/LaFabriekCanet\/","article_modified_time":"2026-02-27T16:19:55+00:00","og_image":[{"width":1000,"height":1000,"url":"https:\/\/lafabriek.fr\/wp-content\/uploads\/2024\/10\/LaFabriek-Atelier-patisserie.jpg","type":"image\/jpeg"}],"twitter_card":"summary_large_image","twitter_misc":{"Geschatte leestijd":"1 minuut"},"schema":{"@context":"https:\/\/schema.org","@graph":[{"@type":"WebPage","@id":"https:\/\/lafabriek.fr\/nl\/patisserie-workshops\/","url":"https:\/\/lafabriek.fr\/nl\/patisserie-workshops\/","name":"Patisserie workshops - LaFabriek","isPartOf":{"@id":"https:\/\/lafabriek.fr\/nl\/#website"},"primaryImageOfPage":{"@id":"https:\/\/lafabriek.fr\/nl\/patisserie-workshops\/#primaryimage"},"image":{"@id":"https:\/\/lafabriek.fr\/nl\/patisserie-workshops\/#primaryimage"},"thumbnailUrl":"https:\/\/lafabriek.fr\/wp-content\/uploads\/2024\/10\/LaFabriek-Atelier-patisserie.jpg","datePublished":"2024-10-24T19:20:48+00:00","dateModified":"2026-02-27T16:19:55+00:00","description":"Wil je taarten leren maken als een echte professional? Kom dan een patisserie workshop volgen bij LaFabriek (Canet d'Aude)!","breadcrumb":{"@id":"https:\/\/lafabriek.fr\/nl\/patisserie-workshops\/#breadcrumb"},"inLanguage":"nl-NL","potentialAction":[{"@type":"ReadAction","target":["https:\/\/lafabriek.fr\/nl\/patisserie-workshops\/"]}]},{"@type":"ImageObject","inLanguage":"nl-NL","@id":"https:\/\/lafabriek.fr\/nl\/patisserie-workshops\/#primaryimage","url":"https:\/\/lafabriek.fr\/wp-content\/uploads\/2024\/10\/LaFabriek-Atelier-patisserie.jpg","contentUrl":"https:\/\/lafabriek.fr\/wp-content\/uploads\/2024\/10\/LaFabriek-Atelier-patisserie.jpg"},{"@type":"BreadcrumbList","@id":"https:\/\/lafabriek.fr\/nl\/patisserie-workshops\/#breadcrumb","itemListElement":[{"@type":"ListItem","position":1,"name":"Accueil","item":"https:\/\/lafabriek.fr\/nl\/"},{"@type":"ListItem","position":2,"name":"Patisserie workshops"}]},{"@type":"WebSite","@id":"https:\/\/lafabriek.fr\/nl\/#website","url":"https:\/\/lafabriek.fr\/nl\/","name":"LaFabriek","description":"","publisher":{"@id":"https:\/\/lafabriek.fr\/nl\/#organization"},"potentialAction":[{"@type":"SearchAction","target":{"@type":"EntryPoint","urlTemplate":"https:\/\/lafabriek.fr\/nl\/?s={search_term_string}"},"query-input":{"@type":"PropertyValueSpecification","valueRequired":true,"valueName":"search_term_string"}}],"inLanguage":"nl-NL"},{"@type":"Organization","@id":"https:\/\/lafabriek.fr\/nl\/#organization","name":"LaFabriek","url":"https:\/\/lafabriek.fr\/nl\/","logo":{"@type":"ImageObject","inLanguage":"nl-NL","@id":"https:\/\/lafabriek.fr\/nl\/#\/schema\/logo\/image\/","url":"https:\/\/lafabriek.fr\/wp-content\/uploads\/2024\/10\/Color-logo-with-background.png","contentUrl":"https:\/\/lafabriek.fr\/wp-content\/uploads\/2024\/10\/Color-logo-with-background.png","width":3180,"height":950,"caption":"LaFabriek"},"image":{"@id":"https:\/\/lafabriek.fr\/nl\/#\/schema\/logo\/image\/"},"sameAs":["https:\/\/www.facebook.com\/LaFabriekCanet\/","https:\/\/instagram.com\/lafabriek_canet"]}]}},"_links":{"self":[{"href":"https:\/\/lafabriek.fr\/nl\/wp-json\/wp\/v2\/pages\/742","targetHints":{"allow":["GET"]}}],"collection":[{"href":"https:\/\/lafabriek.fr\/nl\/wp-json\/wp\/v2\/pages"}],"about":[{"href":"https:\/\/lafabriek.fr\/nl\/wp-json\/wp\/v2\/types\/page"}],"author":[{"embeddable":true,"href":"https:\/\/lafabriek.fr\/nl\/wp-json\/wp\/v2\/users\/1"}],"replies":[{"embeddable":true,"href":"https:\/\/lafabriek.fr\/nl\/wp-json\/wp\/v2\/comments?post=742"}],"version-history":[{"count":19,"href":"https:\/\/lafabriek.fr\/nl\/wp-json\/wp\/v2\/pages\/742\/revisions"}],"predecessor-version":[{"id":969,"href":"https:\/\/lafabriek.fr\/nl\/wp-json\/wp\/v2\/pages\/742\/revisions\/969"}],"wp:attachment":[{"href":"https:\/\/lafabriek.fr\/nl\/wp-json\/wp\/v2\/media?parent=742"}],"curies":[{"name":"wp","href":"https:\/\/api.w.org\/{rel}","templated":true}]}}