{"id":702,"date":"2024-10-20T18:43:09","date_gmt":"2024-10-20T18:43:09","guid":{"rendered":"https:\/\/lafabriek.fr\/?page_id=702"},"modified":"2024-11-11T13:46:49","modified_gmt":"2024-11-11T13:46:49","slug":"kamers-en-tarieven","status":"publish","type":"page","link":"https:\/\/lafabriek.fr\/nl\/kamers-en-tarieven\/","title":{"rendered":"Kamers en tarieven"},"content":{"rendered":"\n<p class=\"hostinger-ai-description has-medium-font-size\">LaFabriek beschikt over <strong>drie tweepersoonskamers<\/strong> op de eerste verdieping van het huis. We verwelkomen je elk jaar graag in onze chambre d&#8217;h\u00f4tes (B&amp;B) <strong>van 1 april tot 31 oktober.<\/strong><br><br>Je kan onze kamers <strong>voor \u00e9\u00e9n nacht boeken<\/strong>, wij passen geen minimum van 2 nachten toe.<br><br>Op de tweede verdieping is er een open ruimte die gebruikt kan worden als speelkamer voor de kinderen.<\/p>\n\n\n\n<div class=\"wp-block-columns alignwide is-layout-flex wp-container-core-columns-is-layout-28f84493 wp-block-columns-is-layout-flex\">\n<div class=\"wp-block-column is-layout-flow wp-block-column-is-layout-flow\" style=\"flex-basis:100%\">\n<h2 class=\"wp-block-heading hostinger-ai-title has-x-large-font-size\" style=\"margin-bottom:0\">Onze tarieven<\/h2>\n\n\n\n<p class=\"hostinger-ai-description has-medium-font-size\"><mark style=\"background-color:rgba(0, 0, 0, 0);color:#5078aa\" class=\"has-inline-color\"><strong>Voor \u00e9\u00e9n nacht kosten onze kamers \u20ac95 per kamer per nacht, inclusief ontbijt.<\/strong>\u00a0<strong>Voor een verblijf van meer dan \u00e9\u00e9n nacht is de prijs \u20ac85 per kamer per nacht.<\/strong><\/mark><\/p>\n<\/div>\n<\/div>\n\n\n\n<div class=\"wp-block-group alignfull has-global-padding is-layout-constrained wp-block-group-is-layout-constrained\">\n<div class=\"wp-block-columns alignwide is-layout-flex wp-container-core-columns-is-layout-29b3de39 wp-block-columns-is-layout-flex\" style=\"margin-top:0;margin-bottom:0;padding-top:var(--wp--preset--spacing--30);padding-right:0;padding-bottom:var(--wp--preset--spacing--30);padding-left:0\">\n<div class=\"wp-block-column is-layout-flow wp-block-column-is-layout-flow\" style=\"flex-basis:100%\">\n<div class=\"wp-block-group is-horizontal is-content-justification-left is-nowrap is-layout-flex wp-container-core-group-is-layout-e5fbeb3a wp-block-group-is-layout-flex\">\n<h2 class=\"wp-block-heading is-style-default hostinger-ai-title has-custom-color-1-color has-text-color has-link-color has-x-large-font-size wp-elements-190fc3ff90460bf1ca67573ab817684e\" style=\"margin-bottom:0\">Ontdek onze kamers<\/h2>\n<\/div>\n<\/div>\n<\/div>\n\n\n\n<div class=\"wp-block-columns alignwide is-layout-flex wp-container-core-columns-is-layout-a5331a9e wp-block-columns-is-layout-flex\" style=\"padding-top:0;padding-right:0;padding-bottom:0;padding-left:0\">\n<div class=\"wp-block-column is-layout-flow wp-block-column-is-layout-flow\">\n<div class=\"wp-block-group has-global-padding is-layout-constrained wp-container-core-group-is-layout-29a8626f wp-block-group-is-layout-constrained\" style=\"padding-top:0;padding-right:var(--wp--preset--spacing--20);padding-bottom:0;padding-left:var(--wp--preset--spacing--20)\">\n<figure class=\"wp-block-image size-full is-resized has-custom-border hostinger-ai-service-image\"><img loading=\"lazy\" decoding=\"async\" width=\"1408\" height=\"1067\" src=\"https:\/\/lafabriek.fr\/wp-content\/uploads\/2024\/10\/LaFabriek-Chambre-bleue-7.webp\" alt=\"\" class=\"wp-image-64\" style=\"border-radius:8px;width:326px;height:auto\" srcset=\"https:\/\/lafabriek.fr\/wp-content\/uploads\/2024\/10\/LaFabriek-Chambre-bleue-7.webp 1408w, https:\/\/lafabriek.fr\/wp-content\/uploads\/2024\/10\/LaFabriek-Chambre-bleue-7-300x227.webp 300w, https:\/\/lafabriek.fr\/wp-content\/uploads\/2024\/10\/LaFabriek-Chambre-bleue-7-1024x776.webp 1024w, https:\/\/lafabriek.fr\/wp-content\/uploads\/2024\/10\/LaFabriek-Chambre-bleue-7-768x582.webp 768w\" sizes=\"auto, (max-width: 1408px) 100vw, 1408px\" \/><\/figure>\n\n\n\n<p class=\"hostinger-ai-service-description has-black-color has-text-color has-link-color has-medium-font-size wp-elements-7de5a9059e3b188d87a86d99493d64c4\" style=\"margin-top:var(--wp--preset--spacing--40)\"><strong>Chambre bleue<\/strong><br>2 personen &#8211; 16m<sup>2<\/sup> &#8211; Queen size bed<\/p>\n\n\n\n<div class=\"wp-block-buttons alignwide is-content-justification-center is-layout-flex wp-container-core-buttons-is-layout-a89b3969 wp-block-buttons-is-layout-flex\">\n<div class=\"wp-block-button\"><a class=\"wp-block-button__link has-light-color has-color-2-background-color has-text-color has-background has-link-color wp-element-button\" href=\"#bleue\">Ontdek &#8216;la chambre bleue&#8217;<\/a><\/div>\n<\/div>\n<\/div>\n<\/div>\n\n\n\n<div class=\"wp-block-column is-layout-flow wp-block-column-is-layout-flow\">\n<div class=\"wp-block-group wp-container-content-69bc4bdf has-global-padding is-layout-constrained wp-container-core-group-is-layout-c9115f92 wp-block-group-is-layout-constrained\" style=\"padding-right:var(--wp--preset--spacing--20);padding-left:var(--wp--preset--spacing--20)\">\n<figure class=\"wp-block-image size-full has-custom-border hostinger-ai-service-image hostinger-index-1 wp-duotone-unset-1\"><img loading=\"lazy\" decoding=\"async\" width=\"1408\" height=\"1067\" src=\"https:\/\/lafabriek.fr\/wp-content\/uploads\/2024\/10\/LaFabriek-Chambre-verte.webp\" alt=\"\" class=\"wp-image-62\" style=\"border-radius:8px\" srcset=\"https:\/\/lafabriek.fr\/wp-content\/uploads\/2024\/10\/LaFabriek-Chambre-verte.webp 1408w, https:\/\/lafabriek.fr\/wp-content\/uploads\/2024\/10\/LaFabriek-Chambre-verte-300x227.webp 300w, https:\/\/lafabriek.fr\/wp-content\/uploads\/2024\/10\/LaFabriek-Chambre-verte-1024x776.webp 1024w, https:\/\/lafabriek.fr\/wp-content\/uploads\/2024\/10\/LaFabriek-Chambre-verte-768x582.webp 768w\" sizes=\"auto, (max-width: 1408px) 100vw, 1408px\" \/><\/figure>\n\n\n\n<p class=\"hostinger-ai-service-description hostinger-index-1 has-custom-color-1-color has-text-color has-link-color has-medium-font-size wp-elements-29f499a1b6ab92ca1f90ca72e5ea189b\" style=\"margin-top:var(--wp--preset--spacing--40)\"><strong>Chambre verte<\/strong><br>2 personen &#8211; 15m<sup>2<\/sup> &#8211; Queen size bed<\/p>\n\n\n\n<div class=\"wp-block-buttons alignwide is-content-justification-center is-layout-flex wp-container-core-buttons-is-layout-a89b3969 wp-block-buttons-is-layout-flex\">\n<div class=\"wp-block-button has-custom-width wp-block-button__width-75\"><a class=\"wp-block-button__link has-light-color has-dark-background-color has-text-color has-background has-link-color wp-element-button\" href=\"#verte\">Ontdek &#8216;la chambre verte&#8217;<\/a><\/div>\n<\/div>\n<\/div>\n<\/div>\n\n\n\n<div class=\"wp-block-column is-layout-flow wp-block-column-is-layout-flow\">\n<div class=\"wp-block-group has-global-padding is-layout-constrained wp-container-core-group-is-layout-c9115f92 wp-block-group-is-layout-constrained\" style=\"padding-right:var(--wp--preset--spacing--20);padding-left:var(--wp--preset--spacing--20)\">\n<figure class=\"wp-block-image size-full has-custom-border hostinger-ai-service-image hostinger-index-2\"><img loading=\"lazy\" decoding=\"async\" width=\"1408\" height=\"1067\" src=\"https:\/\/lafabriek.fr\/wp-content\/uploads\/2024\/10\/LaFabriek-Chambre-sable.webp\" alt=\"\" class=\"wp-image-63\" style=\"border-radius:8px\" srcset=\"https:\/\/lafabriek.fr\/wp-content\/uploads\/2024\/10\/LaFabriek-Chambre-sable.webp 1408w, https:\/\/lafabriek.fr\/wp-content\/uploads\/2024\/10\/LaFabriek-Chambre-sable-300x227.webp 300w, https:\/\/lafabriek.fr\/wp-content\/uploads\/2024\/10\/LaFabriek-Chambre-sable-1024x776.webp 1024w, https:\/\/lafabriek.fr\/wp-content\/uploads\/2024\/10\/LaFabriek-Chambre-sable-768x582.webp 768w\" sizes=\"auto, (max-width: 1408px) 100vw, 1408px\" \/><\/figure>\n\n\n\n<p class=\"hostinger-ai-service-description hostinger-index-2 has-black-color has-text-color has-link-color has-medium-font-size wp-elements-9409e8da64c64438da6325b811c0ac58\" style=\"margin-top:var(--wp--preset--spacing--40)\"><strong>Chambre sable*<\/strong><br>2 personen &#8211; 15m<sup>2<\/sup> &#8211; Dubbel bed<\/p>\n\n\n\n<div class=\"wp-block-buttons is-content-justification-center is-layout-flex wp-container-core-buttons-is-layout-a89b3969 wp-block-buttons-is-layout-flex\">\n<div class=\"wp-block-button\"><a class=\"wp-block-button__link has-dark-color has-color-1-background-color has-text-color has-background has-link-color wp-element-button\" href=\"#sable\">Ontdek &#8216;la chambre sable&#8217;<\/a><\/div>\n<\/div>\n\n\n\n<p class=\"hostinger-ai-service-description hostinger-index-2 has-black-color has-text-color has-link-color has-small-font-size wp-elements-6ef3f43617765e3fda527f4d4f434f60\" style=\"margin-top:var(--wp--preset--spacing--60)\"><em>*Voor uw comfort wordt de &#8216;chambre sable&#8217;  alleen samen met een van de andere twee kamers aangeboden.<\/em><\/p>\n<\/div>\n<\/div>\n<\/div>\n<\/div>\n\n\n\n<hr class=\"wp-block-separator alignwide has-text-color has-color-3-color has-alpha-channel-opacity has-color-3-background-color has-background is-style-wide\" id=\"bleue\"\/>\n\n\n\n<div class=\"wp-block-columns alignwide is-layout-flex wp-container-core-columns-is-layout-28f84493 wp-block-columns-is-layout-flex\">\n<div class=\"wp-block-column is-layout-flow wp-block-column-is-layout-flow\" style=\"flex-basis:33.33%\">\n<h3 class=\"wp-block-heading\"><strong>Chambre bleue<\/strong><\/h3>\n\n\n\n<ul class=\"wp-block-list\">\n<li>Kamer van 16m<sup>2<\/sup><\/li>\n\n\n\n<li>Queen size bed (160x200cm)<\/li>\n\n\n\n<li>Eigen badkamer met inloopdouche<\/li>\n\n\n\n<li>Silent night ventilator<\/li>\n\n\n\n<li>Wifi <\/li>\n\n\n\n<li>Mogelijkheid om een kinderbed toe te voegen<\/li>\n\n\n\n<li><strong>Ontbijt voor 2 personen<\/strong><\/li>\n<\/ul>\n\n\n\n<div class=\"wp-block-buttons is-content-justification-center is-layout-flex wp-container-core-buttons-is-layout-a89b3969 wp-block-buttons-is-layout-flex\">\n<div class=\"wp-block-button\"><a class=\"wp-block-button__link has-light-color has-color-3-background-color has-text-color has-background has-link-color wp-element-button\" href=\"mailto:els@lafabriek.fr\">Reserveren<\/a><\/div>\n<\/div>\n<\/div>\n\n\n\n<div class=\"wp-block-column is-layout-flow wp-block-column-is-layout-flow\" style=\"flex-basis:66.66%\">\n<figure class=\"wp-block-gallery alignwide has-nested-images columns-2 is-cropped wp-block-gallery-2 is-layout-flex wp-block-gallery-is-layout-flex\">\n<figure class=\"wp-block-image size-large\"><img loading=\"lazy\" decoding=\"async\" width=\"1024\" height=\"776\" data-id=\"64\" src=\"https:\/\/lafabriek.fr\/wp-content\/uploads\/2024\/10\/LaFabriek-Chambre-bleue-7-1024x776.webp\" alt=\"\" class=\"wp-image-64\" srcset=\"https:\/\/lafabriek.fr\/wp-content\/uploads\/2024\/10\/LaFabriek-Chambre-bleue-7-1024x776.webp 1024w, https:\/\/lafabriek.fr\/wp-content\/uploads\/2024\/10\/LaFabriek-Chambre-bleue-7-300x227.webp 300w, https:\/\/lafabriek.fr\/wp-content\/uploads\/2024\/10\/LaFabriek-Chambre-bleue-7-768x582.webp 768w, https:\/\/lafabriek.fr\/wp-content\/uploads\/2024\/10\/LaFabriek-Chambre-bleue-7.webp 1408w\" sizes=\"auto, (max-width: 1024px) 100vw, 1024px\" \/><\/figure>\n\n\n\n<figure class=\"wp-block-image size-large\"><img loading=\"lazy\" decoding=\"async\" width=\"1024\" height=\"780\" data-id=\"37\" src=\"https:\/\/lafabriek.fr\/wp-content\/uploads\/2024\/10\/LaFabriek-Chambre-bleue-3-1024x780.webp\" alt=\"\" class=\"wp-image-37\" srcset=\"https:\/\/lafabriek.fr\/wp-content\/uploads\/2024\/10\/LaFabriek-Chambre-bleue-3-1024x780.webp 1024w, https:\/\/lafabriek.fr\/wp-content\/uploads\/2024\/10\/LaFabriek-Chambre-bleue-3-300x229.webp 300w, https:\/\/lafabriek.fr\/wp-content\/uploads\/2024\/10\/LaFabriek-Chambre-bleue-3-768x585.webp 768w, https:\/\/lafabriek.fr\/wp-content\/uploads\/2024\/10\/LaFabriek-Chambre-bleue-3.webp 1176w\" sizes=\"auto, (max-width: 1024px) 100vw, 1024px\" \/><\/figure>\n\n\n\n<figure class=\"wp-block-image size-large\"><img loading=\"lazy\" decoding=\"async\" width=\"1024\" height=\"780\" data-id=\"38\" src=\"https:\/\/lafabriek.fr\/wp-content\/uploads\/2024\/10\/LaFabriek-Chambre-bleue-2-1024x780.webp\" alt=\"\" class=\"wp-image-38\" srcset=\"https:\/\/lafabriek.fr\/wp-content\/uploads\/2024\/10\/LaFabriek-Chambre-bleue-2-1024x780.webp 1024w, https:\/\/lafabriek.fr\/wp-content\/uploads\/2024\/10\/LaFabriek-Chambre-bleue-2-300x229.webp 300w, https:\/\/lafabriek.fr\/wp-content\/uploads\/2024\/10\/LaFabriek-Chambre-bleue-2-768x585.webp 768w, https:\/\/lafabriek.fr\/wp-content\/uploads\/2024\/10\/LaFabriek-Chambre-bleue-2.webp 1176w\" sizes=\"auto, (max-width: 1024px) 100vw, 1024px\" \/><\/figure>\n\n\n\n<figure class=\"wp-block-image size-large\"><img loading=\"lazy\" decoding=\"async\" width=\"1024\" height=\"780\" data-id=\"36\" src=\"https:\/\/lafabriek.fr\/wp-content\/uploads\/2024\/10\/LaFabriek-Chambre-bleue-4-1024x780.webp\" alt=\"\" class=\"wp-image-36\" srcset=\"https:\/\/lafabriek.fr\/wp-content\/uploads\/2024\/10\/LaFabriek-Chambre-bleue-4-1024x780.webp 1024w, https:\/\/lafabriek.fr\/wp-content\/uploads\/2024\/10\/LaFabriek-Chambre-bleue-4-300x229.webp 300w, https:\/\/lafabriek.fr\/wp-content\/uploads\/2024\/10\/LaFabriek-Chambre-bleue-4-768x585.webp 768w, https:\/\/lafabriek.fr\/wp-content\/uploads\/2024\/10\/LaFabriek-Chambre-bleue-4.webp 1176w\" sizes=\"auto, (max-width: 1024px) 100vw, 1024px\" \/><\/figure>\n<\/figure>\n<\/div>\n<\/div>\n\n\n\n<hr class=\"wp-block-separator alignwide has-text-color has-color-3-color has-alpha-channel-opacity has-color-3-background-color has-background is-style-wide\" id=\"verte\"\/>\n\n\n\n<div class=\"wp-block-columns alignwide is-layout-flex wp-container-core-columns-is-layout-28f84493 wp-block-columns-is-layout-flex\">\n<div class=\"wp-block-column is-layout-flow wp-block-column-is-layout-flow\" style=\"flex-basis:66.66%\">\n<figure class=\"wp-block-gallery alignwide has-nested-images columns-3 is-cropped wp-block-gallery-3 is-layout-flex wp-block-gallery-is-layout-flex\">\n<figure class=\"wp-block-image size-large\"><img loading=\"lazy\" decoding=\"async\" width=\"1024\" height=\"776\" data-id=\"82\" src=\"https:\/\/lafabriek.fr\/wp-content\/uploads\/2024\/10\/LaFabriek-Chambre-verte-1024x776.jpg\" alt=\"\" class=\"wp-image-82\" srcset=\"https:\/\/lafabriek.fr\/wp-content\/uploads\/2024\/10\/LaFabriek-Chambre-verte-1024x776.jpg 1024w, https:\/\/lafabriek.fr\/wp-content\/uploads\/2024\/10\/LaFabriek-Chambre-verte-300x227.jpg 300w, https:\/\/lafabriek.fr\/wp-content\/uploads\/2024\/10\/LaFabriek-Chambre-verte-768x582.jpg 768w, https:\/\/lafabriek.fr\/wp-content\/uploads\/2024\/10\/LaFabriek-Chambre-verte.jpg 1408w\" sizes=\"auto, (max-width: 1024px) 100vw, 1024px\" \/><\/figure>\n\n\n\n<figure class=\"wp-block-image size-large\"><img loading=\"lazy\" decoding=\"async\" width=\"768\" height=\"1024\" data-id=\"80\" src=\"https:\/\/lafabriek.fr\/wp-content\/uploads\/2024\/10\/LaFabriek-Chambre-verte-3-1-768x1024.jpg\" alt=\"\" class=\"wp-image-80\" srcset=\"https:\/\/lafabriek.fr\/wp-content\/uploads\/2024\/10\/LaFabriek-Chambre-verte-3-1-768x1024.jpg 768w, https:\/\/lafabriek.fr\/wp-content\/uploads\/2024\/10\/LaFabriek-Chambre-verte-3-1-225x300.jpg 225w, https:\/\/lafabriek.fr\/wp-content\/uploads\/2024\/10\/LaFabriek-Chambre-verte-3-1.jpg 900w\" sizes=\"auto, (max-width: 768px) 100vw, 768px\" \/><\/figure>\n\n\n\n<figure class=\"wp-block-image size-medium\"><img loading=\"lazy\" decoding=\"async\" width=\"300\" height=\"200\" data-id=\"81\" src=\"https:\/\/lafabriek.fr\/wp-content\/uploads\/2024\/10\/LaFabriek-Chambre-verte-2-300x200.jpg\" alt=\"\" class=\"wp-image-81\" srcset=\"https:\/\/lafabriek.fr\/wp-content\/uploads\/2024\/10\/LaFabriek-Chambre-verte-2-300x200.jpg 300w, https:\/\/lafabriek.fr\/wp-content\/uploads\/2024\/10\/LaFabriek-Chambre-verte-2-768x512.jpg 768w, https:\/\/lafabriek.fr\/wp-content\/uploads\/2024\/10\/LaFabriek-Chambre-verte-2.jpg 1000w\" sizes=\"auto, (max-width: 300px) 100vw, 300px\" \/><\/figure>\n<\/figure>\n<\/div>\n\n\n\n<div class=\"wp-block-column is-layout-flow wp-block-column-is-layout-flow\" style=\"flex-basis:33.33%\">\n<h3 class=\"wp-block-heading\"><strong>Chambre verte<\/strong><\/h3>\n\n\n\n<ul class=\"wp-block-list\">\n<li>Kamer van 15m<sup>2<\/sup><\/li>\n\n\n\n<li>Queen size bed (160x200cm)<\/li>\n\n\n\n<li>Badkamer (eigen badkamer op de gelijkvloers of gedeeld met &#8216;la chambre bleue&#8217;)<\/li>\n\n\n\n<li>Silent night ventilator<\/li>\n\n\n\n<li>Wifi <\/li>\n\n\n\n<li>Mogelijkheid om een kinderbed toe te voegen<\/li>\n\n\n\n<li><strong>Ontbijt voor 2 personen<\/strong><\/li>\n<\/ul>\n\n\n\n<div class=\"wp-block-buttons is-content-justification-center is-layout-flex wp-container-core-buttons-is-layout-a89b3969 wp-block-buttons-is-layout-flex\">\n<div class=\"wp-block-button\"><a class=\"wp-block-button__link has-light-color has-color-3-background-color has-text-color has-background has-link-color wp-element-button\" href=\"mailto:els@lafabriek.fr\">Reserveren<\/a><\/div>\n<\/div>\n<\/div>\n<\/div>\n\n\n\n<hr class=\"wp-block-separator alignwide has-text-color has-color-3-color has-alpha-channel-opacity has-color-3-background-color has-background is-style-wide\" id=\"sable\"\/>\n\n\n\n<div class=\"wp-block-columns alignwide is-layout-flex wp-container-core-columns-is-layout-28f84493 wp-block-columns-is-layout-flex\">\n<div class=\"wp-block-column is-layout-flow wp-block-column-is-layout-flow\" style=\"flex-basis:33.33%\">\n<h3 class=\"wp-block-heading\"><strong>Chambre sable<\/strong>*<\/h3>\n\n\n\n<ul class=\"wp-block-list\">\n<li>Kamer van 12m<sup>2<\/sup><\/li>\n\n\n\n<li>Dubbel bed (140x200cm)<\/li>\n\n\n\n<li>Badkamer (eigen badkamer op de gelijkvloers of gedeeld met &#8216;la chambre bleue&#8217;)<\/li>\n\n\n\n<li>Silent night ventilator<\/li>\n\n\n\n<li>Wifi <\/li>\n\n\n\n<li>Mogelijkheid om een kinderbed toe te voegen<\/li>\n\n\n\n<li><strong>Ontbijt voor 2 personen<\/strong><\/li>\n<\/ul>\n\n\n\n<div class=\"wp-block-buttons is-content-justification-center is-layout-flex wp-container-core-buttons-is-layout-a89b3969 wp-block-buttons-is-layout-flex\">\n<div class=\"wp-block-button\"><a class=\"wp-block-button__link has-light-color has-color-3-background-color has-text-color has-background has-link-color wp-element-button\" href=\"mailto:els@lafabriek.fr\">Reserveren<\/a><\/div>\n<\/div>\n\n\n\n<p style=\"font-size:12px\"><em>*Voor uw comfort wordt de &#8216;chambre sable&#8217;  alleen samen met een van de andere twee kamers aangeboden.<\/em><\/p>\n<\/div>\n\n\n\n<div class=\"wp-block-column is-layout-flow wp-block-column-is-layout-flow\" style=\"flex-basis:66.66%\">\n<figure class=\"wp-block-gallery alignwide has-nested-images columns-2 is-cropped wp-block-gallery-4 is-layout-flex wp-block-gallery-is-layout-flex\">\n<figure class=\"wp-block-image size-large\"><img loading=\"lazy\" decoding=\"async\" width=\"1024\" height=\"776\" data-id=\"86\" src=\"https:\/\/lafabriek.fr\/wp-content\/uploads\/2024\/10\/LaFabriek-Chambre-sable-1-1024x776.webp\" alt=\"\" class=\"wp-image-86\" srcset=\"https:\/\/lafabriek.fr\/wp-content\/uploads\/2024\/10\/LaFabriek-Chambre-sable-1-1024x776.webp 1024w, https:\/\/lafabriek.fr\/wp-content\/uploads\/2024\/10\/LaFabriek-Chambre-sable-1-300x227.webp 300w, https:\/\/lafabriek.fr\/wp-content\/uploads\/2024\/10\/LaFabriek-Chambre-sable-1-768x582.webp 768w, https:\/\/lafabriek.fr\/wp-content\/uploads\/2024\/10\/LaFabriek-Chambre-sable-1.webp 1408w\" sizes=\"auto, (max-width: 1024px) 100vw, 1024px\" \/><\/figure>\n\n\n\n<figure class=\"wp-block-image size-large\"><img loading=\"lazy\" decoding=\"async\" width=\"768\" height=\"1024\" data-id=\"84\" src=\"https:\/\/lafabriek.fr\/wp-content\/uploads\/2024\/10\/LaFabriek-Chambre-sable-3-768x1024.webp\" alt=\"\" class=\"wp-image-84\" srcset=\"https:\/\/lafabriek.fr\/wp-content\/uploads\/2024\/10\/LaFabriek-Chambre-sable-3-768x1024.webp 768w, https:\/\/lafabriek.fr\/wp-content\/uploads\/2024\/10\/LaFabriek-Chambre-sable-3-225x300.webp 225w, https:\/\/lafabriek.fr\/wp-content\/uploads\/2024\/10\/LaFabriek-Chambre-sable-3.webp 1041w\" sizes=\"auto, (max-width: 768px) 100vw, 768px\" \/><\/figure>\n\n\n\n<figure class=\"wp-block-image size-large\"><img loading=\"lazy\" decoding=\"async\" width=\"1024\" height=\"683\" data-id=\"85\" src=\"https:\/\/lafabriek.fr\/wp-content\/uploads\/2024\/10\/LaFabriek-Chambre-sable-2-1024x683.webp\" alt=\"\" class=\"wp-image-85\" srcset=\"https:\/\/lafabriek.fr\/wp-content\/uploads\/2024\/10\/LaFabriek-Chambre-sable-2-1024x683.webp 1024w, https:\/\/lafabriek.fr\/wp-content\/uploads\/2024\/10\/LaFabriek-Chambre-sable-2-300x200.webp 300w, https:\/\/lafabriek.fr\/wp-content\/uploads\/2024\/10\/LaFabriek-Chambre-sable-2-768x512.webp 768w, https:\/\/lafabriek.fr\/wp-content\/uploads\/2024\/10\/LaFabriek-Chambre-sable-2-1536x1024.webp 1536w, https:\/\/lafabriek.fr\/wp-content\/uploads\/2024\/10\/LaFabriek-Chambre-sable-2-2048x1365.webp 2048w\" sizes=\"auto, (max-width: 1024px) 100vw, 1024px\" \/><\/figure>\n<\/figure>\n<\/div>\n<\/div>\n\n\n\n<hr class=\"wp-block-separator alignwide has-text-color has-color-3-color has-alpha-channel-opacity has-color-3-background-color has-background is-style-wide\"\/>\n\n\n\n<div class=\"wp-block-group alignwide has-global-padding is-layout-constrained wp-block-group-is-layout-constrained\">\n<div class=\"wp-block-columns alignwide is-layout-flex wp-container-core-columns-is-layout-28f84493 wp-block-columns-is-layout-flex\">\n<div class=\"wp-block-column is-layout-flow wp-block-column-is-layout-flow\">\n<h4 class=\"wp-block-heading\" style=\"font-size:clamp(15.197px, 0.95rem + ((1vw - 3.2px) * 1), 23px);\">Nog niet helemaal overtuigd? Lees hier de reviews van onze gasten. \ud83d\ude09<\/h4>\n<\/div>\n<\/div>\n\n\n\n<div class=\"wp-block-columns alignwide is-layout-flex wp-container-core-columns-is-layout-28f84493 wp-block-columns-is-layout-flex\">\n<div class=\"wp-block-column is-layout-flow wp-block-column-is-layout-flow\"><pre class=\"ti-widget\"><template id=\"trustindex-google-widget-html\"><div class=\" ti-widget  ti-goog ti-disable-font ti-show-rating-text ti-review-text-mode-readmore ti-text-align-left\" data-no-translation=\"true\" data-plugin-version=\"13.2.7\" data-layout-id=\"5\" data-layout-category=\"slider\" data-set-id=\"light-minimal\" data-pid=\"\" data-language=\"fr\" data-close-locale=\"Fermer\" data-review-target-width=\"275\" data-css-version=\"2\" data-reply-by-locale=\"R\u00e9ponse du propri\u00e9taire\" data-only-rating-locale=\"Cet utilisateur a uniquement laiss\u00e9 une \u00e9valuation.\" data-pager-autoplay-timeout=\"6\"> <div class=\"ti-widget-container ti-col-4\"> <div class=\"ti-footer ti-footer-grid source-Google\"> <div class=\"ti-fade-container\"> <div class=\"ti-rating-text\"> <strong class=\"ti-rating ti-rating-large\"> EXCELLENT <\/strong> <\/div> <span class=\"ti-stars star-lg\"><trustindex-image class=\"ti-star\" data-imgurl=\"https:\/\/cdn.trustindex.io\/assets\/platform\/Google\/star\/f.svg\" alt=\"Google\" width=\"17\" height=\"17\" loading=\"lazy\"><\/trustindex-image><trustindex-image class=\"ti-star\" data-imgurl=\"https:\/\/cdn.trustindex.io\/assets\/platform\/Google\/star\/f.svg\" alt=\"Google\" width=\"17\" height=\"17\" loading=\"lazy\"><\/trustindex-image><trustindex-image class=\"ti-star\" data-imgurl=\"https:\/\/cdn.trustindex.io\/assets\/platform\/Google\/star\/f.svg\" alt=\"Google\" width=\"17\" height=\"17\" loading=\"lazy\"><\/trustindex-image><trustindex-image class=\"ti-star\" data-imgurl=\"https:\/\/cdn.trustindex.io\/assets\/platform\/Google\/star\/f.svg\" alt=\"Google\" width=\"17\" height=\"17\" loading=\"lazy\"><\/trustindex-image><trustindex-image class=\"ti-star\" data-imgurl=\"https:\/\/cdn.trustindex.io\/assets\/platform\/Google\/star\/f.svg\" alt=\"Google\" width=\"17\" height=\"17\" loading=\"lazy\"><\/trustindex-image><\/span> <div class=\"ti-rating-text\"> <span class=\"nowrap\">Bas\u00e9e sur <strong>29 avis<\/strong><\/span> <\/div> <div class=\"ti-large-logo\"> <div class=\"ti-v-center\"> <trustindex-image class=\"ti-logo-fb\" data-imgurl=\"https:\/\/cdn.trustindex.io\/assets\/platform\/Google\/logo.svg\" width=\"150\" height=\"25\" loading=\"lazy\" alt=\"Google\"><\/trustindex-image> <\/div> <\/div> <\/div> <\/div> <div class=\"ti-reviews-container\"> <div class=\"ti-controls\"> <div class=\"ti-next\" aria-label=\"Avis suivante\" role=\"button\" tabindex=\"0\"><\/div> <div class=\"ti-prev\" aria-label=\"Avis pr\u00e9c\u00e9dent\" role=\"button\" tabindex=\"0\"><\/div> <\/div> <div class=\"ti-reviews-container-wrapper\">  <div data-empty=\"0\" class=\"ti-review-item source-Google ti-image-layout-thumbnail\" data-id=\"cfcd208495d565ef66e7dff9f98764da\"> <div class=\"ti-inner\"> <div class=\"ti-review-header\"> <div class=\"ti-platform-icon ti-with-tooltip\"> <span class=\"ti-tooltip\">Publi\u00e9 sur <\/span> <trustindex-image data-imgurl=\"https:\/\/cdn.trustindex.io\/assets\/platform\/Google\/icon.svg\" alt=\"\" width=\"20\" height=\"20\" loading=\"lazy\"><\/trustindex-image> <\/div> <div class=\"ti-profile-img\"> <trustindex-image data-imgurl=\"https:\/\/lh3.googleusercontent.com\/a\/ACg8ocJfxw56WyI-XBKYFkv_B8LhpVQSItShbPPmorwfDR06pq09mg=w40-h40-c-rp-mo-br100\" alt=\"Ancel Laetitia profile picture\" loading=\"lazy\"><\/trustindex-image> <\/div> <div class=\"ti-profile-details\"> <div class=\"ti-name\"> Ancel Laetitia <\/div> <div class=\"ti-date\">13\/08\/2024<\/div> <\/div> <\/div> <span class=\"ti-stars\"><trustindex-image class=\"ti-star\" data-imgurl=\"https:\/\/cdn.trustindex.io\/assets\/platform\/Google\/star\/f.svg\" alt=\"Google\" width=\"17\" height=\"17\" loading=\"lazy\"><\/trustindex-image><trustindex-image class=\"ti-star\" data-imgurl=\"https:\/\/cdn.trustindex.io\/assets\/platform\/Google\/star\/f.svg\" alt=\"Google\" width=\"17\" height=\"17\" loading=\"lazy\"><\/trustindex-image><trustindex-image class=\"ti-star\" data-imgurl=\"https:\/\/cdn.trustindex.io\/assets\/platform\/Google\/star\/f.svg\" alt=\"Google\" width=\"17\" height=\"17\" loading=\"lazy\"><\/trustindex-image><trustindex-image class=\"ti-star\" data-imgurl=\"https:\/\/cdn.trustindex.io\/assets\/platform\/Google\/star\/f.svg\" alt=\"Google\" width=\"17\" height=\"17\" loading=\"lazy\"><\/trustindex-image><trustindex-image class=\"ti-star\" data-imgurl=\"https:\/\/cdn.trustindex.io\/assets\/platform\/Google\/star\/f.svg\" alt=\"Google\" width=\"17\" height=\"17\" loading=\"lazy\"><\/trustindex-image><span class=\"ti-verified-review ti-verified-platform\"><span class=\"ti-verified-tooltip\">Trustindex v\u00e9rifie que la source originale de l'avis est Google.<\/span><\/span><\/span> <div class=\"ti-review-text-container ti-review-content\"><!-- R-CONTENT -->Nous sommes arriv\u00e9s pour 6 nuits avec notre petite fille et nous sommes repartis avec la larme \u00e0 l\u2019\u0153il !\nEls et \u00c9ric sont des personnes adorables, \u00e0 l\u2019\u00e9coute et aux petits soins pour leurs h\u00f4tes et leurs enfants ! La maison est un vrai bijou ainsi que le jardin. Les petits d\u00e9jeuners sont d\u00e9licieux avec de nombreuses p\u00e2tisseries faites par Els.\nComme dirait notre fille : c\u2019est trop bien chez copain \u00c9ric !\nJ\u2019en profite pour les remercier du temps qu\u2019ils ont pass\u00e9 \u00e0 jouer avec notre fille \u2026\nJe recommande \u00e0 1000%.<!-- R-CONTENT --><\/div> <span class=\"ti-read-more\" data-container=\".ti-review-content\" data-collapse-text=\"Cacher\" data-open-text=\"Lire la suite\"><\/span> <\/div> <\/div>  <div data-empty=\"0\" class=\"ti-review-item source-Google ti-image-layout-thumbnail\" data-id=\"cfcd208495d565ef66e7dff9f98764da\"> <div class=\"ti-inner\"> <div class=\"ti-review-header\"> <div class=\"ti-platform-icon ti-with-tooltip\"> <span class=\"ti-tooltip\">Publi\u00e9 sur <\/span> <trustindex-image data-imgurl=\"https:\/\/cdn.trustindex.io\/assets\/platform\/Google\/icon.svg\" alt=\"\" width=\"20\" height=\"20\" loading=\"lazy\"><\/trustindex-image> <\/div> <div class=\"ti-profile-img\"> <trustindex-image data-imgurl=\"https:\/\/lh3.googleusercontent.com\/a\/ACg8ocJK5WnuTG2FlGniU6yTfwYW1-JpDcWO-ekwGsFzsBj-voh5Ww=w40-h40-c-rp-mo-br100\" alt=\"Mariana Dominguez Salas profile picture\" loading=\"lazy\"><\/trustindex-image> <\/div> <div class=\"ti-profile-details\"> <div class=\"ti-name\"> Mariana Dominguez Salas <\/div> <div class=\"ti-date\">01\/08\/2024<\/div> <\/div> <\/div> <span class=\"ti-stars\"><trustindex-image class=\"ti-star\" data-imgurl=\"https:\/\/cdn.trustindex.io\/assets\/platform\/Google\/star\/f.svg\" alt=\"Google\" width=\"17\" height=\"17\" loading=\"lazy\"><\/trustindex-image><trustindex-image class=\"ti-star\" data-imgurl=\"https:\/\/cdn.trustindex.io\/assets\/platform\/Google\/star\/f.svg\" alt=\"Google\" width=\"17\" height=\"17\" loading=\"lazy\"><\/trustindex-image><trustindex-image class=\"ti-star\" data-imgurl=\"https:\/\/cdn.trustindex.io\/assets\/platform\/Google\/star\/f.svg\" alt=\"Google\" width=\"17\" height=\"17\" loading=\"lazy\"><\/trustindex-image><trustindex-image class=\"ti-star\" data-imgurl=\"https:\/\/cdn.trustindex.io\/assets\/platform\/Google\/star\/f.svg\" alt=\"Google\" width=\"17\" height=\"17\" loading=\"lazy\"><\/trustindex-image><trustindex-image class=\"ti-star\" data-imgurl=\"https:\/\/cdn.trustindex.io\/assets\/platform\/Google\/star\/f.svg\" alt=\"Google\" width=\"17\" height=\"17\" loading=\"lazy\"><\/trustindex-image><span class=\"ti-verified-review ti-verified-platform\"><span class=\"ti-verified-tooltip\">Trustindex v\u00e9rifie que la source originale de l'avis est Google.<\/span><\/span><\/span> <div class=\"ti-review-text-container ti-review-content\"><!-- R-CONTENT -->An Unforgettable Stay!\n\nOur experience at this charming B&amp;B was truly exceptional. Traveling by car with our 18-month-old and my parents, we found this gem to be the perfect haven for our journey.\n\nEls and Eric are incredible hosts, whose warmth and hospitality made us feel instantly at home. Every corner of their beautiful property is thoughtfully designed, with attention to detail that adds a touch of magic to the stay. The rooms were immaculate and adorned with unique, personal touches that made our stay comfortable and memorable.\n\nOne of the highlights was Els' incredible cooking. Each meal was a delightful culinary experience, prepared with love and showcasing local flavors. We eagerly looked forward to every bite and regretted that we couldn\u2019t stay longer to savor more of her delectable dishes.\n\nThis B&amp;B is a real treasure, offering a blend of comfort, elegance, and genuine hospitality. If only we had known how wonderful our stay would be, we would have planned for a longer visit. Without a doubt, this is a five-star experience that we highly recommend to anyone seeking a memorable and enchanting retreat.\n\nThank you, Els and Eric, for making our stay so special. We can\u2019t wait to return!<!-- R-CONTENT --><\/div> <span class=\"ti-read-more\" data-container=\".ti-review-content\" data-collapse-text=\"Cacher\" data-open-text=\"Lire la suite\"><\/span> <\/div> <\/div>  <div data-empty=\"0\" class=\"ti-review-item source-Google ti-image-layout-thumbnail\" data-id=\"cfcd208495d565ef66e7dff9f98764da\"> <div class=\"ti-inner\"> <div class=\"ti-review-header\"> <div class=\"ti-platform-icon ti-with-tooltip\"> <span class=\"ti-tooltip\">Publi\u00e9 sur <\/span> <trustindex-image data-imgurl=\"https:\/\/cdn.trustindex.io\/assets\/platform\/Google\/icon.svg\" alt=\"\" width=\"20\" height=\"20\" loading=\"lazy\"><\/trustindex-image> <\/div> <div class=\"ti-profile-img\"> <trustindex-image data-imgurl=\"https:\/\/lh3.googleusercontent.com\/a\/ACg8ocKt50CTWmucUUFG4fUvlucovrYKgGG_7r4dkhuYPSnKIIdR0w=w40-h40-c-rp-mo-br100\" alt=\"Marie PL profile picture\" loading=\"lazy\"><\/trustindex-image> <\/div> <div class=\"ti-profile-details\"> <div class=\"ti-name\"> Marie PL <\/div> <div class=\"ti-date\">30\/07\/2024<\/div> <\/div> <\/div> <span class=\"ti-stars\"><trustindex-image class=\"ti-star\" data-imgurl=\"https:\/\/cdn.trustindex.io\/assets\/platform\/Google\/star\/f.svg\" alt=\"Google\" width=\"17\" height=\"17\" loading=\"lazy\"><\/trustindex-image><trustindex-image class=\"ti-star\" data-imgurl=\"https:\/\/cdn.trustindex.io\/assets\/platform\/Google\/star\/f.svg\" alt=\"Google\" width=\"17\" height=\"17\" loading=\"lazy\"><\/trustindex-image><trustindex-image class=\"ti-star\" data-imgurl=\"https:\/\/cdn.trustindex.io\/assets\/platform\/Google\/star\/f.svg\" alt=\"Google\" width=\"17\" height=\"17\" loading=\"lazy\"><\/trustindex-image><trustindex-image class=\"ti-star\" data-imgurl=\"https:\/\/cdn.trustindex.io\/assets\/platform\/Google\/star\/f.svg\" alt=\"Google\" width=\"17\" height=\"17\" loading=\"lazy\"><\/trustindex-image><trustindex-image class=\"ti-star\" data-imgurl=\"https:\/\/cdn.trustindex.io\/assets\/platform\/Google\/star\/f.svg\" alt=\"Google\" width=\"17\" height=\"17\" loading=\"lazy\"><\/trustindex-image><span class=\"ti-verified-review ti-verified-platform\"><span class=\"ti-verified-tooltip\">Trustindex v\u00e9rifie que la source originale de l'avis est Google.<\/span><\/span><\/span> <div class=\"ti-review-text-container ti-review-content\"><!-- R-CONTENT -->Super chambres d'h\u00f4tes!\nEls et \u00c9ric nous ont tr\u00e8s bien accueillis avec pleins de gentilles attentions. La maison a beaucoup de charme. Elle est tr\u00e8s confortable et tr\u00e8s bien entretenue.\nLe petit d\u00e9jeuner \u00e9tait tr\u00e8s complet, de quoi satisfaire tout le monde! Le jardin offre diff\u00e9rents endroits pour se poser ou fl\u00e2ner. Je recommande vivement !!<!-- R-CONTENT --><\/div> <span class=\"ti-read-more\" data-container=\".ti-review-content\" data-collapse-text=\"Cacher\" data-open-text=\"Lire la suite\"><\/span> <\/div> <\/div>  <div data-empty=\"0\" class=\"ti-review-item source-Google ti-image-layout-thumbnail\" data-id=\"cfcd208495d565ef66e7dff9f98764da\"> <div class=\"ti-inner\"> <div class=\"ti-review-header\"> <div class=\"ti-platform-icon ti-with-tooltip\"> <span class=\"ti-tooltip\">Publi\u00e9 sur <\/span> <trustindex-image data-imgurl=\"https:\/\/cdn.trustindex.io\/assets\/platform\/Google\/icon.svg\" alt=\"\" width=\"20\" height=\"20\" loading=\"lazy\"><\/trustindex-image> <\/div> <div class=\"ti-profile-img\"> <trustindex-image data-imgurl=\"https:\/\/lh3.googleusercontent.com\/a-\/ALV-UjWOWaBBIU8DXZjhxive8PbY5pCywSk9Bx5DVzXLPvbicUZioN4o=w40-h40-c-rp-mo-br100\" alt=\"Guillaume Debraize profile picture\" loading=\"lazy\"><\/trustindex-image> <\/div> <div class=\"ti-profile-details\"> <div class=\"ti-name\"> Guillaume Debraize <\/div> <div class=\"ti-date\">17\/09\/2023<\/div> <\/div> <\/div> <span class=\"ti-stars\"><trustindex-image class=\"ti-star\" data-imgurl=\"https:\/\/cdn.trustindex.io\/assets\/platform\/Google\/star\/f.svg\" alt=\"Google\" width=\"17\" height=\"17\" loading=\"lazy\"><\/trustindex-image><trustindex-image class=\"ti-star\" data-imgurl=\"https:\/\/cdn.trustindex.io\/assets\/platform\/Google\/star\/f.svg\" alt=\"Google\" width=\"17\" height=\"17\" loading=\"lazy\"><\/trustindex-image><trustindex-image class=\"ti-star\" data-imgurl=\"https:\/\/cdn.trustindex.io\/assets\/platform\/Google\/star\/f.svg\" alt=\"Google\" width=\"17\" height=\"17\" loading=\"lazy\"><\/trustindex-image><trustindex-image class=\"ti-star\" data-imgurl=\"https:\/\/cdn.trustindex.io\/assets\/platform\/Google\/star\/f.svg\" alt=\"Google\" width=\"17\" height=\"17\" loading=\"lazy\"><\/trustindex-image><trustindex-image class=\"ti-star\" data-imgurl=\"https:\/\/cdn.trustindex.io\/assets\/platform\/Google\/star\/f.svg\" alt=\"Google\" width=\"17\" height=\"17\" loading=\"lazy\"><\/trustindex-image><span class=\"ti-verified-review ti-verified-platform\"><span class=\"ti-verified-tooltip\">Trustindex v\u00e9rifie que la source originale de l'avis est Google.<\/span><\/span><\/span> <div class=\"ti-review-text-container ti-review-content\"><!-- R-CONTENT -->Tr\u00e8s bon week-end chez Els et \u00c9ric ! De passage dans la r\u00e9gion pour un mariage, nous avons \u00e9t\u00e9 tr\u00e8s bien re\u00e7us. Le lieu est plein de charme, et le petit d\u00e9jeuner d\u00e9licieux avec des produits frais et maison !\nMerci pour tout !<!-- R-CONTENT --><\/div> <span class=\"ti-read-more\" data-container=\".ti-review-content\" data-collapse-text=\"Cacher\" data-open-text=\"Lire la suite\"><\/span> <\/div> <\/div>  <div data-empty=\"0\" class=\"ti-review-item source-Google ti-image-layout-thumbnail\" data-id=\"cfcd208495d565ef66e7dff9f98764da\"> <div class=\"ti-inner\"> <div class=\"ti-review-header\"> <div class=\"ti-platform-icon ti-with-tooltip\"> <span class=\"ti-tooltip\">Publi\u00e9 sur <\/span> <trustindex-image data-imgurl=\"https:\/\/cdn.trustindex.io\/assets\/platform\/Google\/icon.svg\" alt=\"\" width=\"20\" height=\"20\" loading=\"lazy\"><\/trustindex-image> <\/div> <div class=\"ti-profile-img\"> <trustindex-image data-imgurl=\"https:\/\/lh3.googleusercontent.com\/a-\/ALV-UjWgSvMGBNiXgaTvkgaZHlcdEY0SwZTcy0aXNMmhM9ch8tMtz1Sv=w40-h40-c-rp-mo-ba4-br100\" alt=\"Jeroen Wellens profile picture\" loading=\"lazy\"><\/trustindex-image> <\/div> <div class=\"ti-profile-details\"> <div class=\"ti-name\"> Jeroen Wellens <\/div> <div class=\"ti-date\">25\/08\/2023<\/div> <\/div> <\/div> <span class=\"ti-stars\"><trustindex-image class=\"ti-star\" data-imgurl=\"https:\/\/cdn.trustindex.io\/assets\/platform\/Google\/star\/f.svg\" alt=\"Google\" width=\"17\" height=\"17\" loading=\"lazy\"><\/trustindex-image><trustindex-image class=\"ti-star\" data-imgurl=\"https:\/\/cdn.trustindex.io\/assets\/platform\/Google\/star\/f.svg\" alt=\"Google\" width=\"17\" height=\"17\" loading=\"lazy\"><\/trustindex-image><trustindex-image class=\"ti-star\" data-imgurl=\"https:\/\/cdn.trustindex.io\/assets\/platform\/Google\/star\/f.svg\" alt=\"Google\" width=\"17\" height=\"17\" loading=\"lazy\"><\/trustindex-image><trustindex-image class=\"ti-star\" data-imgurl=\"https:\/\/cdn.trustindex.io\/assets\/platform\/Google\/star\/f.svg\" alt=\"Google\" width=\"17\" height=\"17\" loading=\"lazy\"><\/trustindex-image><trustindex-image class=\"ti-star\" data-imgurl=\"https:\/\/cdn.trustindex.io\/assets\/platform\/Google\/star\/f.svg\" alt=\"Google\" width=\"17\" height=\"17\" loading=\"lazy\"><\/trustindex-image><span class=\"ti-verified-review ti-verified-platform\"><span class=\"ti-verified-tooltip\">Trustindex v\u00e9rifie que la source originale de l'avis est Google.<\/span><\/span><\/span> <div class=\"ti-review-text-container ti-review-content\"><!-- R-CONTENT -->Hyperbien<!-- R-CONTENT --><\/div> <span class=\"ti-read-more\" data-container=\".ti-review-content\" data-collapse-text=\"Cacher\" data-open-text=\"Lire la suite\"><\/span> <\/div> <\/div>  <div data-empty=\"0\" class=\"ti-review-item source-Google ti-image-layout-thumbnail\" data-id=\"cfcd208495d565ef66e7dff9f98764da\"> <div class=\"ti-inner\"> <div class=\"ti-review-header\"> <div class=\"ti-platform-icon ti-with-tooltip\"> <span class=\"ti-tooltip\">Publi\u00e9 sur <\/span> <trustindex-image data-imgurl=\"https:\/\/cdn.trustindex.io\/assets\/platform\/Google\/icon.svg\" alt=\"\" width=\"20\" height=\"20\" loading=\"lazy\"><\/trustindex-image> <\/div> <div class=\"ti-profile-img\"> <trustindex-image data-imgurl=\"https:\/\/lh3.googleusercontent.com\/a-\/ALV-UjXawD_DRsoCEuA-l04ZXzJb1rJf2pA5q1kUEY1uf02y9to-sYfxkA=w40-h40-c-rp-mo-br100\" alt=\"Fr\u00e9d \u00e9ric profile picture\" loading=\"lazy\"><\/trustindex-image> <\/div> <div class=\"ti-profile-details\"> <div class=\"ti-name\"> Fr\u00e9d \u00e9ric <\/div> <div class=\"ti-date\">17\/08\/2023<\/div> <\/div> <\/div> <span class=\"ti-stars\"><trustindex-image class=\"ti-star\" data-imgurl=\"https:\/\/cdn.trustindex.io\/assets\/platform\/Google\/star\/f.svg\" alt=\"Google\" width=\"17\" height=\"17\" loading=\"lazy\"><\/trustindex-image><trustindex-image class=\"ti-star\" data-imgurl=\"https:\/\/cdn.trustindex.io\/assets\/platform\/Google\/star\/f.svg\" alt=\"Google\" width=\"17\" height=\"17\" loading=\"lazy\"><\/trustindex-image><trustindex-image class=\"ti-star\" data-imgurl=\"https:\/\/cdn.trustindex.io\/assets\/platform\/Google\/star\/f.svg\" alt=\"Google\" width=\"17\" height=\"17\" loading=\"lazy\"><\/trustindex-image><trustindex-image class=\"ti-star\" data-imgurl=\"https:\/\/cdn.trustindex.io\/assets\/platform\/Google\/star\/f.svg\" alt=\"Google\" width=\"17\" height=\"17\" loading=\"lazy\"><\/trustindex-image><trustindex-image class=\"ti-star\" data-imgurl=\"https:\/\/cdn.trustindex.io\/assets\/platform\/Google\/star\/f.svg\" alt=\"Google\" width=\"17\" height=\"17\" loading=\"lazy\"><\/trustindex-image><span class=\"ti-verified-review ti-verified-platform\"><span class=\"ti-verified-tooltip\">Trustindex v\u00e9rifie que la source originale de l'avis est Google.<\/span><\/span><\/span> <div class=\"ti-review-text-container ti-review-content\"><!-- R-CONTENT -->Wir wurden sehr nett und herzlich empfangen. Das Essen war hervorragend, die Zimmer toll. Auch die M\u00f6glichkeit zum parken k\u00f6nnte kaum besser sein. Vielen Dank es hat uns super gefallen und wir kommen gerne wieder.<!-- R-CONTENT --><\/div> <span class=\"ti-read-more\" data-container=\".ti-review-content\" data-collapse-text=\"Cacher\" data-open-text=\"Lire la suite\"><\/span> <\/div> <\/div>  <div data-empty=\"0\" class=\"ti-review-item source-Google ti-image-layout-thumbnail\" data-id=\"cfcd208495d565ef66e7dff9f98764da\"> <div class=\"ti-inner\"> <div class=\"ti-review-header\"> <div class=\"ti-platform-icon ti-with-tooltip\"> <span class=\"ti-tooltip\">Publi\u00e9 sur <\/span> <trustindex-image data-imgurl=\"https:\/\/cdn.trustindex.io\/assets\/platform\/Google\/icon.svg\" alt=\"\" width=\"20\" height=\"20\" loading=\"lazy\"><\/trustindex-image> <\/div> <div class=\"ti-profile-img\"> <trustindex-image data-imgurl=\"https:\/\/lh3.googleusercontent.com\/a-\/ALV-UjU3IOkfaMjvgwp42SczEoNlB4GoPvA4zQ59NASlmdwt47RT71Ol=w40-h40-c-rp-mo-ba2-br100\" alt=\"Arnaud Degreve profile picture\" loading=\"lazy\"><\/trustindex-image> <\/div> <div class=\"ti-profile-details\"> <div class=\"ti-name\"> Arnaud Degreve <\/div> <div class=\"ti-date\">15\/08\/2023<\/div> <\/div> <\/div> <span class=\"ti-stars\"><trustindex-image class=\"ti-star\" data-imgurl=\"https:\/\/cdn.trustindex.io\/assets\/platform\/Google\/star\/f.svg\" alt=\"Google\" width=\"17\" height=\"17\" loading=\"lazy\"><\/trustindex-image><trustindex-image class=\"ti-star\" data-imgurl=\"https:\/\/cdn.trustindex.io\/assets\/platform\/Google\/star\/f.svg\" alt=\"Google\" width=\"17\" height=\"17\" loading=\"lazy\"><\/trustindex-image><trustindex-image class=\"ti-star\" data-imgurl=\"https:\/\/cdn.trustindex.io\/assets\/platform\/Google\/star\/f.svg\" alt=\"Google\" width=\"17\" height=\"17\" loading=\"lazy\"><\/trustindex-image><trustindex-image class=\"ti-star\" data-imgurl=\"https:\/\/cdn.trustindex.io\/assets\/platform\/Google\/star\/f.svg\" alt=\"Google\" width=\"17\" height=\"17\" loading=\"lazy\"><\/trustindex-image><trustindex-image class=\"ti-star\" data-imgurl=\"https:\/\/cdn.trustindex.io\/assets\/platform\/Google\/star\/f.svg\" alt=\"Google\" width=\"17\" height=\"17\" loading=\"lazy\"><\/trustindex-image><span class=\"ti-verified-review ti-verified-platform\"><span class=\"ti-verified-tooltip\">Trustindex v\u00e9rifie que la source originale de l'avis est Google.<\/span><\/span><\/span> <div class=\"ti-review-text-container ti-review-content\"><!-- R-CONTENT -->Un superbe s\u00e9jour en famille chez Els et \u00c9ric : la maison ancienne est magnifiquement r\u00e9nov\u00e9e, avec un beau jardin et une piscine confortable ; les chambres et la salle de bain sont \u00e9galement charmantes et bien pens\u00e9es. Mais c'est l'accueil qui fait toutes la diff\u00e9rence, encore merci pour ce superbe s\u00e9jour !!! Mention sp\u00e9ciale pour les petits d\u00e9jeuners et les p\u00e2tisseries maison :) A bient\u00f4t<!-- R-CONTENT --><\/div> <span class=\"ti-read-more\" data-container=\".ti-review-content\" data-collapse-text=\"Cacher\" data-open-text=\"Lire la suite\"><\/span> <\/div> <\/div>  <div data-empty=\"0\" class=\"ti-review-item source-Google ti-image-layout-thumbnail\" data-id=\"cfcd208495d565ef66e7dff9f98764da\"> <div class=\"ti-inner\"> <div class=\"ti-review-header\"> <div class=\"ti-platform-icon ti-with-tooltip\"> <span class=\"ti-tooltip\">Publi\u00e9 sur <\/span> <trustindex-image data-imgurl=\"https:\/\/cdn.trustindex.io\/assets\/platform\/Google\/icon.svg\" alt=\"\" width=\"20\" height=\"20\" loading=\"lazy\"><\/trustindex-image> <\/div> <div class=\"ti-profile-img\"> <trustindex-image data-imgurl=\"https:\/\/lh3.googleusercontent.com\/a\/ACg8ocKmhjcRXcHwDC8ZKGfPdhqJNqkP12H38em0dDKdGB9UUNF2qQ=w40-h40-c-rp-mo-br100\" alt=\"Daisy Dennemans profile picture\" loading=\"lazy\"><\/trustindex-image> <\/div> <div class=\"ti-profile-details\"> <div class=\"ti-name\"> Daisy Dennemans <\/div> <div class=\"ti-date\">12\/08\/2023<\/div> <\/div> <\/div> <span class=\"ti-stars\"><trustindex-image class=\"ti-star\" data-imgurl=\"https:\/\/cdn.trustindex.io\/assets\/platform\/Google\/star\/f.svg\" alt=\"Google\" width=\"17\" height=\"17\" loading=\"lazy\"><\/trustindex-image><trustindex-image class=\"ti-star\" data-imgurl=\"https:\/\/cdn.trustindex.io\/assets\/platform\/Google\/star\/f.svg\" alt=\"Google\" width=\"17\" height=\"17\" loading=\"lazy\"><\/trustindex-image><trustindex-image class=\"ti-star\" data-imgurl=\"https:\/\/cdn.trustindex.io\/assets\/platform\/Google\/star\/f.svg\" alt=\"Google\" width=\"17\" height=\"17\" loading=\"lazy\"><\/trustindex-image><trustindex-image class=\"ti-star\" data-imgurl=\"https:\/\/cdn.trustindex.io\/assets\/platform\/Google\/star\/f.svg\" alt=\"Google\" width=\"17\" height=\"17\" loading=\"lazy\"><\/trustindex-image><trustindex-image class=\"ti-star\" data-imgurl=\"https:\/\/cdn.trustindex.io\/assets\/platform\/Google\/star\/f.svg\" alt=\"Google\" width=\"17\" height=\"17\" loading=\"lazy\"><\/trustindex-image><span class=\"ti-verified-review ti-verified-platform\"><span class=\"ti-verified-tooltip\">Trustindex v\u00e9rifie que la source originale de l'avis est Google.<\/span><\/span><\/span> <div class=\"ti-review-text-container ti-review-content\"><!-- R-CONTENT -->Een warm en hartelijk ontvangst. De kamer was prachtig en top verzorgd. Ook kregen we leuke tips om s\u2019avonds een hapje te gaan eten. Ook het ontbijt was heerlijk en goed verzorgd. Kortom een aanrader en voor ons zeker voor herhaling vatbaar!<!-- R-CONTENT --><\/div> <span class=\"ti-read-more\" data-container=\".ti-review-content\" data-collapse-text=\"Cacher\" data-open-text=\"Lire la suite\"><\/span> <\/div> <\/div>  <div data-empty=\"0\" class=\"ti-review-item source-Google ti-image-layout-thumbnail\" data-id=\"cfcd208495d565ef66e7dff9f98764da\"> <div class=\"ti-inner\"> <div class=\"ti-review-header\"> <div class=\"ti-platform-icon ti-with-tooltip\"> <span class=\"ti-tooltip\">Publi\u00e9 sur <\/span> <trustindex-image data-imgurl=\"https:\/\/cdn.trustindex.io\/assets\/platform\/Google\/icon.svg\" alt=\"\" width=\"20\" height=\"20\" loading=\"lazy\"><\/trustindex-image> <\/div> <div class=\"ti-profile-img\"> <trustindex-image data-imgurl=\"https:\/\/lh3.googleusercontent.com\/a-\/ALV-UjW1d-b6bZQ9_GEb4MtkvWEmKwgGvRPSr7E7HIEfgFWGIDIVdqsq=w40-h40-c-rp-mo-br100\" alt=\"Jennifer Valat profile picture\" loading=\"lazy\"><\/trustindex-image> <\/div> <div class=\"ti-profile-details\"> <div class=\"ti-name\"> Jennifer Valat <\/div> <div class=\"ti-date\">26\/07\/2023<\/div> <\/div> <\/div> <span class=\"ti-stars\"><trustindex-image class=\"ti-star\" data-imgurl=\"https:\/\/cdn.trustindex.io\/assets\/platform\/Google\/star\/f.svg\" alt=\"Google\" width=\"17\" height=\"17\" loading=\"lazy\"><\/trustindex-image><trustindex-image class=\"ti-star\" data-imgurl=\"https:\/\/cdn.trustindex.io\/assets\/platform\/Google\/star\/f.svg\" alt=\"Google\" width=\"17\" height=\"17\" loading=\"lazy\"><\/trustindex-image><trustindex-image class=\"ti-star\" data-imgurl=\"https:\/\/cdn.trustindex.io\/assets\/platform\/Google\/star\/f.svg\" alt=\"Google\" width=\"17\" height=\"17\" loading=\"lazy\"><\/trustindex-image><trustindex-image class=\"ti-star\" data-imgurl=\"https:\/\/cdn.trustindex.io\/assets\/platform\/Google\/star\/f.svg\" alt=\"Google\" width=\"17\" height=\"17\" loading=\"lazy\"><\/trustindex-image><trustindex-image class=\"ti-star\" data-imgurl=\"https:\/\/cdn.trustindex.io\/assets\/platform\/Google\/star\/f.svg\" alt=\"Google\" width=\"17\" height=\"17\" loading=\"lazy\"><\/trustindex-image><span class=\"ti-verified-review ti-verified-platform\"><span class=\"ti-verified-tooltip\">Trustindex v\u00e9rifie que la source originale de l'avis est Google.<\/span><\/span><\/span> <div class=\"ti-review-text-container ti-review-content\"><!-- R-CONTENT -->Nous avons \u00e9t\u00e9 fort bien accueillis, avec notre petit bout, Par Els et Eric dans leur belle maison de village. Ce sont des h\u00f4tes aux petits soins et les plats de Els sont tr\u00e8s bons (elle fait de savoureux desserts!)\nNous avons pu nous rafra\u00eechir dans leur piscine. Notre chambre \u00e9tait belle et spacieuse avec une jolie salle de bain.\nJe recommande l'arr\u00eat! :)<!-- R-CONTENT --><\/div> <span class=\"ti-read-more\" data-container=\".ti-review-content\" data-collapse-text=\"Cacher\" data-open-text=\"Lire la suite\"><\/span> <\/div> <\/div>  <\/div> <div class=\"ti-controls-line\"> <div class=\"dot\"><\/div> <\/div>   <\/div> <\/div> <\/div> <\/template><\/pre><div data-src=\"https:\/\/cdn.trustindex.io\/loader.js?wp-widget\" data-template-id=\"trustindex-google-widget-html\" data-css-url=\"https:\/\/lafabriek.fr\/wp-content\/uploads\/trustindex-google-widget.css?1772207134\"><\/div>\n<\/div>\n<\/div>\n<\/div>\n\n\n\n<hr class=\"wp-block-separator alignwide has-text-color has-color-3-color has-alpha-channel-opacity has-color-3-background-color has-background is-style-wide\"\/>\n\n\n\n<div class=\"wp-block-columns is-layout-flex wp-container-core-columns-is-layout-28f84493 wp-block-columns-is-layout-flex\">\n<div class=\"wp-block-column is-layout-flow wp-block-column-is-layout-flow\" style=\"flex-basis:100%\">\n<p class=\"has-text-align-center hostinger-ai-description has-medium-font-size\"><strong>Heb je een vraag of een specifiek verzoek?\u00a0Aarzel dan niet om contact met ons op te nemen.<\/strong><\/p>\n<\/div>\n<\/div>\n\n\n\n<p><\/p>\n","protected":false},"excerpt":{"rendered":"<p>LaFabriek beschikt over drie tweepersoonskamers op de eerste verdieping van het huis. We verwelkomen je elk jaar graag in onze chambre d&#8217;h\u00f4tes (B&amp;B) van 1 april tot 31 oktober. Je kan onze kamers voor \u00e9\u00e9n nacht boeken, wij passen geen minimum van 2 nachten toe. Op de tweede verdieping is er een open ruimte die [&hellip;]<\/p>\n","protected":false},"author":1,"featured_media":0,"parent":0,"menu_order":0,"comment_status":"closed","ping_status":"closed","template":"","meta":{"footnotes":""},"class_list":["post-702","page","type-page","status-publish","hentry"],"yoast_head":"<!-- This site is optimized with the Yoast SEO plugin v27.0 - https:\/\/yoast.com\/product\/yoast-seo-wordpress\/ -->\n<title>Kamers en tarieven - LaFabriek<\/title>\n<meta name=\"robots\" content=\"index, follow, max-snippet:-1, max-image-preview:large, max-video-preview:-1\" \/>\n<link rel=\"canonical\" href=\"https:\/\/lafabriek.fr\/nl\/kamers-en-tarieven\/\" \/>\n<meta property=\"og:locale\" content=\"nl_NL\" \/>\n<meta property=\"og:type\" content=\"article\" \/>\n<meta property=\"og:title\" content=\"Kamers en tarieven - LaFabriek\" \/>\n<meta property=\"og:description\" content=\"LaFabriek beschikt over drie tweepersoonskamers op de eerste verdieping van het huis. We verwelkomen je elk jaar graag in onze chambre d&#8217;h\u00f4tes (B&amp;B) van 1 april tot 31 oktober. Je kan onze kamers voor \u00e9\u00e9n nacht boeken, wij passen geen minimum van 2 nachten toe. Op de tweede verdieping is er een open ruimte die [&hellip;]\" \/>\n<meta property=\"og:url\" content=\"https:\/\/lafabriek.fr\/nl\/kamers-en-tarieven\/\" \/>\n<meta property=\"og:site_name\" content=\"LaFabriek\" \/>\n<meta property=\"article:publisher\" content=\"https:\/\/www.facebook.com\/LaFabriekCanet\/\" \/>\n<meta property=\"article:modified_time\" content=\"2024-11-11T13:46:49+00:00\" \/>\n<meta property=\"og:image\" content=\"https:\/\/lafabriek.fr\/wp-content\/uploads\/2024\/10\/LaFabriek-Chambre-bleue-7.webp\" \/>\n\t<meta property=\"og:image:width\" content=\"1408\" \/>\n\t<meta property=\"og:image:height\" content=\"1067\" \/>\n\t<meta property=\"og:image:type\" content=\"image\/webp\" \/>\n<meta name=\"twitter:card\" content=\"summary_large_image\" \/>\n<meta name=\"twitter:label1\" content=\"Geschatte leestijd\" \/>\n\t<meta name=\"twitter:data1\" content=\"2 minuten\" \/>\n<script type=\"application\/ld+json\" class=\"yoast-schema-graph\">{\"@context\":\"https:\/\/schema.org\",\"@graph\":[{\"@type\":\"WebPage\",\"@id\":\"https:\/\/lafabriek.fr\/nl\/kamers-en-tarieven\/\",\"url\":\"https:\/\/lafabriek.fr\/nl\/kamers-en-tarieven\/\",\"name\":\"Kamers en tarieven - LaFabriek\",\"isPartOf\":{\"@id\":\"https:\/\/lafabriek.fr\/nl\/#website\"},\"primaryImageOfPage\":{\"@id\":\"https:\/\/lafabriek.fr\/nl\/kamers-en-tarieven\/#primaryimage\"},\"image\":{\"@id\":\"https:\/\/lafabriek.fr\/nl\/kamers-en-tarieven\/#primaryimage\"},\"thumbnailUrl\":\"https:\/\/lafabriek.fr\/wp-content\/uploads\/2024\/10\/LaFabriek-Chambre-bleue-7.webp\",\"datePublished\":\"2024-10-20T18:43:09+00:00\",\"dateModified\":\"2024-11-11T13:46:49+00:00\",\"breadcrumb\":{\"@id\":\"https:\/\/lafabriek.fr\/nl\/kamers-en-tarieven\/#breadcrumb\"},\"inLanguage\":\"nl-NL\",\"potentialAction\":[{\"@type\":\"ReadAction\",\"target\":[\"https:\/\/lafabriek.fr\/nl\/kamers-en-tarieven\/\"]}]},{\"@type\":\"ImageObject\",\"inLanguage\":\"nl-NL\",\"@id\":\"https:\/\/lafabriek.fr\/nl\/kamers-en-tarieven\/#primaryimage\",\"url\":\"https:\/\/lafabriek.fr\/wp-content\/uploads\/2024\/10\/LaFabriek-Chambre-bleue-7.webp\",\"contentUrl\":\"https:\/\/lafabriek.fr\/wp-content\/uploads\/2024\/10\/LaFabriek-Chambre-bleue-7.webp\"},{\"@type\":\"BreadcrumbList\",\"@id\":\"https:\/\/lafabriek.fr\/nl\/kamers-en-tarieven\/#breadcrumb\",\"itemListElement\":[{\"@type\":\"ListItem\",\"position\":1,\"name\":\"Accueil\",\"item\":\"https:\/\/lafabriek.fr\/nl\/\"},{\"@type\":\"ListItem\",\"position\":2,\"name\":\"Kamers en tarieven\"}]},{\"@type\":\"WebSite\",\"@id\":\"https:\/\/lafabriek.fr\/nl\/#website\",\"url\":\"https:\/\/lafabriek.fr\/nl\/\",\"name\":\"LaFabriek\",\"description\":\"\",\"publisher\":{\"@id\":\"https:\/\/lafabriek.fr\/nl\/#organization\"},\"potentialAction\":[{\"@type\":\"SearchAction\",\"target\":{\"@type\":\"EntryPoint\",\"urlTemplate\":\"https:\/\/lafabriek.fr\/nl\/?s={search_term_string}\"},\"query-input\":{\"@type\":\"PropertyValueSpecification\",\"valueRequired\":true,\"valueName\":\"search_term_string\"}}],\"inLanguage\":\"nl-NL\"},{\"@type\":\"Organization\",\"@id\":\"https:\/\/lafabriek.fr\/nl\/#organization\",\"name\":\"LaFabriek\",\"url\":\"https:\/\/lafabriek.fr\/nl\/\",\"logo\":{\"@type\":\"ImageObject\",\"inLanguage\":\"nl-NL\",\"@id\":\"https:\/\/lafabriek.fr\/nl\/#\/schema\/logo\/image\/\",\"url\":\"https:\/\/lafabriek.fr\/wp-content\/uploads\/2024\/10\/Color-logo-with-background.png\",\"contentUrl\":\"https:\/\/lafabriek.fr\/wp-content\/uploads\/2024\/10\/Color-logo-with-background.png\",\"width\":3180,\"height\":950,\"caption\":\"LaFabriek\"},\"image\":{\"@id\":\"https:\/\/lafabriek.fr\/nl\/#\/schema\/logo\/image\/\"},\"sameAs\":[\"https:\/\/www.facebook.com\/LaFabriekCanet\/\",\"https:\/\/instagram.com\/lafabriek_canet\"]}]}<\/script>\n<!-- \/ Yoast SEO plugin. -->","yoast_head_json":{"title":"Kamers en tarieven - LaFabriek","robots":{"index":"index","follow":"follow","max-snippet":"max-snippet:-1","max-image-preview":"max-image-preview:large","max-video-preview":"max-video-preview:-1"},"canonical":"https:\/\/lafabriek.fr\/nl\/kamers-en-tarieven\/","og_locale":"nl_NL","og_type":"article","og_title":"Kamers en tarieven - LaFabriek","og_description":"LaFabriek beschikt over drie tweepersoonskamers op de eerste verdieping van het huis. We verwelkomen je elk jaar graag in onze chambre d&#8217;h\u00f4tes (B&amp;B) van 1 april tot 31 oktober. Je kan onze kamers voor \u00e9\u00e9n nacht boeken, wij passen geen minimum van 2 nachten toe. Op de tweede verdieping is er een open ruimte die [&hellip;]","og_url":"https:\/\/lafabriek.fr\/nl\/kamers-en-tarieven\/","og_site_name":"LaFabriek","article_publisher":"https:\/\/www.facebook.com\/LaFabriekCanet\/","article_modified_time":"2024-11-11T13:46:49+00:00","og_image":[{"width":1408,"height":1067,"url":"https:\/\/lafabriek.fr\/wp-content\/uploads\/2024\/10\/LaFabriek-Chambre-bleue-7.webp","type":"image\/webp"}],"twitter_card":"summary_large_image","twitter_misc":{"Geschatte leestijd":"2 minuten"},"schema":{"@context":"https:\/\/schema.org","@graph":[{"@type":"WebPage","@id":"https:\/\/lafabriek.fr\/nl\/kamers-en-tarieven\/","url":"https:\/\/lafabriek.fr\/nl\/kamers-en-tarieven\/","name":"Kamers en tarieven - LaFabriek","isPartOf":{"@id":"https:\/\/lafabriek.fr\/nl\/#website"},"primaryImageOfPage":{"@id":"https:\/\/lafabriek.fr\/nl\/kamers-en-tarieven\/#primaryimage"},"image":{"@id":"https:\/\/lafabriek.fr\/nl\/kamers-en-tarieven\/#primaryimage"},"thumbnailUrl":"https:\/\/lafabriek.fr\/wp-content\/uploads\/2024\/10\/LaFabriek-Chambre-bleue-7.webp","datePublished":"2024-10-20T18:43:09+00:00","dateModified":"2024-11-11T13:46:49+00:00","breadcrumb":{"@id":"https:\/\/lafabriek.fr\/nl\/kamers-en-tarieven\/#breadcrumb"},"inLanguage":"nl-NL","potentialAction":[{"@type":"ReadAction","target":["https:\/\/lafabriek.fr\/nl\/kamers-en-tarieven\/"]}]},{"@type":"ImageObject","inLanguage":"nl-NL","@id":"https:\/\/lafabriek.fr\/nl\/kamers-en-tarieven\/#primaryimage","url":"https:\/\/lafabriek.fr\/wp-content\/uploads\/2024\/10\/LaFabriek-Chambre-bleue-7.webp","contentUrl":"https:\/\/lafabriek.fr\/wp-content\/uploads\/2024\/10\/LaFabriek-Chambre-bleue-7.webp"},{"@type":"BreadcrumbList","@id":"https:\/\/lafabriek.fr\/nl\/kamers-en-tarieven\/#breadcrumb","itemListElement":[{"@type":"ListItem","position":1,"name":"Accueil","item":"https:\/\/lafabriek.fr\/nl\/"},{"@type":"ListItem","position":2,"name":"Kamers en tarieven"}]},{"@type":"WebSite","@id":"https:\/\/lafabriek.fr\/nl\/#website","url":"https:\/\/lafabriek.fr\/nl\/","name":"LaFabriek","description":"","publisher":{"@id":"https:\/\/lafabriek.fr\/nl\/#organization"},"potentialAction":[{"@type":"SearchAction","target":{"@type":"EntryPoint","urlTemplate":"https:\/\/lafabriek.fr\/nl\/?s={search_term_string}"},"query-input":{"@type":"PropertyValueSpecification","valueRequired":true,"valueName":"search_term_string"}}],"inLanguage":"nl-NL"},{"@type":"Organization","@id":"https:\/\/lafabriek.fr\/nl\/#organization","name":"LaFabriek","url":"https:\/\/lafabriek.fr\/nl\/","logo":{"@type":"ImageObject","inLanguage":"nl-NL","@id":"https:\/\/lafabriek.fr\/nl\/#\/schema\/logo\/image\/","url":"https:\/\/lafabriek.fr\/wp-content\/uploads\/2024\/10\/Color-logo-with-background.png","contentUrl":"https:\/\/lafabriek.fr\/wp-content\/uploads\/2024\/10\/Color-logo-with-background.png","width":3180,"height":950,"caption":"LaFabriek"},"image":{"@id":"https:\/\/lafabriek.fr\/nl\/#\/schema\/logo\/image\/"},"sameAs":["https:\/\/www.facebook.com\/LaFabriekCanet\/","https:\/\/instagram.com\/lafabriek_canet"]}]}},"_links":{"self":[{"href":"https:\/\/lafabriek.fr\/nl\/wp-json\/wp\/v2\/pages\/702","targetHints":{"allow":["GET"]}}],"collection":[{"href":"https:\/\/lafabriek.fr\/nl\/wp-json\/wp\/v2\/pages"}],"about":[{"href":"https:\/\/lafabriek.fr\/nl\/wp-json\/wp\/v2\/types\/page"}],"author":[{"embeddable":true,"href":"https:\/\/lafabriek.fr\/nl\/wp-json\/wp\/v2\/users\/1"}],"replies":[{"embeddable":true,"href":"https:\/\/lafabriek.fr\/nl\/wp-json\/wp\/v2\/comments?post=702"}],"version-history":[{"count":5,"href":"https:\/\/lafabriek.fr\/nl\/wp-json\/wp\/v2\/pages\/702\/revisions"}],"predecessor-version":[{"id":726,"href":"https:\/\/lafabriek.fr\/nl\/wp-json\/wp\/v2\/pages\/702\/revisions\/726"}],"wp:attachment":[{"href":"https:\/\/lafabriek.fr\/nl\/wp-json\/wp\/v2\/media?parent=702"}],"curies":[{"name":"wp","href":"https:\/\/api.w.org\/{rel}","templated":true}]}}