{"id":755,"date":"2024-10-20T18:43:08","date_gmt":"2024-10-20T18:43:08","guid":{"rendered":"https:\/\/lafabriek.fr\/?page_id=755"},"modified":"2024-12-01T15:26:08","modified_gmt":"2024-12-01T15:26:08","slug":"homepage","status":"publish","type":"page","link":"https:\/\/lafabriek.fr\/en\/","title":{"rendered":"Homepage"},"content":{"rendered":"\n<div class=\"wp-block-group alignwide is-nowrap is-layout-flex wp-container-core-group-is-layout-3861760c wp-block-group-is-layout-flex\" style=\"margin-bottom:0\">\n<div class=\"wp-block-columns is-layout-flex wp-container-core-columns-is-layout-7881cf8e wp-block-columns-is-layout-flex\" style=\"margin-top:var(--wp--preset--spacing--50);margin-bottom:var(--wp--preset--spacing--50);padding-top:0;padding-bottom:0\">\n<div class=\"wp-block-column is-layout-flow wp-block-column-is-layout-flow\" style=\"flex-basis:50%\">\n<figure class=\"wp-block-gallery has-nested-images columns-2 wp-block-gallery-1 is-layout-flex wp-block-gallery-is-layout-flex\">\n<figure class=\"wp-block-image size-large has-custom-border is-style-rounded\"><img loading=\"lazy\" decoding=\"async\" width=\"1024\" height=\"683\" data-id=\"137\" src=\"https:\/\/lafabriek.fr\/wp-content\/uploads\/2024\/10\/LaFabriek-maison-jardin-1024x683.jpg\" alt=\"LaFabriek - Chambre d'h\u00f4tes \u00e0 Canet d'Aude - Narbonne\" class=\"wp-image-137\" style=\"border-radius:10px\" srcset=\"https:\/\/lafabriek.fr\/wp-content\/uploads\/2024\/10\/LaFabriek-maison-jardin-1024x683.jpg 1024w, https:\/\/lafabriek.fr\/wp-content\/uploads\/2024\/10\/LaFabriek-maison-jardin-300x200.jpg 300w, https:\/\/lafabriek.fr\/wp-content\/uploads\/2024\/10\/LaFabriek-maison-jardin-768x513.jpg 768w, https:\/\/lafabriek.fr\/wp-content\/uploads\/2024\/10\/LaFabriek-maison-jardin-1536x1025.jpg 1536w, https:\/\/lafabriek.fr\/wp-content\/uploads\/2024\/10\/LaFabriek-maison-jardin-2048x1367.jpg 2048w\" sizes=\"auto, (max-width: 1024px) 100vw, 1024px\" \/><\/figure>\n\n\n\n<figure class=\"wp-block-image size-large has-custom-border\"><img loading=\"lazy\" decoding=\"async\" width=\"588\" height=\"392\" data-id=\"135\" src=\"https:\/\/lafabriek.fr\/wp-content\/uploads\/2024\/10\/LaFabriek-Els-Eric.jpg\" alt=\"LaFabriek, Els &amp; Eric\" class=\"wp-image-135\" style=\"border-radius:10px\" srcset=\"https:\/\/lafabriek.fr\/wp-content\/uploads\/2024\/10\/LaFabriek-Els-Eric.jpg 588w, https:\/\/lafabriek.fr\/wp-content\/uploads\/2024\/10\/LaFabriek-Els-Eric-300x200.jpg 300w\" sizes=\"auto, (max-width: 588px) 100vw, 588px\" \/><\/figure>\n\n\n\n<figure class=\"wp-block-image size-large has-custom-border\"><img loading=\"lazy\" decoding=\"async\" width=\"1024\" height=\"683\" data-id=\"139\" src=\"https:\/\/lafabriek.fr\/wp-content\/uploads\/2024\/10\/LaFabriek-petit-dejeuner-1024x683.jpg\" alt=\"LaFabriek, petit-d\u00e9jeuner dans la veranda\" class=\"wp-image-139\" style=\"border-radius:10px\" srcset=\"https:\/\/lafabriek.fr\/wp-content\/uploads\/2024\/10\/LaFabriek-petit-dejeuner-1024x683.jpg 1024w, https:\/\/lafabriek.fr\/wp-content\/uploads\/2024\/10\/LaFabriek-petit-dejeuner-300x200.jpg 300w, https:\/\/lafabriek.fr\/wp-content\/uploads\/2024\/10\/LaFabriek-petit-dejeuner-768x513.jpg 768w, https:\/\/lafabriek.fr\/wp-content\/uploads\/2024\/10\/LaFabriek-petit-dejeuner-1536x1025.jpg 1536w, https:\/\/lafabriek.fr\/wp-content\/uploads\/2024\/10\/LaFabriek-petit-dejeuner-2048x1367.jpg 2048w\" sizes=\"auto, (max-width: 1024px) 100vw, 1024px\" \/><\/figure>\n<\/figure>\n<\/div>\n\n\n\n<div class=\"wp-block-column is-vertically-aligned-center has-small-font-size has-global-padding is-layout-constrained wp-block-column-is-layout-constrained\" style=\"flex-basis:50%\">\n<h1 class=\"wp-block-heading has-text-align-center hostinger-ai-title has-color-2-color has-text-color has-link-color has-x-large-font-size wp-elements-0cf346666dadf0480681ea10126d4180\" style=\"margin-bottom:0;padding-top:0;padding-bottom:0\">Welcome at LaFabriek<\/h1>\n\n\n\n<h2 class=\"wp-block-heading has-text-align-center\" style=\"font-size:clamp(14px, 0.875rem + ((1vw - 3.2px) * 0.513), 18px);\">Chambre d&#8217;h\u00f4tes (B&amp;B) at Canet d&#8217;Aude (Narbonne) &#8211; Occitanie &#8211; France<\/h2>\n\n\n\n<p class=\"hostinger-ai-description has-medium-font-size\"><strong>Els (\ud83c\udde7\ud83c\uddea) and Eric (\ud83c\uddeb\ud83c\uddf7) <strong>welcome you to their home, located in the centre of the village of Canet d&#8217;Aude.<\/strong><br><\/strong>\u200b<br>In 2016, they fell in love with this 1890 notary&#8217;s house. Before being renovated by Els and Eric, the house also housed a carpenter&#8217;s workshop.&nbsp;<br><br>Ideally located in the region, the chambre d&#8217;h\u00f4tes (B&amp;B) is just two kilometres from the Canal du Midi. Canet is also close to Narbonne (15 km), Carcassonne and the Mediterranean.<\/p>\n\n\n\n<div class=\"wp-block-buttons alignwide is-content-justification-center is-layout-flex wp-container-core-buttons-is-layout-c124d1c4 wp-block-buttons-is-layout-flex\">\n<div class=\"wp-block-button\"><a class=\"wp-block-button__link has-color-3-color has-text-color has-link-color wp-element-button\" href=\"https:\/\/lafabriek.fr\/en\/rooms-rates\/\">Discover the rooms<\/a><\/div>\n<\/div>\n<\/div>\n<\/div>\n<\/div>\n\n\n\n<div class=\"wp-block-group alignfull has-color-3-background-color has-background has-global-padding is-layout-constrained wp-block-group-is-layout-constrained\" style=\"padding-top:var(--wp--preset--spacing--50);padding-bottom:var(--wp--preset--spacing--50)\">\n<div class=\"wp-block-columns alignwide is-layout-flex wp-container-core-columns-is-layout-e0e4babd wp-block-columns-is-layout-flex\" style=\"padding-right:0;padding-left:0\">\n<div class=\"wp-block-column is-layout-flow wp-container-core-column-is-layout-119bc444 wp-block-column-is-layout-flow\">\n<h3 class=\"wp-block-heading alignwide has-light-color has-text-color has-link-color wp-elements-ce769f7e3b0e85f0a192dffe2c9e5834\" style=\"margin-top:0;margin-right:0;margin-bottom:0;margin-left:0;padding-top:0;padding-right:0;padding-bottom:0;padding-left:0;font-size:clamp(17.905px, 1.119rem + ((1vw - 3.2px) * 1.294), 28px);\">Our rooms<\/h3>\n\n\n\n<p class=\"has-light-color has-text-color has-link-color wp-elements-6fb9e58fd20f077f8868329f8dd55d5f\">We have&nbsp;<strong>3 double bedrooms<\/strong>&nbsp;on the first floor of the house. The second floor has an open room that can be used as a children&#8217;s playroom.<\/p>\n<\/div>\n<\/div>\n\n\n\n<div class=\"wp-block-columns alignwide is-layout-flex wp-container-core-columns-is-layout-28f84493 wp-block-columns-is-layout-flex\">\n<div class=\"wp-block-column is-layout-flow wp-block-column-is-layout-flow\">\n<div class=\"wp-block-group has-global-padding is-layout-constrained wp-container-core-group-is-layout-dca9e85d wp-block-group-is-layout-constrained\" style=\"margin-top:0;margin-bottom:0;padding-top:0;padding-right:0;padding-bottom:0;padding-left:0\">\n<figure class=\"wp-block-image size-large has-custom-border is-style-rounded\"><img loading=\"lazy\" decoding=\"async\" width=\"1024\" height=\"776\" src=\"https:\/\/lafabriek.fr\/wp-content\/uploads\/2024\/10\/LaFabriek-Chambre-bleue-8-1024x776.webp\" alt=\"LaFabriek, chambre bleue\" class=\"wp-image-166\" style=\"border-style:none;border-width:0px;border-radius:10px\" srcset=\"https:\/\/lafabriek.fr\/wp-content\/uploads\/2024\/10\/LaFabriek-Chambre-bleue-8-1024x776.webp 1024w, https:\/\/lafabriek.fr\/wp-content\/uploads\/2024\/10\/LaFabriek-Chambre-bleue-8-300x227.webp 300w, https:\/\/lafabriek.fr\/wp-content\/uploads\/2024\/10\/LaFabriek-Chambre-bleue-8-768x582.webp 768w, https:\/\/lafabriek.fr\/wp-content\/uploads\/2024\/10\/LaFabriek-Chambre-bleue-8.webp 1408w\" sizes=\"auto, (max-width: 1024px) 100vw, 1024px\" \/><\/figure>\n\n\n\n<p class=\"has-light-color has-text-color has-link-color wp-elements-3dc10bb1f6c213308c822f8b45b0187e\" style=\"padding-top:0;padding-right:0;padding-bottom:0;padding-left:0\"><a href=\"https:\/\/lafabriek.fr\/chambres-tarif\/#bleue\"><strong>Chambre bleue<\/strong><br><\/a>2 person room \u2013 16m<sup>2<\/sup>&nbsp;\u2013 Queen size bed<\/p>\n<\/div>\n<\/div>\n\n\n\n<div class=\"wp-block-column is-layout-flow wp-block-column-is-layout-flow\">\n<div class=\"wp-block-group has-global-padding is-layout-constrained wp-container-core-group-is-layout-346627ba wp-block-group-is-layout-constrained\">\n<figure class=\"wp-block-image size-large has-custom-border is-style-rounded\"><img loading=\"lazy\" decoding=\"async\" width=\"1024\" height=\"776\" src=\"https:\/\/lafabriek.fr\/wp-content\/uploads\/2024\/10\/LaFabriek-Chambre-verte-1-1024x776.webp\" alt=\"LaFabriek, chambre verte\" class=\"wp-image-167\" style=\"border-style:none;border-width:0px;border-radius:10px\" srcset=\"https:\/\/lafabriek.fr\/wp-content\/uploads\/2024\/10\/LaFabriek-Chambre-verte-1-1024x776.webp 1024w, https:\/\/lafabriek.fr\/wp-content\/uploads\/2024\/10\/LaFabriek-Chambre-verte-1-300x227.webp 300w, https:\/\/lafabriek.fr\/wp-content\/uploads\/2024\/10\/LaFabriek-Chambre-verte-1-768x582.webp 768w, https:\/\/lafabriek.fr\/wp-content\/uploads\/2024\/10\/LaFabriek-Chambre-verte-1.webp 1408w\" sizes=\"auto, (max-width: 1024px) 100vw, 1024px\" \/><\/figure>\n\n\n\n<p class=\"has-light-color has-text-color has-link-color wp-elements-be3d4b8f95abe4315ec8cbf94b438ba8\"><a href=\"https:\/\/lafabriek.fr\/chambres-tarif\/#verte\"><strong>Chambre verte<\/strong><br><\/a>2 person room \u2013 15m<sup>2<\/sup>&nbsp;\u2013 Queen size bed<\/p>\n<\/div>\n<\/div>\n\n\n\n<div class=\"wp-block-column is-layout-flow wp-block-column-is-layout-flow\">\n<div class=\"wp-block-group has-global-padding is-layout-constrained wp-container-core-group-is-layout-346627ba wp-block-group-is-layout-constrained\">\n<figure class=\"wp-block-image size-large has-custom-border\"><img loading=\"lazy\" decoding=\"async\" width=\"1024\" height=\"776\" src=\"https:\/\/lafabriek.fr\/wp-content\/uploads\/2024\/10\/LaFabriek-Chambre-sable-1-1-1024x776.webp\" alt=\"LaFabriek, chambre sable\" class=\"wp-image-168\" style=\"border-style:none;border-width:0px;border-radius:10px\" srcset=\"https:\/\/lafabriek.fr\/wp-content\/uploads\/2024\/10\/LaFabriek-Chambre-sable-1-1-1024x776.webp 1024w, https:\/\/lafabriek.fr\/wp-content\/uploads\/2024\/10\/LaFabriek-Chambre-sable-1-1-300x227.webp 300w, https:\/\/lafabriek.fr\/wp-content\/uploads\/2024\/10\/LaFabriek-Chambre-sable-1-1-768x582.webp 768w, https:\/\/lafabriek.fr\/wp-content\/uploads\/2024\/10\/LaFabriek-Chambre-sable-1-1.webp 1408w\" sizes=\"auto, (max-width: 1024px) 100vw, 1024px\" \/><\/figure>\n\n\n\n<p class=\"has-light-color has-text-color has-link-color wp-elements-d85fa4ca41fc4c0ac1b15764c7195e31\"><a href=\"https:\/\/lafabriek.fr\/chambres-tarif\/#sable\"><strong>Chambre sable<\/strong><br><\/a>2 person room \u2013 15m<sup>2<\/sup>&nbsp;\u2013 Double bed<\/p>\n<\/div>\n<\/div>\n<\/div>\n\n\n\n<div class=\"wp-block-buttons is-content-justification-center is-layout-flex wp-container-core-buttons-is-layout-a89b3969 wp-block-buttons-is-layout-flex\">\n<div class=\"wp-block-button is-style-fill\"><a class=\"wp-block-button__link has-color-2-color has-light-background-color has-text-color has-background has-link-color has-text-align-center wp-element-button\" href=\"https:\/\/lafabriek.fr\/en\/rooms-rates\/\">Discover our rooms<\/a><\/div>\n<\/div>\n<\/div>\n\n\n\n<div class=\"wp-block-group alignwide has-global-padding is-layout-constrained wp-container-core-group-is-layout-0757f401 wp-block-group-is-layout-constrained\" style=\"padding-top:var(--wp--preset--spacing--50);padding-right:0;padding-bottom:var(--wp--preset--spacing--50);padding-left:0\">\n<h4 class=\"wp-block-heading alignwide\" style=\"font-size:clamp(17.905px, 1.119rem + ((1vw - 3.2px) * 1.294), 28px);\">We offer you&#8230;<\/h4>\n\n\n\n<div class=\"wp-block-group alignwide is-layout-grid wp-container-core-group-is-layout-e1fefd85 wp-block-group-is-layout-grid\" style=\"padding-top:0;padding-right:var(--wp--preset--spacing--50);padding-bottom:0;padding-left:var(--wp--preset--spacing--50)\">\n<p class=\"has-text-align-center\"><i class=\"fas fa-mug-hot\"><\/i><br><strong>Homemade breakfast<\/strong><\/p>\n\n\n\n<p class=\"has-text-align-center\"><i class=\"fas fa-utensils\"><\/i><br><strong>Table d&#8217;h\u00f4tes<\/strong><br>(on request)<\/p>\n\n\n\n<p class=\"has-text-align-center wp-container-content-5acd83a7\"><i class=\"fas fa-cake-candles\"><\/i><br><strong>Pies &amp; p\u00e2tisseries<\/strong><br>(on request : birthdays, &#8230;)<\/p>\n\n\n\n<p class=\"has-text-align-center\"><i class=\"fas fa-tree\"><\/i><br><strong>Garden<\/strong><\/p>\n\n\n\n<p class=\"has-text-align-center\"><i class=\"fas fa-water-ladder\"><\/i><br><strong>Pool<\/strong><\/p>\n\n\n\n<p class=\"has-text-align-center\"><i class=\"fas fa-puzzle-piece\"><\/i><br><strong>Playroom for children<\/strong><\/p>\n\n\n\n<p class=\"has-text-align-center\"><i class=\"fas fa-route\"><\/i><br><strong>Petanque field<\/strong><\/p>\n\n\n\n<p class=\"has-text-align-center\"><i class=\"fas fa-wifi\"><\/i><br><strong>Wifi <\/strong><br>(fiber connection)<\/p>\n\n\n\n<p class=\"has-text-align-center\"><i class=\"fas fa-square-parking\"><\/i><br><strong>Free public parking<\/strong><\/p>\n\n\n\n<p class=\"has-text-align-center\"><i class=\"fas fa-bicycle\"><\/i><br><strong>Garage &amp; workshop for bikes &amp; motorbikes<\/strong> <\/p>\n<\/div>\n<\/div>\n\n\n\n<div class=\"wp-block-group alignfull has-color-2-background-color has-background has-global-padding is-layout-constrained wp-block-group-is-layout-constrained\" style=\"margin-top:0;margin-bottom:0;padding-top:var(--wp--preset--spacing--50);padding-bottom:var(--wp--preset--spacing--50)\">\n<div class=\"wp-block-columns alignwide is-layout-flex wp-container-core-columns-is-layout-e0e4babd wp-block-columns-is-layout-flex\" style=\"padding-right:0;padding-left:0\">\n<div class=\"wp-block-column is-vertically-aligned-center is-layout-flow wp-container-core-column-is-layout-119bc444 wp-block-column-is-layout-flow\">\n<figure class=\"wp-block-image aligncenter size-full is-resized has-custom-border is-style-rounded\"><img loading=\"lazy\" decoding=\"async\" width=\"1000\" height=\"1000\" src=\"https:\/\/lafabriek.fr\/wp-content\/uploads\/2024\/11\/LaFabriek-Atelier-patisserie-tarte-tartelettes.jpg\" alt=\"\" class=\"wp-image-526\" style=\"border-radius:10px;width:384px;height:auto\" srcset=\"https:\/\/lafabriek.fr\/wp-content\/uploads\/2024\/11\/LaFabriek-Atelier-patisserie-tarte-tartelettes.jpg 1000w, https:\/\/lafabriek.fr\/wp-content\/uploads\/2024\/11\/LaFabriek-Atelier-patisserie-tarte-tartelettes-300x300.jpg 300w, https:\/\/lafabriek.fr\/wp-content\/uploads\/2024\/11\/LaFabriek-Atelier-patisserie-tarte-tartelettes-150x150.jpg 150w, https:\/\/lafabriek.fr\/wp-content\/uploads\/2024\/11\/LaFabriek-Atelier-patisserie-tarte-tartelettes-768x768.jpg 768w\" sizes=\"auto, (max-width: 1000px) 100vw, 1000px\" \/><\/figure>\n<\/div>\n\n\n\n<div class=\"wp-block-column is-vertically-aligned-center is-layout-flow wp-container-core-column-is-layout-119bc444 wp-block-column-is-layout-flow\">\n<h3 class=\"wp-block-heading alignwide has-light-color has-text-color has-link-color wp-elements-857de6cd68ec0c536fcc664cdcf8657b\" style=\"margin-top:0;margin-right:0;margin-bottom:0;margin-left:0;padding-top:0;padding-right:0;padding-bottom:0;padding-left:0;font-size:clamp(17.905px, 1.119rem + ((1vw - 3.2px) * 1.294), 28px);\">Patisserie workshop<\/h3>\n\n\n\n<p class=\"has-light-color has-text-color has-link-color wp-elements-dc63fd5e7b8e9d1123a093cc2f3717b0\">Do you love to cook or would you like to learn to bake like a pro? Looking for an activity to give as a gift? LaFabriek offers patisserie workshops in our chambre d&#8217;h\u00f4tes (B&amp;B) in Canet.<br><br>We regularly change the subject of the workshops, depending on the season and demand. Current workshops: pies &amp; tarts, Yule log and Galette des rois.<\/p>\n\n\n\n<div class=\"wp-block-buttons is-layout-flex wp-block-buttons-is-layout-flex\">\n<div class=\"wp-block-button\"><a class=\"wp-block-button__link has-color-3-color has-light-background-color has-text-color has-background has-link-color wp-element-button\" href=\"https:\/\/lafabriek.fr\/en\/patisserie-workshop\/\">More information on our patisserie workshops<\/a><\/div>\n<\/div>\n<\/div>\n<\/div>\n<\/div>\n\n\n\n<div class=\"wp-block-group alignfull has-global-padding is-layout-constrained wp-block-group-is-layout-constrained\" style=\"margin-top:var(--wp--preset--spacing--50);margin-bottom:var(--wp--preset--spacing--50)\">\n<div class=\"wp-block-columns alignwide is-layout-flex wp-container-core-columns-is-layout-e242d015 wp-block-columns-is-layout-flex\" style=\"padding-top:var(--wp--preset--spacing--50);padding-right:0;padding-bottom:var(--wp--preset--spacing--50);padding-left:0\">\n<div class=\"wp-block-column is-layout-flow wp-container-core-column-is-layout-119bc444 wp-block-column-is-layout-flow\">\n<h3 class=\"wp-block-heading alignwide has-black-color has-text-color has-link-color wp-elements-baf4ee63ff56e1fdd1042eb36d157006\" style=\"margin-top:0;margin-right:0;margin-bottom:0;margin-left:0;padding-top:0;padding-right:0;padding-bottom:0;padding-left:0;font-size:clamp(17.905px, 1.119rem + ((1vw - 3.2px) * 1.294), 28px);\">Activities<\/h3>\n\n\n\n<p class=\"has-black-color has-text-color has-link-color wp-elements-6b08098ff3ef608891471b6726e208ea\">For over 10 years,&nbsp;<strong>we&#8217;ve been exploring the Occitanie region, and particularly the Aude, for the very best addresses.<\/strong> Wine estates, lost villages, restaurants, cultural activities.&nbsp;<strong>We particularly enjoy sharing with our guests these places that are so close to our hearts.<\/strong><\/p>\n<\/div>\n<\/div>\n\n\n\n<div class=\"wp-block-group alignwide is-layout-grid wp-container-core-group-is-layout-cbbafcb1 wp-block-group-is-layout-grid\" style=\"border-style:none;border-width:0px;margin-top:var(--wp--preset--spacing--40);margin-bottom:var(--wp--preset--spacing--40)\">\n<div class=\"wp-block-columns is-layout-flex wp-container-core-columns-is-layout-65eef5bf wp-block-columns-is-layout-flex\">\n<div class=\"wp-block-column is-layout-flow wp-container-core-column-is-layout-119bc444 wp-block-column-is-layout-flow\" style=\"flex-basis:100%\">\n<figure class=\"wp-block-image size-full\"><img loading=\"lazy\" decoding=\"async\" width=\"1000\" height=\"667\" src=\"https:\/\/lafabriek.fr\/wp-content\/uploads\/2024\/10\/LaFabriek-Activites.jpg\" alt=\"\" class=\"wp-image-314\" srcset=\"https:\/\/lafabriek.fr\/wp-content\/uploads\/2024\/10\/LaFabriek-Activites.jpg 1000w, https:\/\/lafabriek.fr\/wp-content\/uploads\/2024\/10\/LaFabriek-Activites-300x200.jpg 300w, https:\/\/lafabriek.fr\/wp-content\/uploads\/2024\/10\/LaFabriek-Activites-768x512.jpg 768w\" sizes=\"auto, (max-width: 1000px) 100vw, 1000px\" \/><\/figure>\n\n\n\n<p class=\"has-text-align-center\"><strong>Discover the Aude<br><\/strong>Our magnificent department is full of gems and cultural activities.<\/p>\n\n\n\n<div class=\"wp-block-buttons is-content-justification-center is-layout-flex wp-container-core-buttons-is-layout-a89b3969 wp-block-buttons-is-layout-flex\">\n<div class=\"wp-block-button\"><a class=\"wp-block-button__link has-color-2-color has-light-background-color has-text-color has-background has-link-color wp-element-button\" href=\"https:\/\/lafabriek.fr\/activites-decouverte-de-laude\/\">Read the article<\/a><\/div>\n<\/div>\n<\/div>\n<\/div>\n\n\n\n<div class=\"wp-block-columns is-layout-flex wp-container-core-columns-is-layout-28f84493 wp-block-columns-is-layout-flex\">\n<div class=\"wp-block-column is-layout-flow wp-container-core-column-is-layout-119bc444 wp-block-column-is-layout-flow\" style=\"flex-basis:100%\">\n<figure class=\"wp-block-image size-large\"><img loading=\"lazy\" decoding=\"async\" width=\"1024\" height=\"683\" src=\"https:\/\/lafabriek.fr\/wp-content\/uploads\/2024\/10\/LaFabriek-Degustation-vin-1024x683.webp\" alt=\"\" class=\"wp-image-325\" srcset=\"https:\/\/lafabriek.fr\/wp-content\/uploads\/2024\/10\/LaFabriek-Degustation-vin-1024x683.webp 1024w, https:\/\/lafabriek.fr\/wp-content\/uploads\/2024\/10\/LaFabriek-Degustation-vin-300x200.webp 300w, https:\/\/lafabriek.fr\/wp-content\/uploads\/2024\/10\/LaFabriek-Degustation-vin-768x512.webp 768w, https:\/\/lafabriek.fr\/wp-content\/uploads\/2024\/10\/LaFabriek-Degustation-vin.webp 1500w\" sizes=\"auto, (max-width: 1024px) 100vw, 1024px\" \/><\/figure>\n\n\n\n<p class=\"has-text-align-center\"><strong>Wine tasting: our 5 favourite estates<\/strong><br>Here are the wine estates that we highly recommend.<\/p>\n\n\n\n<div class=\"wp-block-buttons is-content-justification-center is-layout-flex wp-container-core-buttons-is-layout-a89b3969 wp-block-buttons-is-layout-flex\">\n<div class=\"wp-block-button\"><a class=\"wp-block-button__link has-color-3-color has-light-background-color has-text-color has-background has-link-color wp-element-button\" href=\"https:\/\/lafabriek.fr\/en\/activities\/wine-tasting-our-5-favourite-estates\/\">Read the article<\/a><\/div>\n<\/div>\n<\/div>\n<\/div>\n\n\n\n<div class=\"wp-block-columns is-layout-flex wp-container-core-columns-is-layout-28f84493 wp-block-columns-is-layout-flex\">\n<div class=\"wp-block-column is-layout-flow wp-container-core-column-is-layout-119bc444 wp-block-column-is-layout-flow\" style=\"flex-basis:100%\">\n<figure class=\"wp-block-image size-large\"><img loading=\"lazy\" decoding=\"async\" width=\"1024\" height=\"683\" src=\"https:\/\/lafabriek.fr\/wp-content\/uploads\/2024\/10\/LaFabriek-Restaurants-preferees-1024x683.webp\" alt=\"\" class=\"wp-image-327\" srcset=\"https:\/\/lafabriek.fr\/wp-content\/uploads\/2024\/10\/LaFabriek-Restaurants-preferees-1024x683.webp 1024w, https:\/\/lafabriek.fr\/wp-content\/uploads\/2024\/10\/LaFabriek-Restaurants-preferees-300x200.webp 300w, https:\/\/lafabriek.fr\/wp-content\/uploads\/2024\/10\/LaFabriek-Restaurants-preferees-768x512.webp 768w, https:\/\/lafabriek.fr\/wp-content\/uploads\/2024\/10\/LaFabriek-Restaurants-preferees.webp 1500w\" sizes=\"auto, (max-width: 1024px) 100vw, 1024px\" \/><\/figure>\n\n\n\n<p class=\"has-text-align-center\"><strong>Our favourite restaurants<\/strong><br>Finding the best addresses,<br>one of our passions.<\/p>\n\n\n\n<div class=\"wp-block-buttons is-content-justification-center is-layout-flex wp-container-core-buttons-is-layout-a89b3969 wp-block-buttons-is-layout-flex\">\n<div class=\"wp-block-button\"><a class=\"wp-block-button__link has-color-3-color has-light-background-color has-text-color has-background has-link-color wp-element-button\" href=\"https:\/\/lafabriek.fr\/en\/activities\/our-favourite-restaurants\/\">Read the article<\/a><\/div>\n<\/div>\n<\/div>\n<\/div>\n\n\n\n<div class=\"wp-block-columns is-layout-flex wp-container-core-columns-is-layout-28f84493 wp-block-columns-is-layout-flex\">\n<div class=\"wp-block-column is-layout-flow wp-container-core-column-is-layout-119bc444 wp-block-column-is-layout-flow\" style=\"flex-basis:100%\">\n<figure class=\"wp-block-image size-large\"><img loading=\"lazy\" decoding=\"async\" width=\"1024\" height=\"683\" src=\"https:\/\/lafabriek.fr\/wp-content\/uploads\/2024\/10\/LaFabriek-Balades-velo-1024x683.webp\" alt=\"\" class=\"wp-image-329\" srcset=\"https:\/\/lafabriek.fr\/wp-content\/uploads\/2024\/10\/LaFabriek-Balades-velo-1024x683.webp 1024w, https:\/\/lafabriek.fr\/wp-content\/uploads\/2024\/10\/LaFabriek-Balades-velo-300x200.webp 300w, https:\/\/lafabriek.fr\/wp-content\/uploads\/2024\/10\/LaFabriek-Balades-velo-768x512.webp 768w, https:\/\/lafabriek.fr\/wp-content\/uploads\/2024\/10\/LaFabriek-Balades-velo.webp 1500w\" sizes=\"auto, (max-width: 1024px) 100vw, 1024px\" \/><\/figure>\n\n\n\n<p class=\"has-text-align-center\"><strong>Bike rides<\/strong><br>On the beach, along the<br>Canal du Midi, in the Corbi\u00e8res, \u2026<\/p>\n\n\n\n<div class=\"wp-block-buttons is-content-justification-center is-layout-flex wp-container-core-buttons-is-layout-a89b3969 wp-block-buttons-is-layout-flex\">\n<div class=\"wp-block-button\"><a class=\"wp-block-button__link has-color-3-color has-light-background-color has-text-color has-background has-link-color wp-element-button\" href=\"https:\/\/lafabriek.fr\/en\/activities\/bike-rides\/\">Read the article<\/a><\/div>\n<\/div>\n<\/div>\n<\/div>\n\n\n\n<div class=\"wp-block-columns is-layout-flex wp-container-core-columns-is-layout-65eef5bf wp-block-columns-is-layout-flex\">\n<div class=\"wp-block-column is-layout-flow wp-container-core-column-is-layout-119bc444 wp-block-column-is-layout-flow\" style=\"flex-basis:100%\">\n<figure class=\"wp-block-image size-large\"><img loading=\"lazy\" decoding=\"async\" width=\"1024\" height=\"683\" src=\"https:\/\/lafabriek.fr\/wp-content\/uploads\/2024\/10\/LaFabriek-Activites-enfants-1024x683.webp\" alt=\"\" class=\"wp-image-328\" srcset=\"https:\/\/lafabriek.fr\/wp-content\/uploads\/2024\/10\/LaFabriek-Activites-enfants-1024x683.webp 1024w, https:\/\/lafabriek.fr\/wp-content\/uploads\/2024\/10\/LaFabriek-Activites-enfants-300x200.webp 300w, https:\/\/lafabriek.fr\/wp-content\/uploads\/2024\/10\/LaFabriek-Activites-enfants-768x512.webp 768w, https:\/\/lafabriek.fr\/wp-content\/uploads\/2024\/10\/LaFabriek-Activites-enfants.webp 1503w\" sizes=\"auto, (max-width: 1024px) 100vw, 1024px\" \/><\/figure>\n\n\n\n<p class=\"has-text-align-center\"><strong>Activit\u00e9s pour enfants<\/strong><br>Family trips for all ages.<\/p>\n\n\n\n<div class=\"wp-block-buttons is-content-justification-center is-layout-flex wp-container-core-buttons-is-layout-a89b3969 wp-block-buttons-is-layout-flex\">\n<div class=\"wp-block-button\"><a class=\"wp-block-button__link has-color-2-color has-light-background-color has-text-color has-background has-link-color wp-element-button\" href=\"https:\/\/lafabriek.fr\/en\/activities\/activities-for-kids\/\">Read the article<\/a><\/div>\n<\/div>\n<\/div>\n<\/div>\n\n\n\n<div class=\"wp-block-columns is-layout-flex wp-container-core-columns-is-layout-28f84493 wp-block-columns-is-layout-flex\">\n<div class=\"wp-block-column is-layout-flow wp-container-core-column-is-layout-119bc444 wp-block-column-is-layout-flow\" style=\"flex-basis:100%\">\n<figure class=\"wp-block-image size-large\"><img loading=\"lazy\" decoding=\"async\" width=\"1024\" height=\"683\" src=\"https:\/\/lafabriek.fr\/wp-content\/uploads\/2024\/10\/LaFabriek-Randonnees.jpg-1024x683.webp\" alt=\"\" class=\"wp-image-326\" srcset=\"https:\/\/lafabriek.fr\/wp-content\/uploads\/2024\/10\/LaFabriek-Randonnees.jpg-1024x683.webp 1024w, https:\/\/lafabriek.fr\/wp-content\/uploads\/2024\/10\/LaFabriek-Randonnees.jpg-300x200.webp 300w, https:\/\/lafabriek.fr\/wp-content\/uploads\/2024\/10\/LaFabriek-Randonnees.jpg-768x512.webp 768w, https:\/\/lafabriek.fr\/wp-content\/uploads\/2024\/10\/LaFabriek-Randonnees.jpg.webp 1503w\" sizes=\"auto, (max-width: 1024px) 100vw, 1024px\" \/><\/figure>\n\n\n\n<p class=\"has-text-align-center\"><strong>Beautiful hikes<\/strong><br>Discover the most beautiful hikes in our region.&nbsp;There\u2019s something for everyone.<\/p>\n\n\n\n<div class=\"wp-block-buttons is-content-justification-center is-layout-flex wp-container-core-buttons-is-layout-a89b3969 wp-block-buttons-is-layout-flex\">\n<div class=\"wp-block-button\"><a class=\"wp-block-button__link has-color-3-color has-light-background-color has-text-color has-background has-link-color wp-element-button\" href=\"https:\/\/lafabriek.fr\/en\/activities\/beautiful-hikes\/\">Read the article<\/a><\/div>\n<\/div>\n<\/div>\n<\/div>\n<\/div>\n<\/div>\n\n\n\n<hr class=\"wp-block-separator alignfull has-alpha-channel-opacity is-style-wide\"\/>\n\n\n\n<div class=\"wp-block-group alignfull has-black-color has-light-background-color has-text-color has-background has-link-color wp-elements-0f74cb96bee6a0c5070a326c91d1bb81 has-global-padding is-layout-constrained wp-container-core-group-is-layout-19e250f3 wp-block-group-is-layout-constrained\">\n<div class=\"wp-block-columns alignwide has-black-color has-text-color has-link-color wp-elements-c41c6566ed7f2847862095297f2bfd4d is-layout-flex wp-container-core-columns-is-layout-44590b80 wp-block-columns-is-layout-flex\" style=\"margin-top:0;margin-bottom:0;padding-top:0;padding-bottom:0\">\n<div class=\"wp-block-column is-layout-flow wp-block-column-is-layout-flow\" style=\"padding-top:var(--wp--preset--spacing--40);padding-bottom:var(--wp--preset--spacing--40)\">\n<h4 class=\"wp-block-heading\" style=\"font-size:clamp(15.747px, 0.984rem + ((1vw - 3.2px) * 1.058), 24px);\">Not quite convinced yet? Read our guests\u2019 reviews here \ud83d\ude09<\/h4>\n<\/div>\n<\/div>\n\n\n\n<div class=\"wp-block-columns alignwide is-layout-flex wp-container-core-columns-is-layout-28f84493 wp-block-columns-is-layout-flex\">\n<div class=\"wp-block-column is-layout-flow wp-block-column-is-layout-flow\"><pre class=\"ti-widget\"><template id=\"trustindex-google-widget-html\"><div class=\" ti-widget  ti-goog ti-disable-font ti-show-rating-text ti-review-text-mode-readmore ti-text-align-left\" data-no-translation=\"true\" data-plugin-version=\"13.2.7\" data-layout-id=\"5\" data-layout-category=\"slider\" data-set-id=\"light-minimal\" data-pid=\"\" data-language=\"fr\" data-close-locale=\"Fermer\" data-review-target-width=\"275\" data-css-version=\"2\" data-reply-by-locale=\"R\u00e9ponse du propri\u00e9taire\" data-only-rating-locale=\"Cet utilisateur a uniquement laiss\u00e9 une \u00e9valuation.\" data-pager-autoplay-timeout=\"6\"> <div class=\"ti-widget-container ti-col-4\"> <div class=\"ti-footer ti-footer-grid source-Google\"> <div class=\"ti-fade-container\"> <div class=\"ti-rating-text\"> <strong class=\"ti-rating ti-rating-large\"> EXCELLENT <\/strong> <\/div> <span class=\"ti-stars star-lg\"><trustindex-image class=\"ti-star\" data-imgurl=\"https:\/\/cdn.trustindex.io\/assets\/platform\/Google\/star\/f.svg\" alt=\"Google\" width=\"17\" height=\"17\" loading=\"lazy\"><\/trustindex-image><trustindex-image class=\"ti-star\" data-imgurl=\"https:\/\/cdn.trustindex.io\/assets\/platform\/Google\/star\/f.svg\" alt=\"Google\" width=\"17\" height=\"17\" loading=\"lazy\"><\/trustindex-image><trustindex-image class=\"ti-star\" data-imgurl=\"https:\/\/cdn.trustindex.io\/assets\/platform\/Google\/star\/f.svg\" alt=\"Google\" width=\"17\" height=\"17\" loading=\"lazy\"><\/trustindex-image><trustindex-image class=\"ti-star\" data-imgurl=\"https:\/\/cdn.trustindex.io\/assets\/platform\/Google\/star\/f.svg\" alt=\"Google\" width=\"17\" height=\"17\" loading=\"lazy\"><\/trustindex-image><trustindex-image class=\"ti-star\" data-imgurl=\"https:\/\/cdn.trustindex.io\/assets\/platform\/Google\/star\/f.svg\" alt=\"Google\" width=\"17\" height=\"17\" loading=\"lazy\"><\/trustindex-image><\/span> <div class=\"ti-rating-text\"> <span class=\"nowrap\">Bas\u00e9e sur <strong>29 avis<\/strong><\/span> <\/div> <div class=\"ti-large-logo\"> <div class=\"ti-v-center\"> <trustindex-image class=\"ti-logo-fb\" data-imgurl=\"https:\/\/cdn.trustindex.io\/assets\/platform\/Google\/logo.svg\" width=\"150\" height=\"25\" loading=\"lazy\" alt=\"Google\"><\/trustindex-image> <\/div> <\/div> <\/div> <\/div> <div class=\"ti-reviews-container\"> <div class=\"ti-controls\"> <div class=\"ti-next\" aria-label=\"Avis suivante\" role=\"button\" tabindex=\"0\"><\/div> <div class=\"ti-prev\" aria-label=\"Avis pr\u00e9c\u00e9dent\" role=\"button\" tabindex=\"0\"><\/div> <\/div> <div class=\"ti-reviews-container-wrapper\">  <div data-empty=\"0\" class=\"ti-review-item source-Google ti-image-layout-thumbnail\" data-id=\"cfcd208495d565ef66e7dff9f98764da\"> <div class=\"ti-inner\"> <div class=\"ti-review-header\"> <div class=\"ti-platform-icon ti-with-tooltip\"> <span class=\"ti-tooltip\">Publi\u00e9 sur <\/span> <trustindex-image data-imgurl=\"https:\/\/cdn.trustindex.io\/assets\/platform\/Google\/icon.svg\" alt=\"\" width=\"20\" height=\"20\" loading=\"lazy\"><\/trustindex-image> <\/div> <div class=\"ti-profile-img\"> <trustindex-image data-imgurl=\"https:\/\/lh3.googleusercontent.com\/a\/ACg8ocJfxw56WyI-XBKYFkv_B8LhpVQSItShbPPmorwfDR06pq09mg=w40-h40-c-rp-mo-br100\" alt=\"Ancel Laetitia profile picture\" loading=\"lazy\"><\/trustindex-image> <\/div> <div class=\"ti-profile-details\"> <div class=\"ti-name\"> Ancel Laetitia <\/div> <div class=\"ti-date\">13\/08\/2024<\/div> <\/div> <\/div> <span class=\"ti-stars\"><trustindex-image class=\"ti-star\" data-imgurl=\"https:\/\/cdn.trustindex.io\/assets\/platform\/Google\/star\/f.svg\" alt=\"Google\" width=\"17\" height=\"17\" loading=\"lazy\"><\/trustindex-image><trustindex-image class=\"ti-star\" data-imgurl=\"https:\/\/cdn.trustindex.io\/assets\/platform\/Google\/star\/f.svg\" alt=\"Google\" width=\"17\" height=\"17\" loading=\"lazy\"><\/trustindex-image><trustindex-image class=\"ti-star\" data-imgurl=\"https:\/\/cdn.trustindex.io\/assets\/platform\/Google\/star\/f.svg\" alt=\"Google\" width=\"17\" height=\"17\" loading=\"lazy\"><\/trustindex-image><trustindex-image class=\"ti-star\" data-imgurl=\"https:\/\/cdn.trustindex.io\/assets\/platform\/Google\/star\/f.svg\" alt=\"Google\" width=\"17\" height=\"17\" loading=\"lazy\"><\/trustindex-image><trustindex-image class=\"ti-star\" data-imgurl=\"https:\/\/cdn.trustindex.io\/assets\/platform\/Google\/star\/f.svg\" alt=\"Google\" width=\"17\" height=\"17\" loading=\"lazy\"><\/trustindex-image><span class=\"ti-verified-review ti-verified-platform\"><span class=\"ti-verified-tooltip\">Trustindex v\u00e9rifie que la source originale de l'avis est Google.<\/span><\/span><\/span> <div class=\"ti-review-text-container ti-review-content\"><!-- R-CONTENT -->Nous sommes arriv\u00e9s pour 6 nuits avec notre petite fille et nous sommes repartis avec la larme \u00e0 l\u2019\u0153il !\nEls et \u00c9ric sont des personnes adorables, \u00e0 l\u2019\u00e9coute et aux petits soins pour leurs h\u00f4tes et leurs enfants ! La maison est un vrai bijou ainsi que le jardin. Les petits d\u00e9jeuners sont d\u00e9licieux avec de nombreuses p\u00e2tisseries faites par Els.\nComme dirait notre fille : c\u2019est trop bien chez copain \u00c9ric !\nJ\u2019en profite pour les remercier du temps qu\u2019ils ont pass\u00e9 \u00e0 jouer avec notre fille \u2026\nJe recommande \u00e0 1000%.<!-- R-CONTENT --><\/div> <span class=\"ti-read-more\" data-container=\".ti-review-content\" data-collapse-text=\"Cacher\" data-open-text=\"Lire la suite\"><\/span> <\/div> <\/div>  <div data-empty=\"0\" class=\"ti-review-item source-Google ti-image-layout-thumbnail\" data-id=\"cfcd208495d565ef66e7dff9f98764da\"> <div class=\"ti-inner\"> <div class=\"ti-review-header\"> <div class=\"ti-platform-icon ti-with-tooltip\"> <span class=\"ti-tooltip\">Publi\u00e9 sur <\/span> <trustindex-image data-imgurl=\"https:\/\/cdn.trustindex.io\/assets\/platform\/Google\/icon.svg\" alt=\"\" width=\"20\" height=\"20\" loading=\"lazy\"><\/trustindex-image> <\/div> <div class=\"ti-profile-img\"> <trustindex-image data-imgurl=\"https:\/\/lh3.googleusercontent.com\/a\/ACg8ocJK5WnuTG2FlGniU6yTfwYW1-JpDcWO-ekwGsFzsBj-voh5Ww=w40-h40-c-rp-mo-br100\" alt=\"Mariana Dominguez Salas profile picture\" loading=\"lazy\"><\/trustindex-image> <\/div> <div class=\"ti-profile-details\"> <div class=\"ti-name\"> Mariana Dominguez Salas <\/div> <div class=\"ti-date\">01\/08\/2024<\/div> <\/div> <\/div> <span class=\"ti-stars\"><trustindex-image class=\"ti-star\" data-imgurl=\"https:\/\/cdn.trustindex.io\/assets\/platform\/Google\/star\/f.svg\" alt=\"Google\" width=\"17\" height=\"17\" loading=\"lazy\"><\/trustindex-image><trustindex-image class=\"ti-star\" data-imgurl=\"https:\/\/cdn.trustindex.io\/assets\/platform\/Google\/star\/f.svg\" alt=\"Google\" width=\"17\" height=\"17\" loading=\"lazy\"><\/trustindex-image><trustindex-image class=\"ti-star\" data-imgurl=\"https:\/\/cdn.trustindex.io\/assets\/platform\/Google\/star\/f.svg\" alt=\"Google\" width=\"17\" height=\"17\" loading=\"lazy\"><\/trustindex-image><trustindex-image class=\"ti-star\" data-imgurl=\"https:\/\/cdn.trustindex.io\/assets\/platform\/Google\/star\/f.svg\" alt=\"Google\" width=\"17\" height=\"17\" loading=\"lazy\"><\/trustindex-image><trustindex-image class=\"ti-star\" data-imgurl=\"https:\/\/cdn.trustindex.io\/assets\/platform\/Google\/star\/f.svg\" alt=\"Google\" width=\"17\" height=\"17\" loading=\"lazy\"><\/trustindex-image><span class=\"ti-verified-review ti-verified-platform\"><span class=\"ti-verified-tooltip\">Trustindex v\u00e9rifie que la source originale de l'avis est Google.<\/span><\/span><\/span> <div class=\"ti-review-text-container ti-review-content\"><!-- R-CONTENT -->An Unforgettable Stay!\n\nOur experience at this charming B&amp;B was truly exceptional. Traveling by car with our 18-month-old and my parents, we found this gem to be the perfect haven for our journey.\n\nEls and Eric are incredible hosts, whose warmth and hospitality made us feel instantly at home. Every corner of their beautiful property is thoughtfully designed, with attention to detail that adds a touch of magic to the stay. The rooms were immaculate and adorned with unique, personal touches that made our stay comfortable and memorable.\n\nOne of the highlights was Els' incredible cooking. Each meal was a delightful culinary experience, prepared with love and showcasing local flavors. We eagerly looked forward to every bite and regretted that we couldn\u2019t stay longer to savor more of her delectable dishes.\n\nThis B&amp;B is a real treasure, offering a blend of comfort, elegance, and genuine hospitality. If only we had known how wonderful our stay would be, we would have planned for a longer visit. Without a doubt, this is a five-star experience that we highly recommend to anyone seeking a memorable and enchanting retreat.\n\nThank you, Els and Eric, for making our stay so special. We can\u2019t wait to return!<!-- R-CONTENT --><\/div> <span class=\"ti-read-more\" data-container=\".ti-review-content\" data-collapse-text=\"Cacher\" data-open-text=\"Lire la suite\"><\/span> <\/div> <\/div>  <div data-empty=\"0\" class=\"ti-review-item source-Google ti-image-layout-thumbnail\" data-id=\"cfcd208495d565ef66e7dff9f98764da\"> <div class=\"ti-inner\"> <div class=\"ti-review-header\"> <div class=\"ti-platform-icon ti-with-tooltip\"> <span class=\"ti-tooltip\">Publi\u00e9 sur <\/span> <trustindex-image data-imgurl=\"https:\/\/cdn.trustindex.io\/assets\/platform\/Google\/icon.svg\" alt=\"\" width=\"20\" height=\"20\" loading=\"lazy\"><\/trustindex-image> <\/div> <div class=\"ti-profile-img\"> <trustindex-image data-imgurl=\"https:\/\/lh3.googleusercontent.com\/a\/ACg8ocKt50CTWmucUUFG4fUvlucovrYKgGG_7r4dkhuYPSnKIIdR0w=w40-h40-c-rp-mo-br100\" alt=\"Marie PL profile picture\" loading=\"lazy\"><\/trustindex-image> <\/div> <div class=\"ti-profile-details\"> <div class=\"ti-name\"> Marie PL <\/div> <div class=\"ti-date\">30\/07\/2024<\/div> <\/div> <\/div> <span class=\"ti-stars\"><trustindex-image class=\"ti-star\" data-imgurl=\"https:\/\/cdn.trustindex.io\/assets\/platform\/Google\/star\/f.svg\" alt=\"Google\" width=\"17\" height=\"17\" loading=\"lazy\"><\/trustindex-image><trustindex-image class=\"ti-star\" data-imgurl=\"https:\/\/cdn.trustindex.io\/assets\/platform\/Google\/star\/f.svg\" alt=\"Google\" width=\"17\" height=\"17\" loading=\"lazy\"><\/trustindex-image><trustindex-image class=\"ti-star\" data-imgurl=\"https:\/\/cdn.trustindex.io\/assets\/platform\/Google\/star\/f.svg\" alt=\"Google\" width=\"17\" height=\"17\" loading=\"lazy\"><\/trustindex-image><trustindex-image class=\"ti-star\" data-imgurl=\"https:\/\/cdn.trustindex.io\/assets\/platform\/Google\/star\/f.svg\" alt=\"Google\" width=\"17\" height=\"17\" loading=\"lazy\"><\/trustindex-image><trustindex-image class=\"ti-star\" data-imgurl=\"https:\/\/cdn.trustindex.io\/assets\/platform\/Google\/star\/f.svg\" alt=\"Google\" width=\"17\" height=\"17\" loading=\"lazy\"><\/trustindex-image><span class=\"ti-verified-review ti-verified-platform\"><span class=\"ti-verified-tooltip\">Trustindex v\u00e9rifie que la source originale de l'avis est Google.<\/span><\/span><\/span> <div class=\"ti-review-text-container ti-review-content\"><!-- R-CONTENT -->Super chambres d'h\u00f4tes!\nEls et \u00c9ric nous ont tr\u00e8s bien accueillis avec pleins de gentilles attentions. La maison a beaucoup de charme. Elle est tr\u00e8s confortable et tr\u00e8s bien entretenue.\nLe petit d\u00e9jeuner \u00e9tait tr\u00e8s complet, de quoi satisfaire tout le monde! Le jardin offre diff\u00e9rents endroits pour se poser ou fl\u00e2ner. Je recommande vivement !!<!-- R-CONTENT --><\/div> <span class=\"ti-read-more\" data-container=\".ti-review-content\" data-collapse-text=\"Cacher\" data-open-text=\"Lire la suite\"><\/span> <\/div> <\/div>  <div data-empty=\"0\" class=\"ti-review-item source-Google ti-image-layout-thumbnail\" data-id=\"cfcd208495d565ef66e7dff9f98764da\"> <div class=\"ti-inner\"> <div class=\"ti-review-header\"> <div class=\"ti-platform-icon ti-with-tooltip\"> <span class=\"ti-tooltip\">Publi\u00e9 sur <\/span> <trustindex-image data-imgurl=\"https:\/\/cdn.trustindex.io\/assets\/platform\/Google\/icon.svg\" alt=\"\" width=\"20\" height=\"20\" loading=\"lazy\"><\/trustindex-image> <\/div> <div class=\"ti-profile-img\"> <trustindex-image data-imgurl=\"https:\/\/lh3.googleusercontent.com\/a-\/ALV-UjWOWaBBIU8DXZjhxive8PbY5pCywSk9Bx5DVzXLPvbicUZioN4o=w40-h40-c-rp-mo-br100\" alt=\"Guillaume Debraize profile picture\" loading=\"lazy\"><\/trustindex-image> <\/div> <div class=\"ti-profile-details\"> <div class=\"ti-name\"> Guillaume Debraize <\/div> <div class=\"ti-date\">17\/09\/2023<\/div> <\/div> <\/div> <span class=\"ti-stars\"><trustindex-image class=\"ti-star\" data-imgurl=\"https:\/\/cdn.trustindex.io\/assets\/platform\/Google\/star\/f.svg\" alt=\"Google\" width=\"17\" height=\"17\" loading=\"lazy\"><\/trustindex-image><trustindex-image class=\"ti-star\" data-imgurl=\"https:\/\/cdn.trustindex.io\/assets\/platform\/Google\/star\/f.svg\" alt=\"Google\" width=\"17\" height=\"17\" loading=\"lazy\"><\/trustindex-image><trustindex-image class=\"ti-star\" data-imgurl=\"https:\/\/cdn.trustindex.io\/assets\/platform\/Google\/star\/f.svg\" alt=\"Google\" width=\"17\" height=\"17\" loading=\"lazy\"><\/trustindex-image><trustindex-image class=\"ti-star\" data-imgurl=\"https:\/\/cdn.trustindex.io\/assets\/platform\/Google\/star\/f.svg\" alt=\"Google\" width=\"17\" height=\"17\" loading=\"lazy\"><\/trustindex-image><trustindex-image class=\"ti-star\" data-imgurl=\"https:\/\/cdn.trustindex.io\/assets\/platform\/Google\/star\/f.svg\" alt=\"Google\" width=\"17\" height=\"17\" loading=\"lazy\"><\/trustindex-image><span class=\"ti-verified-review ti-verified-platform\"><span class=\"ti-verified-tooltip\">Trustindex v\u00e9rifie que la source originale de l'avis est Google.<\/span><\/span><\/span> <div class=\"ti-review-text-container ti-review-content\"><!-- R-CONTENT -->Tr\u00e8s bon week-end chez Els et \u00c9ric ! De passage dans la r\u00e9gion pour un mariage, nous avons \u00e9t\u00e9 tr\u00e8s bien re\u00e7us. Le lieu est plein de charme, et le petit d\u00e9jeuner d\u00e9licieux avec des produits frais et maison !\nMerci pour tout !<!-- R-CONTENT --><\/div> <span class=\"ti-read-more\" data-container=\".ti-review-content\" data-collapse-text=\"Cacher\" data-open-text=\"Lire la suite\"><\/span> <\/div> <\/div>  <div data-empty=\"0\" class=\"ti-review-item source-Google ti-image-layout-thumbnail\" data-id=\"cfcd208495d565ef66e7dff9f98764da\"> <div class=\"ti-inner\"> <div class=\"ti-review-header\"> <div class=\"ti-platform-icon ti-with-tooltip\"> <span class=\"ti-tooltip\">Publi\u00e9 sur <\/span> <trustindex-image data-imgurl=\"https:\/\/cdn.trustindex.io\/assets\/platform\/Google\/icon.svg\" alt=\"\" width=\"20\" height=\"20\" loading=\"lazy\"><\/trustindex-image> <\/div> <div class=\"ti-profile-img\"> <trustindex-image data-imgurl=\"https:\/\/lh3.googleusercontent.com\/a-\/ALV-UjWgSvMGBNiXgaTvkgaZHlcdEY0SwZTcy0aXNMmhM9ch8tMtz1Sv=w40-h40-c-rp-mo-ba4-br100\" alt=\"Jeroen Wellens profile picture\" loading=\"lazy\"><\/trustindex-image> <\/div> <div class=\"ti-profile-details\"> <div class=\"ti-name\"> Jeroen Wellens <\/div> <div class=\"ti-date\">25\/08\/2023<\/div> <\/div> <\/div> <span class=\"ti-stars\"><trustindex-image class=\"ti-star\" data-imgurl=\"https:\/\/cdn.trustindex.io\/assets\/platform\/Google\/star\/f.svg\" alt=\"Google\" width=\"17\" height=\"17\" loading=\"lazy\"><\/trustindex-image><trustindex-image class=\"ti-star\" data-imgurl=\"https:\/\/cdn.trustindex.io\/assets\/platform\/Google\/star\/f.svg\" alt=\"Google\" width=\"17\" height=\"17\" loading=\"lazy\"><\/trustindex-image><trustindex-image class=\"ti-star\" data-imgurl=\"https:\/\/cdn.trustindex.io\/assets\/platform\/Google\/star\/f.svg\" alt=\"Google\" width=\"17\" height=\"17\" loading=\"lazy\"><\/trustindex-image><trustindex-image class=\"ti-star\" data-imgurl=\"https:\/\/cdn.trustindex.io\/assets\/platform\/Google\/star\/f.svg\" alt=\"Google\" width=\"17\" height=\"17\" loading=\"lazy\"><\/trustindex-image><trustindex-image class=\"ti-star\" data-imgurl=\"https:\/\/cdn.trustindex.io\/assets\/platform\/Google\/star\/f.svg\" alt=\"Google\" width=\"17\" height=\"17\" loading=\"lazy\"><\/trustindex-image><span class=\"ti-verified-review ti-verified-platform\"><span class=\"ti-verified-tooltip\">Trustindex v\u00e9rifie que la source originale de l'avis est Google.<\/span><\/span><\/span> <div class=\"ti-review-text-container ti-review-content\"><!-- R-CONTENT -->Hyperbien<!-- R-CONTENT --><\/div> <span class=\"ti-read-more\" data-container=\".ti-review-content\" data-collapse-text=\"Cacher\" data-open-text=\"Lire la suite\"><\/span> <\/div> <\/div>  <div data-empty=\"0\" class=\"ti-review-item source-Google ti-image-layout-thumbnail\" data-id=\"cfcd208495d565ef66e7dff9f98764da\"> <div class=\"ti-inner\"> <div class=\"ti-review-header\"> <div class=\"ti-platform-icon ti-with-tooltip\"> <span class=\"ti-tooltip\">Publi\u00e9 sur <\/span> <trustindex-image data-imgurl=\"https:\/\/cdn.trustindex.io\/assets\/platform\/Google\/icon.svg\" alt=\"\" width=\"20\" height=\"20\" loading=\"lazy\"><\/trustindex-image> <\/div> <div class=\"ti-profile-img\"> <trustindex-image data-imgurl=\"https:\/\/lh3.googleusercontent.com\/a-\/ALV-UjXawD_DRsoCEuA-l04ZXzJb1rJf2pA5q1kUEY1uf02y9to-sYfxkA=w40-h40-c-rp-mo-br100\" alt=\"Fr\u00e9d \u00e9ric profile picture\" loading=\"lazy\"><\/trustindex-image> <\/div> <div class=\"ti-profile-details\"> <div class=\"ti-name\"> Fr\u00e9d \u00e9ric <\/div> <div class=\"ti-date\">17\/08\/2023<\/div> <\/div> <\/div> <span class=\"ti-stars\"><trustindex-image class=\"ti-star\" data-imgurl=\"https:\/\/cdn.trustindex.io\/assets\/platform\/Google\/star\/f.svg\" alt=\"Google\" width=\"17\" height=\"17\" loading=\"lazy\"><\/trustindex-image><trustindex-image class=\"ti-star\" data-imgurl=\"https:\/\/cdn.trustindex.io\/assets\/platform\/Google\/star\/f.svg\" alt=\"Google\" width=\"17\" height=\"17\" loading=\"lazy\"><\/trustindex-image><trustindex-image class=\"ti-star\" data-imgurl=\"https:\/\/cdn.trustindex.io\/assets\/platform\/Google\/star\/f.svg\" alt=\"Google\" width=\"17\" height=\"17\" loading=\"lazy\"><\/trustindex-image><trustindex-image class=\"ti-star\" data-imgurl=\"https:\/\/cdn.trustindex.io\/assets\/platform\/Google\/star\/f.svg\" alt=\"Google\" width=\"17\" height=\"17\" loading=\"lazy\"><\/trustindex-image><trustindex-image class=\"ti-star\" data-imgurl=\"https:\/\/cdn.trustindex.io\/assets\/platform\/Google\/star\/f.svg\" alt=\"Google\" width=\"17\" height=\"17\" loading=\"lazy\"><\/trustindex-image><span class=\"ti-verified-review ti-verified-platform\"><span class=\"ti-verified-tooltip\">Trustindex v\u00e9rifie que la source originale de l'avis est Google.<\/span><\/span><\/span> <div class=\"ti-review-text-container ti-review-content\"><!-- R-CONTENT -->Wir wurden sehr nett und herzlich empfangen. Das Essen war hervorragend, die Zimmer toll. Auch die M\u00f6glichkeit zum parken k\u00f6nnte kaum besser sein. Vielen Dank es hat uns super gefallen und wir kommen gerne wieder.<!-- R-CONTENT --><\/div> <span class=\"ti-read-more\" data-container=\".ti-review-content\" data-collapse-text=\"Cacher\" data-open-text=\"Lire la suite\"><\/span> <\/div> <\/div>  <div data-empty=\"0\" class=\"ti-review-item source-Google ti-image-layout-thumbnail\" data-id=\"cfcd208495d565ef66e7dff9f98764da\"> <div class=\"ti-inner\"> <div class=\"ti-review-header\"> <div class=\"ti-platform-icon ti-with-tooltip\"> <span class=\"ti-tooltip\">Publi\u00e9 sur <\/span> <trustindex-image data-imgurl=\"https:\/\/cdn.trustindex.io\/assets\/platform\/Google\/icon.svg\" alt=\"\" width=\"20\" height=\"20\" loading=\"lazy\"><\/trustindex-image> <\/div> <div class=\"ti-profile-img\"> <trustindex-image data-imgurl=\"https:\/\/lh3.googleusercontent.com\/a-\/ALV-UjU3IOkfaMjvgwp42SczEoNlB4GoPvA4zQ59NASlmdwt47RT71Ol=w40-h40-c-rp-mo-ba2-br100\" alt=\"Arnaud Degreve profile picture\" loading=\"lazy\"><\/trustindex-image> <\/div> <div class=\"ti-profile-details\"> <div class=\"ti-name\"> Arnaud Degreve <\/div> <div class=\"ti-date\">15\/08\/2023<\/div> <\/div> <\/div> <span class=\"ti-stars\"><trustindex-image class=\"ti-star\" data-imgurl=\"https:\/\/cdn.trustindex.io\/assets\/platform\/Google\/star\/f.svg\" alt=\"Google\" width=\"17\" height=\"17\" loading=\"lazy\"><\/trustindex-image><trustindex-image class=\"ti-star\" data-imgurl=\"https:\/\/cdn.trustindex.io\/assets\/platform\/Google\/star\/f.svg\" alt=\"Google\" width=\"17\" height=\"17\" loading=\"lazy\"><\/trustindex-image><trustindex-image class=\"ti-star\" data-imgurl=\"https:\/\/cdn.trustindex.io\/assets\/platform\/Google\/star\/f.svg\" alt=\"Google\" width=\"17\" height=\"17\" loading=\"lazy\"><\/trustindex-image><trustindex-image class=\"ti-star\" data-imgurl=\"https:\/\/cdn.trustindex.io\/assets\/platform\/Google\/star\/f.svg\" alt=\"Google\" width=\"17\" height=\"17\" loading=\"lazy\"><\/trustindex-image><trustindex-image class=\"ti-star\" data-imgurl=\"https:\/\/cdn.trustindex.io\/assets\/platform\/Google\/star\/f.svg\" alt=\"Google\" width=\"17\" height=\"17\" loading=\"lazy\"><\/trustindex-image><span class=\"ti-verified-review ti-verified-platform\"><span class=\"ti-verified-tooltip\">Trustindex v\u00e9rifie que la source originale de l'avis est Google.<\/span><\/span><\/span> <div class=\"ti-review-text-container ti-review-content\"><!-- R-CONTENT -->Un superbe s\u00e9jour en famille chez Els et \u00c9ric : la maison ancienne est magnifiquement r\u00e9nov\u00e9e, avec un beau jardin et une piscine confortable ; les chambres et la salle de bain sont \u00e9galement charmantes et bien pens\u00e9es. Mais c'est l'accueil qui fait toutes la diff\u00e9rence, encore merci pour ce superbe s\u00e9jour !!! Mention sp\u00e9ciale pour les petits d\u00e9jeuners et les p\u00e2tisseries maison :) A bient\u00f4t<!-- R-CONTENT --><\/div> <span class=\"ti-read-more\" data-container=\".ti-review-content\" data-collapse-text=\"Cacher\" data-open-text=\"Lire la suite\"><\/span> <\/div> <\/div>  <div data-empty=\"0\" class=\"ti-review-item source-Google ti-image-layout-thumbnail\" data-id=\"cfcd208495d565ef66e7dff9f98764da\"> <div class=\"ti-inner\"> <div class=\"ti-review-header\"> <div class=\"ti-platform-icon ti-with-tooltip\"> <span class=\"ti-tooltip\">Publi\u00e9 sur <\/span> <trustindex-image data-imgurl=\"https:\/\/cdn.trustindex.io\/assets\/platform\/Google\/icon.svg\" alt=\"\" width=\"20\" height=\"20\" loading=\"lazy\"><\/trustindex-image> <\/div> <div class=\"ti-profile-img\"> <trustindex-image data-imgurl=\"https:\/\/lh3.googleusercontent.com\/a\/ACg8ocKmhjcRXcHwDC8ZKGfPdhqJNqkP12H38em0dDKdGB9UUNF2qQ=w40-h40-c-rp-mo-br100\" alt=\"Daisy Dennemans profile picture\" loading=\"lazy\"><\/trustindex-image> <\/div> <div class=\"ti-profile-details\"> <div class=\"ti-name\"> Daisy Dennemans <\/div> <div class=\"ti-date\">12\/08\/2023<\/div> <\/div> <\/div> <span class=\"ti-stars\"><trustindex-image class=\"ti-star\" data-imgurl=\"https:\/\/cdn.trustindex.io\/assets\/platform\/Google\/star\/f.svg\" alt=\"Google\" width=\"17\" height=\"17\" loading=\"lazy\"><\/trustindex-image><trustindex-image class=\"ti-star\" data-imgurl=\"https:\/\/cdn.trustindex.io\/assets\/platform\/Google\/star\/f.svg\" alt=\"Google\" width=\"17\" height=\"17\" loading=\"lazy\"><\/trustindex-image><trustindex-image class=\"ti-star\" data-imgurl=\"https:\/\/cdn.trustindex.io\/assets\/platform\/Google\/star\/f.svg\" alt=\"Google\" width=\"17\" height=\"17\" loading=\"lazy\"><\/trustindex-image><trustindex-image class=\"ti-star\" data-imgurl=\"https:\/\/cdn.trustindex.io\/assets\/platform\/Google\/star\/f.svg\" alt=\"Google\" width=\"17\" height=\"17\" loading=\"lazy\"><\/trustindex-image><trustindex-image class=\"ti-star\" data-imgurl=\"https:\/\/cdn.trustindex.io\/assets\/platform\/Google\/star\/f.svg\" alt=\"Google\" width=\"17\" height=\"17\" loading=\"lazy\"><\/trustindex-image><span class=\"ti-verified-review ti-verified-platform\"><span class=\"ti-verified-tooltip\">Trustindex v\u00e9rifie que la source originale de l'avis est Google.<\/span><\/span><\/span> <div class=\"ti-review-text-container ti-review-content\"><!-- R-CONTENT -->Een warm en hartelijk ontvangst. De kamer was prachtig en top verzorgd. Ook kregen we leuke tips om s\u2019avonds een hapje te gaan eten. Ook het ontbijt was heerlijk en goed verzorgd. Kortom een aanrader en voor ons zeker voor herhaling vatbaar!<!-- R-CONTENT --><\/div> <span class=\"ti-read-more\" data-container=\".ti-review-content\" data-collapse-text=\"Cacher\" data-open-text=\"Lire la suite\"><\/span> <\/div> <\/div>  <div data-empty=\"0\" class=\"ti-review-item source-Google ti-image-layout-thumbnail\" data-id=\"cfcd208495d565ef66e7dff9f98764da\"> <div class=\"ti-inner\"> <div class=\"ti-review-header\"> <div class=\"ti-platform-icon ti-with-tooltip\"> <span class=\"ti-tooltip\">Publi\u00e9 sur <\/span> <trustindex-image data-imgurl=\"https:\/\/cdn.trustindex.io\/assets\/platform\/Google\/icon.svg\" alt=\"\" width=\"20\" height=\"20\" loading=\"lazy\"><\/trustindex-image> <\/div> <div class=\"ti-profile-img\"> <trustindex-image data-imgurl=\"https:\/\/lh3.googleusercontent.com\/a-\/ALV-UjW1d-b6bZQ9_GEb4MtkvWEmKwgGvRPSr7E7HIEfgFWGIDIVdqsq=w40-h40-c-rp-mo-br100\" alt=\"Jennifer Valat profile picture\" loading=\"lazy\"><\/trustindex-image> <\/div> <div class=\"ti-profile-details\"> <div class=\"ti-name\"> Jennifer Valat <\/div> <div class=\"ti-date\">26\/07\/2023<\/div> <\/div> <\/div> <span class=\"ti-stars\"><trustindex-image class=\"ti-star\" data-imgurl=\"https:\/\/cdn.trustindex.io\/assets\/platform\/Google\/star\/f.svg\" alt=\"Google\" width=\"17\" height=\"17\" loading=\"lazy\"><\/trustindex-image><trustindex-image class=\"ti-star\" data-imgurl=\"https:\/\/cdn.trustindex.io\/assets\/platform\/Google\/star\/f.svg\" alt=\"Google\" width=\"17\" height=\"17\" loading=\"lazy\"><\/trustindex-image><trustindex-image class=\"ti-star\" data-imgurl=\"https:\/\/cdn.trustindex.io\/assets\/platform\/Google\/star\/f.svg\" alt=\"Google\" width=\"17\" height=\"17\" loading=\"lazy\"><\/trustindex-image><trustindex-image class=\"ti-star\" data-imgurl=\"https:\/\/cdn.trustindex.io\/assets\/platform\/Google\/star\/f.svg\" alt=\"Google\" width=\"17\" height=\"17\" loading=\"lazy\"><\/trustindex-image><trustindex-image class=\"ti-star\" data-imgurl=\"https:\/\/cdn.trustindex.io\/assets\/platform\/Google\/star\/f.svg\" alt=\"Google\" width=\"17\" height=\"17\" loading=\"lazy\"><\/trustindex-image><span class=\"ti-verified-review ti-verified-platform\"><span class=\"ti-verified-tooltip\">Trustindex v\u00e9rifie que la source originale de l'avis est Google.<\/span><\/span><\/span> <div class=\"ti-review-text-container ti-review-content\"><!-- R-CONTENT -->Nous avons \u00e9t\u00e9 fort bien accueillis, avec notre petit bout, Par Els et Eric dans leur belle maison de village. Ce sont des h\u00f4tes aux petits soins et les plats de Els sont tr\u00e8s bons (elle fait de savoureux desserts!)\nNous avons pu nous rafra\u00eechir dans leur piscine. Notre chambre \u00e9tait belle et spacieuse avec une jolie salle de bain.\nJe recommande l'arr\u00eat! :)<!-- R-CONTENT --><\/div> <span class=\"ti-read-more\" data-container=\".ti-review-content\" data-collapse-text=\"Cacher\" data-open-text=\"Lire la suite\"><\/span> <\/div> <\/div>  <\/div> <div class=\"ti-controls-line\"> <div class=\"dot\"><\/div> <\/div>   <\/div> <\/div> <\/div> <\/template><\/pre><div data-src=\"https:\/\/cdn.trustindex.io\/loader.js?wp-widget\" data-template-id=\"trustindex-google-widget-html\" data-css-url=\"https:\/\/lafabriek.fr\/wp-content\/uploads\/trustindex-google-widget.css?1772207134\"><\/div>\n<\/div>\n<\/div>\n<\/div>\n\n\n\n<p><\/p>\n","protected":false},"excerpt":{"rendered":"<p>Welcome at LaFabriek Chambre d&#8217;h\u00f4tes (B&amp;B) at Canet d&#8217;Aude (Narbonne) &#8211; Occitanie &#8211; France Els (\ud83c\udde7\ud83c\uddea) and Eric (\ud83c\uddeb\ud83c\uddf7) welcome you to their home, located in the centre of the village of Canet d&#8217;Aude.\u200bIn 2016, they fell in love with this 1890 notary&#8217;s house. Before being renovated by Els and Eric, the house also housed [&hellip;]<\/p>\n","protected":false},"author":1,"featured_media":0,"parent":0,"menu_order":0,"comment_status":"closed","ping_status":"closed","template":"","meta":{"footnotes":""},"class_list":["post-755","page","type-page","status-publish","hentry"],"yoast_head":"<!-- This site is optimized with the Yoast SEO plugin v27.0 - https:\/\/yoast.com\/product\/yoast-seo-wordpress\/ -->\n<title>Welcome at LaFabriek - Chambre d&#039;h\u00f4tes (B&amp;B) - Canet d\u2019Aude (Narbonne)<\/title>\n<meta name=\"description\" content=\"Looking for a chambres d&#039;h\u00f4tes (B&amp;B) in Narbonne? LaFabriek is ideally located and happy to welcome you.\" \/>\n<meta name=\"robots\" content=\"index, follow, max-snippet:-1, max-image-preview:large, max-video-preview:-1\" \/>\n<link rel=\"canonical\" href=\"https:\/\/lafabriek.fr\/en\/\" \/>\n<meta property=\"og:locale\" content=\"en_US\" \/>\n<meta property=\"og:type\" content=\"article\" \/>\n<meta property=\"og:title\" content=\"Welcome at LaFabriek - Chambre d&#039;h\u00f4tes (B&amp;B) - Canet d\u2019Aude (Narbonne)\" \/>\n<meta property=\"og:description\" content=\"Looking for a chambres d&#039;h\u00f4tes (B&amp;B) in Narbonne? LaFabriek is ideally located and happy to welcome you.\" \/>\n<meta property=\"og:url\" content=\"https:\/\/lafabriek.fr\/en\/\" \/>\n<meta property=\"og:site_name\" content=\"LaFabriek\" \/>\n<meta property=\"article:publisher\" content=\"https:\/\/www.facebook.com\/LaFabriekCanet\/\" \/>\n<meta property=\"article:modified_time\" content=\"2024-12-01T15:26:08+00:00\" \/>\n<meta property=\"og:image\" content=\"https:\/\/lafabriek.fr\/wp-content\/uploads\/2024\/10\/LaFabriek-maison-jardin-scaled.jpg\" \/>\n\t<meta property=\"og:image:width\" content=\"2560\" \/>\n\t<meta property=\"og:image:height\" content=\"1708\" \/>\n\t<meta property=\"og:image:type\" content=\"image\/jpeg\" \/>\n<meta name=\"twitter:card\" content=\"summary_large_image\" \/>\n<meta name=\"twitter:label1\" content=\"Est. reading time\" \/>\n\t<meta name=\"twitter:data1\" content=\"2 minutes\" \/>\n<script type=\"application\/ld+json\" class=\"yoast-schema-graph\">{\"@context\":\"https:\/\/schema.org\",\"@graph\":[{\"@type\":\"WebPage\",\"@id\":\"https:\/\/lafabriek.fr\/en\/\",\"url\":\"https:\/\/lafabriek.fr\/en\/\",\"name\":\"Welcome at LaFabriek - Chambre d'h\u00f4tes (B&B) - Canet d\u2019Aude (Narbonne)\",\"isPartOf\":{\"@id\":\"https:\/\/lafabriek.fr\/en\/#website\"},\"primaryImageOfPage\":{\"@id\":\"https:\/\/lafabriek.fr\/en\/#primaryimage\"},\"image\":{\"@id\":\"https:\/\/lafabriek.fr\/en\/#primaryimage\"},\"thumbnailUrl\":\"https:\/\/lafabriek.fr\/wp-content\/uploads\/2024\/10\/LaFabriek-maison-jardin-1024x683.jpg\",\"datePublished\":\"2024-10-20T18:43:08+00:00\",\"dateModified\":\"2024-12-01T15:26:08+00:00\",\"description\":\"Looking for a chambres d'h\u00f4tes (B&B) in Narbonne? LaFabriek is ideally located and happy to welcome you.\",\"breadcrumb\":{\"@id\":\"https:\/\/lafabriek.fr\/en\/#breadcrumb\"},\"inLanguage\":\"en-US\",\"potentialAction\":[{\"@type\":\"ReadAction\",\"target\":[\"https:\/\/lafabriek.fr\/en\/\"]}]},{\"@type\":\"ImageObject\",\"inLanguage\":\"en-US\",\"@id\":\"https:\/\/lafabriek.fr\/en\/#primaryimage\",\"url\":\"https:\/\/lafabriek.fr\/wp-content\/uploads\/2024\/10\/LaFabriek-maison-jardin-1024x683.jpg\",\"contentUrl\":\"https:\/\/lafabriek.fr\/wp-content\/uploads\/2024\/10\/LaFabriek-maison-jardin-1024x683.jpg\"},{\"@type\":\"BreadcrumbList\",\"@id\":\"https:\/\/lafabriek.fr\/en\/#breadcrumb\",\"itemListElement\":[{\"@type\":\"ListItem\",\"position\":1,\"name\":\"Accueil\",\"item\":\"https:\/\/lafabriek.fr\/en\/\"},{\"@type\":\"ListItem\",\"position\":2,\"name\":\"Homepage\"}]},{\"@type\":\"WebSite\",\"@id\":\"https:\/\/lafabriek.fr\/en\/#website\",\"url\":\"https:\/\/lafabriek.fr\/en\/\",\"name\":\"LaFabriek\",\"description\":\"\",\"publisher\":{\"@id\":\"https:\/\/lafabriek.fr\/en\/#organization\"},\"potentialAction\":[{\"@type\":\"SearchAction\",\"target\":{\"@type\":\"EntryPoint\",\"urlTemplate\":\"https:\/\/lafabriek.fr\/en\/?s={search_term_string}\"},\"query-input\":{\"@type\":\"PropertyValueSpecification\",\"valueRequired\":true,\"valueName\":\"search_term_string\"}}],\"inLanguage\":\"en-US\"},{\"@type\":\"Organization\",\"@id\":\"https:\/\/lafabriek.fr\/en\/#organization\",\"name\":\"LaFabriek\",\"url\":\"https:\/\/lafabriek.fr\/en\/\",\"logo\":{\"@type\":\"ImageObject\",\"inLanguage\":\"en-US\",\"@id\":\"https:\/\/lafabriek.fr\/en\/#\/schema\/logo\/image\/\",\"url\":\"https:\/\/lafabriek.fr\/wp-content\/uploads\/2024\/10\/Color-logo-with-background.png\",\"contentUrl\":\"https:\/\/lafabriek.fr\/wp-content\/uploads\/2024\/10\/Color-logo-with-background.png\",\"width\":3180,\"height\":950,\"caption\":\"LaFabriek\"},\"image\":{\"@id\":\"https:\/\/lafabriek.fr\/en\/#\/schema\/logo\/image\/\"},\"sameAs\":[\"https:\/\/www.facebook.com\/LaFabriekCanet\/\",\"https:\/\/instagram.com\/lafabriek_canet\"]}]}<\/script>\n<!-- \/ Yoast SEO plugin. -->","yoast_head_json":{"title":"Welcome at LaFabriek - Chambre d'h\u00f4tes (B&B) - Canet d\u2019Aude (Narbonne)","description":"Looking for a chambres d'h\u00f4tes (B&B) in Narbonne? LaFabriek is ideally located and happy to welcome you.","robots":{"index":"index","follow":"follow","max-snippet":"max-snippet:-1","max-image-preview":"max-image-preview:large","max-video-preview":"max-video-preview:-1"},"canonical":"https:\/\/lafabriek.fr\/en\/","og_locale":"en_US","og_type":"article","og_title":"Welcome at LaFabriek - Chambre d'h\u00f4tes (B&B) - Canet d\u2019Aude (Narbonne)","og_description":"Looking for a chambres d'h\u00f4tes (B&B) in Narbonne? LaFabriek is ideally located and happy to welcome you.","og_url":"https:\/\/lafabriek.fr\/en\/","og_site_name":"LaFabriek","article_publisher":"https:\/\/www.facebook.com\/LaFabriekCanet\/","article_modified_time":"2024-12-01T15:26:08+00:00","og_image":[{"width":2560,"height":1708,"url":"https:\/\/lafabriek.fr\/wp-content\/uploads\/2024\/10\/LaFabriek-maison-jardin-scaled.jpg","type":"image\/jpeg"}],"twitter_card":"summary_large_image","twitter_misc":{"Est. reading time":"2 minutes"},"schema":{"@context":"https:\/\/schema.org","@graph":[{"@type":"WebPage","@id":"https:\/\/lafabriek.fr\/en\/","url":"https:\/\/lafabriek.fr\/en\/","name":"Welcome at LaFabriek - Chambre d'h\u00f4tes (B&B) - Canet d\u2019Aude (Narbonne)","isPartOf":{"@id":"https:\/\/lafabriek.fr\/en\/#website"},"primaryImageOfPage":{"@id":"https:\/\/lafabriek.fr\/en\/#primaryimage"},"image":{"@id":"https:\/\/lafabriek.fr\/en\/#primaryimage"},"thumbnailUrl":"https:\/\/lafabriek.fr\/wp-content\/uploads\/2024\/10\/LaFabriek-maison-jardin-1024x683.jpg","datePublished":"2024-10-20T18:43:08+00:00","dateModified":"2024-12-01T15:26:08+00:00","description":"Looking for a chambres d'h\u00f4tes (B&B) in Narbonne? LaFabriek is ideally located and happy to welcome you.","breadcrumb":{"@id":"https:\/\/lafabriek.fr\/en\/#breadcrumb"},"inLanguage":"en-US","potentialAction":[{"@type":"ReadAction","target":["https:\/\/lafabriek.fr\/en\/"]}]},{"@type":"ImageObject","inLanguage":"en-US","@id":"https:\/\/lafabriek.fr\/en\/#primaryimage","url":"https:\/\/lafabriek.fr\/wp-content\/uploads\/2024\/10\/LaFabriek-maison-jardin-1024x683.jpg","contentUrl":"https:\/\/lafabriek.fr\/wp-content\/uploads\/2024\/10\/LaFabriek-maison-jardin-1024x683.jpg"},{"@type":"BreadcrumbList","@id":"https:\/\/lafabriek.fr\/en\/#breadcrumb","itemListElement":[{"@type":"ListItem","position":1,"name":"Accueil","item":"https:\/\/lafabriek.fr\/en\/"},{"@type":"ListItem","position":2,"name":"Homepage"}]},{"@type":"WebSite","@id":"https:\/\/lafabriek.fr\/en\/#website","url":"https:\/\/lafabriek.fr\/en\/","name":"LaFabriek","description":"","publisher":{"@id":"https:\/\/lafabriek.fr\/en\/#organization"},"potentialAction":[{"@type":"SearchAction","target":{"@type":"EntryPoint","urlTemplate":"https:\/\/lafabriek.fr\/en\/?s={search_term_string}"},"query-input":{"@type":"PropertyValueSpecification","valueRequired":true,"valueName":"search_term_string"}}],"inLanguage":"en-US"},{"@type":"Organization","@id":"https:\/\/lafabriek.fr\/en\/#organization","name":"LaFabriek","url":"https:\/\/lafabriek.fr\/en\/","logo":{"@type":"ImageObject","inLanguage":"en-US","@id":"https:\/\/lafabriek.fr\/en\/#\/schema\/logo\/image\/","url":"https:\/\/lafabriek.fr\/wp-content\/uploads\/2024\/10\/Color-logo-with-background.png","contentUrl":"https:\/\/lafabriek.fr\/wp-content\/uploads\/2024\/10\/Color-logo-with-background.png","width":3180,"height":950,"caption":"LaFabriek"},"image":{"@id":"https:\/\/lafabriek.fr\/en\/#\/schema\/logo\/image\/"},"sameAs":["https:\/\/www.facebook.com\/LaFabriekCanet\/","https:\/\/instagram.com\/lafabriek_canet"]}]}},"_links":{"self":[{"href":"https:\/\/lafabriek.fr\/en\/wp-json\/wp\/v2\/pages\/755","targetHints":{"allow":["GET"]}}],"collection":[{"href":"https:\/\/lafabriek.fr\/en\/wp-json\/wp\/v2\/pages"}],"about":[{"href":"https:\/\/lafabriek.fr\/en\/wp-json\/wp\/v2\/types\/page"}],"author":[{"embeddable":true,"href":"https:\/\/lafabriek.fr\/en\/wp-json\/wp\/v2\/users\/1"}],"replies":[{"embeddable":true,"href":"https:\/\/lafabriek.fr\/en\/wp-json\/wp\/v2\/comments?post=755"}],"version-history":[{"count":4,"href":"https:\/\/lafabriek.fr\/en\/wp-json\/wp\/v2\/pages\/755\/revisions"}],"predecessor-version":[{"id":854,"href":"https:\/\/lafabriek.fr\/en\/wp-json\/wp\/v2\/pages\/755\/revisions\/854"}],"wp:attachment":[{"href":"https:\/\/lafabriek.fr\/en\/wp-json\/wp\/v2\/media?parent=755"}],"curies":[{"name":"wp","href":"https:\/\/api.w.org\/{rel}","templated":true}]}}