{"id":747,"date":"2024-10-24T19:20:48","date_gmt":"2024-10-24T19:20:48","guid":{"rendered":"https:\/\/lafabriek.fr\/?page_id=747"},"modified":"2026-02-27T16:19:03","modified_gmt":"2026-02-27T16:19:03","slug":"patisserie-workshop","status":"publish","type":"page","link":"https:\/\/lafabriek.fr\/en\/patisserie-workshop\/","title":{"rendered":"Patisserie workshop"},"content":{"rendered":"\n<div class=\"wp-block-columns alignwide is-layout-flex wp-container-core-columns-is-layout-e96ea5bf wp-block-columns-is-layout-flex\" style=\"padding-top:0;padding-right:0;padding-bottom:0;padding-left:0\">\n<div class=\"wp-block-column is-vertically-aligned-center is-layout-flow wp-block-column-is-layout-flow\" style=\"padding-top:var(--wp--preset--spacing--20);padding-right:var(--wp--preset--spacing--30);padding-bottom:var(--wp--preset--spacing--20);padding-left:var(--wp--preset--spacing--30);flex-basis:50%\">\n<figure class=\"wp-block-image aligncenter size-full is-resized has-custom-border\"><img loading=\"lazy\" decoding=\"async\" width=\"1000\" height=\"1000\" src=\"https:\/\/lafabriek.fr\/wp-content\/uploads\/2024\/10\/LaFabriek-Atelier-patisserie.jpg\" alt=\"\" class=\"wp-image-439\" style=\"border-radius:10px;width:364px;height:auto\" srcset=\"https:\/\/lafabriek.fr\/wp-content\/uploads\/2024\/10\/LaFabriek-Atelier-patisserie.jpg 1000w, https:\/\/lafabriek.fr\/wp-content\/uploads\/2024\/10\/LaFabriek-Atelier-patisserie-300x300.jpg 300w, https:\/\/lafabriek.fr\/wp-content\/uploads\/2024\/10\/LaFabriek-Atelier-patisserie-150x150.jpg 150w, https:\/\/lafabriek.fr\/wp-content\/uploads\/2024\/10\/LaFabriek-Atelier-patisserie-768x768.jpg 768w\" sizes=\"auto, (max-width: 1000px) 100vw, 1000px\" \/><\/figure>\n<\/div>\n\n\n\n<div class=\"wp-block-column is-vertically-aligned-center is-layout-flow wp-block-column-is-layout-flow\" style=\"flex-basis:50%\">\n<p>Fancy learning how to bake cakes like a professional? Or are you looking for a first introduction to classic French patisserie?&nbsp;<br><br>Come and discover how to make delicious macarons, \u00e9clairs, pastries, millefeuilles, madeleines, the best cookies, &#8230; &#8230;<br><br>During the hands-on workshop,&nbsp;<strong>you will make the recipes yourself<\/strong>. You can&nbsp;<strong>choose from the range of workshops on offer or tell us what you would like to learn<\/strong>. Contact us for more information or to book a workshop.<\/p>\n<\/div>\n<\/div>\n\n\n\n<div class=\"wp-block-group alignfull has-background has-global-padding is-layout-constrained wp-block-group-is-layout-constrained\" style=\"background-color:#e2e7f1\">\n<div class=\"wp-block-group alignwide has-background has-global-padding is-content-justification-left is-layout-constrained wp-container-core-group-is-layout-6c41aec3 wp-block-group-is-layout-constrained\" style=\"background-color:#e2e7f1;margin-top:var(--wp--preset--spacing--50);margin-bottom:var(--wp--preset--spacing--50);padding-top:var(--wp--preset--spacing--50);padding-bottom:var(--wp--preset--spacing--50)\">\n<h2 class=\"wp-block-heading\">Examples of patisserie workshops we offer<\/h2>\n\n\n\n<div class=\"wp-block-group alignwide is-layout-grid wp-container-core-group-is-layout-ff3d376b wp-block-group-is-layout-grid\">\n<div class=\"wp-block-group has-global-padding is-layout-constrained wp-container-core-group-is-layout-5a30f31b wp-block-group-is-layout-constrained\">\n<figure class=\"wp-block-image size-full has-custom-border\"><img loading=\"lazy\" decoding=\"async\" width=\"1000\" height=\"1000\" src=\"https:\/\/lafabriek.fr\/wp-content\/uploads\/2024\/10\/LaFabriek-Atelier-patisserie-tarte-tartelettes.jpg\" alt=\"\" class=\"wp-image-426\" style=\"border-style:none;border-width:0px;border-radius:10px\" srcset=\"https:\/\/lafabriek.fr\/wp-content\/uploads\/2024\/10\/LaFabriek-Atelier-patisserie-tarte-tartelettes.jpg 1000w, https:\/\/lafabriek.fr\/wp-content\/uploads\/2024\/10\/LaFabriek-Atelier-patisserie-tarte-tartelettes-300x300.jpg 300w, https:\/\/lafabriek.fr\/wp-content\/uploads\/2024\/10\/LaFabriek-Atelier-patisserie-tarte-tartelettes-150x150.jpg 150w, https:\/\/lafabriek.fr\/wp-content\/uploads\/2024\/10\/LaFabriek-Atelier-patisserie-tarte-tartelettes-768x768.jpg 768w\" sizes=\"auto, (max-width: 1000px) 100vw, 1000px\" \/><\/figure>\n\n\n\n<h3 class=\"wp-block-heading has-text-align-center\">Pies &amp; tarts<\/h3>\n\n\n\n<p class=\"has-text-align-center\">A delicious sweet tart with cream and seasonal fruit from our local producers.<br><\/p>\n\n\n\n<p class=\"has-text-align-center\"><br><strong>Price: 55\u20ac (incl. vat) per person<\/strong><\/p>\n<\/div>\n\n\n\n<div class=\"wp-block-group has-global-padding is-layout-constrained wp-container-core-group-is-layout-5a30f31b wp-block-group-is-layout-constrained\">\n<figure class=\"wp-block-image size-large has-custom-border is-style-rounded\"><img decoding=\"async\" src=\"https:\/\/lafabriek.fr\/wp-content\/uploads\/2025\/01\/fabriek-macarons-1.png\" alt=\"\" style=\"border-radius:10px\"\/><\/figure>\n\n\n\n<h3 class=\"wp-block-heading has-text-align-center\">Macarons<\/h3>\n\n\n\n<p class=\"has-text-align-center\">Step by step tutorial for French macarons.<br>Italian meringue biscuits filled with a soft ganache.<\/p>\n\n\n\n<p class=\"has-text-align-center\"><strong>Price: 65\u20ac (incl. vat) per person<\/strong><\/p>\n<\/div>\n\n\n\n<div class=\"wp-block-group has-global-padding is-layout-constrained wp-container-core-group-is-layout-5a30f31b wp-block-group-is-layout-constrained\">\n<figure class=\"wp-block-image size-full has-custom-border\"><img loading=\"lazy\" decoding=\"async\" width=\"1000\" height=\"1000\" src=\"https:\/\/lafabriek.fr\/wp-content\/uploads\/2025\/01\/fabriek-spritz-2.png\" alt=\"\" class=\"wp-image-904\" style=\"border-radius:10px\" srcset=\"https:\/\/lafabriek.fr\/wp-content\/uploads\/2025\/01\/fabriek-spritz-2.png 1000w, https:\/\/lafabriek.fr\/wp-content\/uploads\/2025\/01\/fabriek-spritz-2-300x300.png 300w, https:\/\/lafabriek.fr\/wp-content\/uploads\/2025\/01\/fabriek-spritz-2-150x150.png 150w, https:\/\/lafabriek.fr\/wp-content\/uploads\/2025\/01\/fabriek-spritz-2-768x768.png 768w\" sizes=\"auto, (max-width: 1000px) 100vw, 1000px\" \/><\/figure>\n\n\n\n<h3 class=\"wp-block-heading has-text-align-center\">Biscuits &amp; Cookies<\/h3>\n\n\n\n<p class=\"has-text-align-center\">Butter biscuits with or without chocolate covering &amp; cookies.<br><\/p>\n\n\n\n<p class=\"has-text-align-center\"><br><strong>Price: 55\u20ac (incl. vat) per person <\/strong><\/p>\n<\/div>\n<\/div>\n\n\n\n<div class=\"wp-block-buttons alignwide is-content-justification-center is-layout-flex wp-container-core-buttons-is-layout-a89b3969 wp-block-buttons-is-layout-flex\">\n<div class=\"wp-block-button\"><a class=\"wp-block-button__link has-color-2-color has-light-background-color has-text-color has-background has-link-color has-small-font-size has-custom-font-size wp-element-button\" href=\"mailto:els@lafabriek.fr\">Book a workshop<\/a><\/div>\n<\/div>\n<\/div>\n<\/div>\n\n\n\n<div class=\"wp-block-group has-global-padding is-layout-constrained wp-block-group-is-layout-constrained\">\n<h2 class=\"wp-block-heading\">Practical information<\/h2>\n\n\n\n<p><strong>How many participants?<\/strong> Minimum 3, maximum 6.<br><strong>How long does a workshop last? <\/strong>Our workshops last 2 to 3 hours on average.<br><strong>When do the workshops take place?<\/strong> We organize workshops at your request. <br><strong>Where do the workshops take place?<\/strong> The workshops take place at our Chambre d&#8217;h\u00f4tes. The address is 11 route de Ventenac in Canet (11200). There is free parking opposite the house.<br><strong>How much do they cost? <\/strong>This depends on the type of workshop. The price includes ingredients, coffee or tea and a few treats&#8230;.\u00a0<br><strong>Bonus<\/strong>: you go home with the recipes and pastries you made.<br><br><a href=\"https:\/\/www.economie.gouv.fr\/dgccrf\/hygiene-alimentaire-plan-maitrise-sanitaire-prerequis-et-lhaccp#:~:text=La%20m\u00e9thode%20HACCP%20a%20\u00e9t\u00e9,la%20s\u00e9curit\u00e9%20sanitaire%20des%20denr\u00e9es.\" target=\"_blank\" rel=\"noreferrer noopener\">LaFabriek is HACCP certified (food hygiene).<\/a><\/p>\n<\/div>\n\n\n\n<p><\/p>\n","protected":false},"excerpt":{"rendered":"<p>Fancy learning how to bake cakes like a professional? Or are you looking for a first introduction to classic French patisserie?&nbsp; Come and discover how to make delicious macarons, \u00e9clairs, pastries, millefeuilles, madeleines, the best cookies, &#8230; &#8230; During the hands-on workshop,&nbsp;you will make the recipes yourself. You can&nbsp;choose from the range of workshops on [&hellip;]<\/p>\n","protected":false},"author":1,"featured_media":0,"parent":0,"menu_order":0,"comment_status":"closed","ping_status":"closed","template":"","meta":{"footnotes":""},"class_list":["post-747","page","type-page","status-publish","hentry"],"yoast_head":"<!-- This site is optimized with the Yoast SEO plugin v27.0 - https:\/\/yoast.com\/product\/yoast-seo-wordpress\/ -->\n<title>Patisserie workshop - LaFabriek<\/title>\n<meta name=\"robots\" content=\"index, follow, max-snippet:-1, max-image-preview:large, max-video-preview:-1\" \/>\n<link rel=\"canonical\" href=\"https:\/\/lafabriek.fr\/en\/patisserie-workshop\/\" \/>\n<meta property=\"og:locale\" content=\"en_US\" \/>\n<meta property=\"og:type\" content=\"article\" \/>\n<meta property=\"og:title\" content=\"Patisserie workshop - LaFabriek\" \/>\n<meta property=\"og:description\" content=\"Fancy learning how to bake cakes like a professional? Or are you looking for a first introduction to classic French patisserie?&nbsp; Come and discover how to make delicious macarons, \u00e9clairs, pastries, millefeuilles, madeleines, the best cookies, &#8230; &#8230; During the hands-on workshop,&nbsp;you will make the recipes yourself. You can&nbsp;choose from the range of workshops on [&hellip;]\" \/>\n<meta property=\"og:url\" content=\"https:\/\/lafabriek.fr\/en\/patisserie-workshop\/\" \/>\n<meta property=\"og:site_name\" content=\"LaFabriek\" \/>\n<meta property=\"article:publisher\" content=\"https:\/\/www.facebook.com\/LaFabriekCanet\/\" \/>\n<meta property=\"article:modified_time\" content=\"2026-02-27T16:19:03+00:00\" \/>\n<meta property=\"og:image\" content=\"https:\/\/lafabriek.fr\/wp-content\/uploads\/2024\/10\/LaFabriek-Atelier-patisserie.jpg\" \/>\n\t<meta property=\"og:image:width\" content=\"1000\" \/>\n\t<meta property=\"og:image:height\" content=\"1000\" \/>\n\t<meta property=\"og:image:type\" content=\"image\/jpeg\" \/>\n<meta name=\"twitter:card\" content=\"summary_large_image\" \/>\n<meta name=\"twitter:label1\" content=\"Est. reading time\" \/>\n\t<meta name=\"twitter:data1\" content=\"1 minute\" \/>\n<script type=\"application\/ld+json\" class=\"yoast-schema-graph\">{\"@context\":\"https:\/\/schema.org\",\"@graph\":[{\"@type\":\"WebPage\",\"@id\":\"https:\/\/lafabriek.fr\/en\/patisserie-workshop\/\",\"url\":\"https:\/\/lafabriek.fr\/en\/patisserie-workshop\/\",\"name\":\"Patisserie workshop - LaFabriek\",\"isPartOf\":{\"@id\":\"https:\/\/lafabriek.fr\/en\/#website\"},\"primaryImageOfPage\":{\"@id\":\"https:\/\/lafabriek.fr\/en\/patisserie-workshop\/#primaryimage\"},\"image\":{\"@id\":\"https:\/\/lafabriek.fr\/en\/patisserie-workshop\/#primaryimage\"},\"thumbnailUrl\":\"https:\/\/lafabriek.fr\/wp-content\/uploads\/2024\/10\/LaFabriek-Atelier-patisserie.jpg\",\"datePublished\":\"2024-10-24T19:20:48+00:00\",\"dateModified\":\"2026-02-27T16:19:03+00:00\",\"breadcrumb\":{\"@id\":\"https:\/\/lafabriek.fr\/en\/patisserie-workshop\/#breadcrumb\"},\"inLanguage\":\"en-US\",\"potentialAction\":[{\"@type\":\"ReadAction\",\"target\":[\"https:\/\/lafabriek.fr\/en\/patisserie-workshop\/\"]}]},{\"@type\":\"ImageObject\",\"inLanguage\":\"en-US\",\"@id\":\"https:\/\/lafabriek.fr\/en\/patisserie-workshop\/#primaryimage\",\"url\":\"https:\/\/lafabriek.fr\/wp-content\/uploads\/2024\/10\/LaFabriek-Atelier-patisserie.jpg\",\"contentUrl\":\"https:\/\/lafabriek.fr\/wp-content\/uploads\/2024\/10\/LaFabriek-Atelier-patisserie.jpg\"},{\"@type\":\"BreadcrumbList\",\"@id\":\"https:\/\/lafabriek.fr\/en\/patisserie-workshop\/#breadcrumb\",\"itemListElement\":[{\"@type\":\"ListItem\",\"position\":1,\"name\":\"Accueil\",\"item\":\"https:\/\/lafabriek.fr\/en\/\"},{\"@type\":\"ListItem\",\"position\":2,\"name\":\"Patisserie workshop\"}]},{\"@type\":\"WebSite\",\"@id\":\"https:\/\/lafabriek.fr\/en\/#website\",\"url\":\"https:\/\/lafabriek.fr\/en\/\",\"name\":\"LaFabriek\",\"description\":\"\",\"publisher\":{\"@id\":\"https:\/\/lafabriek.fr\/en\/#organization\"},\"potentialAction\":[{\"@type\":\"SearchAction\",\"target\":{\"@type\":\"EntryPoint\",\"urlTemplate\":\"https:\/\/lafabriek.fr\/en\/?s={search_term_string}\"},\"query-input\":{\"@type\":\"PropertyValueSpecification\",\"valueRequired\":true,\"valueName\":\"search_term_string\"}}],\"inLanguage\":\"en-US\"},{\"@type\":\"Organization\",\"@id\":\"https:\/\/lafabriek.fr\/en\/#organization\",\"name\":\"LaFabriek\",\"url\":\"https:\/\/lafabriek.fr\/en\/\",\"logo\":{\"@type\":\"ImageObject\",\"inLanguage\":\"en-US\",\"@id\":\"https:\/\/lafabriek.fr\/en\/#\/schema\/logo\/image\/\",\"url\":\"https:\/\/lafabriek.fr\/wp-content\/uploads\/2024\/10\/Color-logo-with-background.png\",\"contentUrl\":\"https:\/\/lafabriek.fr\/wp-content\/uploads\/2024\/10\/Color-logo-with-background.png\",\"width\":3180,\"height\":950,\"caption\":\"LaFabriek\"},\"image\":{\"@id\":\"https:\/\/lafabriek.fr\/en\/#\/schema\/logo\/image\/\"},\"sameAs\":[\"https:\/\/www.facebook.com\/LaFabriekCanet\/\",\"https:\/\/instagram.com\/lafabriek_canet\"]}]}<\/script>\n<!-- \/ Yoast SEO plugin. -->","yoast_head_json":{"title":"Patisserie workshop - LaFabriek","robots":{"index":"index","follow":"follow","max-snippet":"max-snippet:-1","max-image-preview":"max-image-preview:large","max-video-preview":"max-video-preview:-1"},"canonical":"https:\/\/lafabriek.fr\/en\/patisserie-workshop\/","og_locale":"en_US","og_type":"article","og_title":"Patisserie workshop - LaFabriek","og_description":"Fancy learning how to bake cakes like a professional? Or are you looking for a first introduction to classic French patisserie?&nbsp; Come and discover how to make delicious macarons, \u00e9clairs, pastries, millefeuilles, madeleines, the best cookies, &#8230; &#8230; During the hands-on workshop,&nbsp;you will make the recipes yourself. You can&nbsp;choose from the range of workshops on [&hellip;]","og_url":"https:\/\/lafabriek.fr\/en\/patisserie-workshop\/","og_site_name":"LaFabriek","article_publisher":"https:\/\/www.facebook.com\/LaFabriekCanet\/","article_modified_time":"2026-02-27T16:19:03+00:00","og_image":[{"width":1000,"height":1000,"url":"https:\/\/lafabriek.fr\/wp-content\/uploads\/2024\/10\/LaFabriek-Atelier-patisserie.jpg","type":"image\/jpeg"}],"twitter_card":"summary_large_image","twitter_misc":{"Est. reading time":"1 minute"},"schema":{"@context":"https:\/\/schema.org","@graph":[{"@type":"WebPage","@id":"https:\/\/lafabriek.fr\/en\/patisserie-workshop\/","url":"https:\/\/lafabriek.fr\/en\/patisserie-workshop\/","name":"Patisserie workshop - LaFabriek","isPartOf":{"@id":"https:\/\/lafabriek.fr\/en\/#website"},"primaryImageOfPage":{"@id":"https:\/\/lafabriek.fr\/en\/patisserie-workshop\/#primaryimage"},"image":{"@id":"https:\/\/lafabriek.fr\/en\/patisserie-workshop\/#primaryimage"},"thumbnailUrl":"https:\/\/lafabriek.fr\/wp-content\/uploads\/2024\/10\/LaFabriek-Atelier-patisserie.jpg","datePublished":"2024-10-24T19:20:48+00:00","dateModified":"2026-02-27T16:19:03+00:00","breadcrumb":{"@id":"https:\/\/lafabriek.fr\/en\/patisserie-workshop\/#breadcrumb"},"inLanguage":"en-US","potentialAction":[{"@type":"ReadAction","target":["https:\/\/lafabriek.fr\/en\/patisserie-workshop\/"]}]},{"@type":"ImageObject","inLanguage":"en-US","@id":"https:\/\/lafabriek.fr\/en\/patisserie-workshop\/#primaryimage","url":"https:\/\/lafabriek.fr\/wp-content\/uploads\/2024\/10\/LaFabriek-Atelier-patisserie.jpg","contentUrl":"https:\/\/lafabriek.fr\/wp-content\/uploads\/2024\/10\/LaFabriek-Atelier-patisserie.jpg"},{"@type":"BreadcrumbList","@id":"https:\/\/lafabriek.fr\/en\/patisserie-workshop\/#breadcrumb","itemListElement":[{"@type":"ListItem","position":1,"name":"Accueil","item":"https:\/\/lafabriek.fr\/en\/"},{"@type":"ListItem","position":2,"name":"Patisserie workshop"}]},{"@type":"WebSite","@id":"https:\/\/lafabriek.fr\/en\/#website","url":"https:\/\/lafabriek.fr\/en\/","name":"LaFabriek","description":"","publisher":{"@id":"https:\/\/lafabriek.fr\/en\/#organization"},"potentialAction":[{"@type":"SearchAction","target":{"@type":"EntryPoint","urlTemplate":"https:\/\/lafabriek.fr\/en\/?s={search_term_string}"},"query-input":{"@type":"PropertyValueSpecification","valueRequired":true,"valueName":"search_term_string"}}],"inLanguage":"en-US"},{"@type":"Organization","@id":"https:\/\/lafabriek.fr\/en\/#organization","name":"LaFabriek","url":"https:\/\/lafabriek.fr\/en\/","logo":{"@type":"ImageObject","inLanguage":"en-US","@id":"https:\/\/lafabriek.fr\/en\/#\/schema\/logo\/image\/","url":"https:\/\/lafabriek.fr\/wp-content\/uploads\/2024\/10\/Color-logo-with-background.png","contentUrl":"https:\/\/lafabriek.fr\/wp-content\/uploads\/2024\/10\/Color-logo-with-background.png","width":3180,"height":950,"caption":"LaFabriek"},"image":{"@id":"https:\/\/lafabriek.fr\/en\/#\/schema\/logo\/image\/"},"sameAs":["https:\/\/www.facebook.com\/LaFabriekCanet\/","https:\/\/instagram.com\/lafabriek_canet"]}]}},"_links":{"self":[{"href":"https:\/\/lafabriek.fr\/en\/wp-json\/wp\/v2\/pages\/747","targetHints":{"allow":["GET"]}}],"collection":[{"href":"https:\/\/lafabriek.fr\/en\/wp-json\/wp\/v2\/pages"}],"about":[{"href":"https:\/\/lafabriek.fr\/en\/wp-json\/wp\/v2\/types\/page"}],"author":[{"embeddable":true,"href":"https:\/\/lafabriek.fr\/en\/wp-json\/wp\/v2\/users\/1"}],"replies":[{"embeddable":true,"href":"https:\/\/lafabriek.fr\/en\/wp-json\/wp\/v2\/comments?post=747"}],"version-history":[{"count":12,"href":"https:\/\/lafabriek.fr\/en\/wp-json\/wp\/v2\/pages\/747\/revisions"}],"predecessor-version":[{"id":968,"href":"https:\/\/lafabriek.fr\/en\/wp-json\/wp\/v2\/pages\/747\/revisions\/968"}],"wp:attachment":[{"href":"https:\/\/lafabriek.fr\/en\/wp-json\/wp\/v2\/media?parent=747"}],"curies":[{"name":"wp","href":"https:\/\/api.w.org\/{rel}","templated":true}]}}